{"id":57,"date":"2022-08-01T19:34:24","date_gmt":"2022-08-01T19:34:24","guid":{"rendered":"https:\/\/50jahrevolleyball.seosystem.de\/?page_id=57"},"modified":"2022-08-03T07:32:17","modified_gmt":"2022-08-03T07:32:17","slug":"chronik","status":"publish","type":"page","link":"https:\/\/50jahrevolleyball.seosystem.de\/index.php\/chronik\/","title":{"rendered":"Die Rede"},"content":{"rendered":"\n<p>Preisfrage ohne Preis: Wann wurde in Rastatt nachweislich zum ersten Mal Volleyball gespielt?<\/p>\n\n\n\n<p>Aufl\u00f6sung:<\/p>\n\n\n\n<figure class=\"wp-block-image size-large\"><a href=\"https:\/\/50jahrevolleyball.seosystem.de\/wp-content\/uploads\/2022\/08\/0-150-Vb-in-Rastatt-1918-scaled.jpg\"><img loading=\"lazy\" width=\"1024\" height=\"826\" src=\"https:\/\/50jahrevolleyball.seosystem.de\/wp-content\/uploads\/2022\/08\/0-150-Vb-in-Rastatt-1918-1024x826.jpg\" alt=\"\" class=\"wp-image-612\" srcset=\"https:\/\/50jahrevolleyball.seosystem.de\/wp-content\/uploads\/2022\/08\/0-150-Vb-in-Rastatt-1918-1024x826.jpg 1024w, https:\/\/50jahrevolleyball.seosystem.de\/wp-content\/uploads\/2022\/08\/0-150-Vb-in-Rastatt-1918-300x242.jpg 300w, https:\/\/50jahrevolleyball.seosystem.de\/wp-content\/uploads\/2022\/08\/0-150-Vb-in-Rastatt-1918-768x619.jpg 768w, https:\/\/50jahrevolleyball.seosystem.de\/wp-content\/uploads\/2022\/08\/0-150-Vb-in-Rastatt-1918-1536x1239.jpg 1536w, https:\/\/50jahrevolleyball.seosystem.de\/wp-content\/uploads\/2022\/08\/0-150-Vb-in-Rastatt-1918-2048x1652.jpg 2048w, https:\/\/50jahrevolleyball.seosystem.de\/wp-content\/uploads\/2022\/08\/0-150-Vb-in-Rastatt-1918-1240x1000.jpg 1240w, https:\/\/50jahrevolleyball.seosystem.de\/wp-content\/uploads\/2022\/08\/0-150-Vb-in-Rastatt-1918-508x410.jpg 508w\" sizes=\"(max-width: 1024px) 100vw, 1024px\" \/><\/a><\/figure>\n\n\n\n<p><strong>Liebe VolleyballerInnen und baller!<\/strong><\/p>\n\n\n\n<p>Herzlich Willkommen zur 50+1 &nbsp;Jahr Feier.Der Volleyballabteilung wurde immer wieder ihr Ende vorausgesagt.Nun, Totgesagte leben offensichtlich l\u00e4nger.<\/p>\n\n\n\n<p>Lasst uns gemeinsam auf die letzten 50 Jahre zur\u00fcckblicken.<\/p>\n\n\n\n<figure class=\"wp-block-image size-large\"><a href=\"https:\/\/50jahrevolleyball.seosystem.de\/wp-content\/uploads\/2022\/08\/1-Abteilungsgruender.jpg\"><img loading=\"lazy\" width=\"1024\" height=\"630\" src=\"https:\/\/50jahrevolleyball.seosystem.de\/wp-content\/uploads\/2022\/08\/1-Abteilungsgruender-1024x630.jpg\" alt=\"\" class=\"wp-image-615\" srcset=\"https:\/\/50jahrevolleyball.seosystem.de\/wp-content\/uploads\/2022\/08\/1-Abteilungsgruender-1024x630.jpg 1024w, https:\/\/50jahrevolleyball.seosystem.de\/wp-content\/uploads\/2022\/08\/1-Abteilungsgruender-300x184.jpg 300w, https:\/\/50jahrevolleyball.seosystem.de\/wp-content\/uploads\/2022\/08\/1-Abteilungsgruender-768x472.jpg 768w, https:\/\/50jahrevolleyball.seosystem.de\/wp-content\/uploads\/2022\/08\/1-Abteilungsgruender-1240x762.jpg 1240w, https:\/\/50jahrevolleyball.seosystem.de\/wp-content\/uploads\/2022\/08\/1-Abteilungsgruender-508x312.jpg 508w, https:\/\/50jahrevolleyball.seosystem.de\/wp-content\/uploads\/2022\/08\/1-Abteilungsgruender.jpg 1467w\" sizes=\"(max-width: 1024px) 100vw, 1024px\" \/><\/a><\/figure>\n\n\n\n<p>Als Manfred Kersten, Lothar Heinrich (verst) und ich anfingen, Vb in Rastatt zu installieren, ahnte keiner, wie &nbsp;rasant die Abteilung wachsen w\u00fcrde.<\/p>\n\n\n\n<p>Viel geholfen hatte uns dabei die Olympiade in M\u00fcnchen 1972.<\/p>\n\n\n\n<p>Trainer waren \u00fcber lange Jahre Manfred Kersten und ich f\u00fcr folgende Teams:<\/p>\n\n\n\n<figure class=\"wp-block-image size-large\"><a href=\"https:\/\/50jahrevolleyball.seosystem.de\/wp-content\/uploads\/2022\/08\/2-Vb-team-1971.jpg\"><img loading=\"lazy\" width=\"1024\" height=\"774\" src=\"https:\/\/50jahrevolleyball.seosystem.de\/wp-content\/uploads\/2022\/08\/2-Vb-team-1971-1024x774.jpg\" alt=\"\" class=\"wp-image-1191\" srcset=\"https:\/\/50jahrevolleyball.seosystem.de\/wp-content\/uploads\/2022\/08\/2-Vb-team-1971-1024x774.jpg 1024w, https:\/\/50jahrevolleyball.seosystem.de\/wp-content\/uploads\/2022\/08\/2-Vb-team-1971-300x227.jpg 300w, https:\/\/50jahrevolleyball.seosystem.de\/wp-content\/uploads\/2022\/08\/2-Vb-team-1971-768x581.jpg 768w, https:\/\/50jahrevolleyball.seosystem.de\/wp-content\/uploads\/2022\/08\/2-Vb-team-1971-1536x1162.jpg 1536w, https:\/\/50jahrevolleyball.seosystem.de\/wp-content\/uploads\/2022\/08\/2-Vb-team-1971-1240x938.jpg 1240w, https:\/\/50jahrevolleyball.seosystem.de\/wp-content\/uploads\/2022\/08\/2-Vb-team-1971-508x384.jpg 508w, https:\/\/50jahrevolleyball.seosystem.de\/wp-content\/uploads\/2022\/08\/2-Vb-team-1971.jpg 1600w\" sizes=\"(max-width: 1024px) 100vw, 1024px\" \/><\/a><figcaption>1971 M\u00e4nnerteam<\/figcaption><\/figure>\n\n\n\n<figure class=\"wp-block-image size-large\"><a href=\"https:\/\/50jahrevolleyball.seosystem.de\/wp-content\/uploads\/2022\/08\/2-bMaenner-1.jpg\"><img loading=\"lazy\" width=\"1024\" height=\"630\" src=\"https:\/\/50jahrevolleyball.seosystem.de\/wp-content\/uploads\/2022\/08\/2-bMaenner-1-1024x630.jpg\" alt=\"\" class=\"wp-image-1190\" srcset=\"https:\/\/50jahrevolleyball.seosystem.de\/wp-content\/uploads\/2022\/08\/2-bMaenner-1-1024x630.jpg 1024w, https:\/\/50jahrevolleyball.seosystem.de\/wp-content\/uploads\/2022\/08\/2-bMaenner-1-300x185.jpg 300w, https:\/\/50jahrevolleyball.seosystem.de\/wp-content\/uploads\/2022\/08\/2-bMaenner-1-768x472.jpg 768w, https:\/\/50jahrevolleyball.seosystem.de\/wp-content\/uploads\/2022\/08\/2-bMaenner-1-1536x945.jpg 1536w, https:\/\/50jahrevolleyball.seosystem.de\/wp-content\/uploads\/2022\/08\/2-bMaenner-1-1240x763.jpg 1240w, https:\/\/50jahrevolleyball.seosystem.de\/wp-content\/uploads\/2022\/08\/2-bMaenner-1-508x312.jpg 508w, https:\/\/50jahrevolleyball.seosystem.de\/wp-content\/uploads\/2022\/08\/2-bMaenner-1.jpg 1600w\" sizes=\"(max-width: 1024px) 100vw, 1024px\" \/><\/a><figcaption>M\u00e4nner<\/figcaption><\/figure>\n\n\n\n<figure class=\"wp-block-image size-large\"><a href=\"https:\/\/50jahrevolleyball.seosystem.de\/wp-content\/uploads\/2022\/08\/3-Damenteam-1972.jpg\"><img loading=\"lazy\" width=\"1024\" height=\"636\" src=\"https:\/\/50jahrevolleyball.seosystem.de\/wp-content\/uploads\/2022\/08\/3-Damenteam-1972-1024x636.jpg\" alt=\"\" class=\"wp-image-1193\" srcset=\"https:\/\/50jahrevolleyball.seosystem.de\/wp-content\/uploads\/2022\/08\/3-Damenteam-1972-1024x636.jpg 1024w, https:\/\/50jahrevolleyball.seosystem.de\/wp-content\/uploads\/2022\/08\/3-Damenteam-1972-300x186.jpg 300w, https:\/\/50jahrevolleyball.seosystem.de\/wp-content\/uploads\/2022\/08\/3-Damenteam-1972-768x477.jpg 768w, https:\/\/50jahrevolleyball.seosystem.de\/wp-content\/uploads\/2022\/08\/3-Damenteam-1972-1536x954.jpg 1536w, https:\/\/50jahrevolleyball.seosystem.de\/wp-content\/uploads\/2022\/08\/3-Damenteam-1972-1240x770.jpg 1240w, https:\/\/50jahrevolleyball.seosystem.de\/wp-content\/uploads\/2022\/08\/3-Damenteam-1972-508x316.jpg 508w, https:\/\/50jahrevolleyball.seosystem.de\/wp-content\/uploads\/2022\/08\/3-Damenteam-1972.jpg 1600w\" sizes=\"(max-width: 1024px) 100vw, 1024px\" \/><\/a><figcaption>1972 Damenteam<\/figcaption><\/figure>\n\n\n\n<figure class=\"wp-block-image size-large\"><a href=\"https:\/\/50jahrevolleyball.seosystem.de\/wp-content\/uploads\/2022\/08\/4-Jugend.jpg\"><img loading=\"lazy\" width=\"1024\" height=\"733\" src=\"https:\/\/50jahrevolleyball.seosystem.de\/wp-content\/uploads\/2022\/08\/4-Jugend-1024x733.jpg\" alt=\"\" class=\"wp-image-1194\" srcset=\"https:\/\/50jahrevolleyball.seosystem.de\/wp-content\/uploads\/2022\/08\/4-Jugend-1024x733.jpg 1024w, https:\/\/50jahrevolleyball.seosystem.de\/wp-content\/uploads\/2022\/08\/4-Jugend-300x215.jpg 300w, https:\/\/50jahrevolleyball.seosystem.de\/wp-content\/uploads\/2022\/08\/4-Jugend-768x550.jpg 768w, https:\/\/50jahrevolleyball.seosystem.de\/wp-content\/uploads\/2022\/08\/4-Jugend-1536x1099.jpg 1536w, https:\/\/50jahrevolleyball.seosystem.de\/wp-content\/uploads\/2022\/08\/4-Jugend-1240x887.jpg 1240w, https:\/\/50jahrevolleyball.seosystem.de\/wp-content\/uploads\/2022\/08\/4-Jugend-508x364.jpg 508w, https:\/\/50jahrevolleyball.seosystem.de\/wp-content\/uploads\/2022\/08\/4-Jugend.jpg 1600w\" sizes=\"(max-width: 1024px) 100vw, 1024px\" \/><\/a><figcaption>1974 Kindertraining (MK)<\/figcaption><\/figure>\n\n\n\n<p>Die Rastatter Amateure bekamen Verst\u00e4rkung durch  &nbsp;\u201eHalbprofi\u201c Jakob W\u00f6lfl, BULI und &nbsp;Nationalspieler,&nbsp;&nbsp;&nbsp;&nbsp;&nbsp;&nbsp;&nbsp;&nbsp; sowie internationalen Flair durch Gerard Gau.<\/p>\n\n\n\n<figure class=\"wp-block-image size-large\"><a href=\"https:\/\/50jahrevolleyball.seosystem.de\/wp-content\/uploads\/2022\/08\/5-Jakob-Pass-BuLiga.jpg\"><img loading=\"lazy\" width=\"1024\" height=\"768\" src=\"https:\/\/50jahrevolleyball.seosystem.de\/wp-content\/uploads\/2022\/08\/5-Jakob-Pass-BuLiga-1024x768.jpg\" alt=\"\" class=\"wp-image-1196\" srcset=\"https:\/\/50jahrevolleyball.seosystem.de\/wp-content\/uploads\/2022\/08\/5-Jakob-Pass-BuLiga-1024x768.jpg 1024w, https:\/\/50jahrevolleyball.seosystem.de\/wp-content\/uploads\/2022\/08\/5-Jakob-Pass-BuLiga-300x225.jpg 300w, https:\/\/50jahrevolleyball.seosystem.de\/wp-content\/uploads\/2022\/08\/5-Jakob-Pass-BuLiga-768x576.jpg 768w, https:\/\/50jahrevolleyball.seosystem.de\/wp-content\/uploads\/2022\/08\/5-Jakob-Pass-BuLiga-1536x1152.jpg 1536w, https:\/\/50jahrevolleyball.seosystem.de\/wp-content\/uploads\/2022\/08\/5-Jakob-Pass-BuLiga-1240x930.jpg 1240w, https:\/\/50jahrevolleyball.seosystem.de\/wp-content\/uploads\/2022\/08\/5-Jakob-Pass-BuLiga-508x381.jpg 508w, https:\/\/50jahrevolleyball.seosystem.de\/wp-content\/uploads\/2022\/08\/5-Jakob-Pass-BuLiga.jpg 1600w\" sizes=\"(max-width: 1024px) 100vw, 1024px\" \/><\/a><figcaption>Jakob W\u00f6lfl<\/figcaption><\/figure>\n\n\n\n<figure class=\"wp-block-image size-large\"><a href=\"https:\/\/50jahrevolleyball.seosystem.de\/wp-content\/uploads\/2022\/08\/6-Gerard.jpg\"><img loading=\"lazy\" width=\"1024\" height=\"768\" src=\"https:\/\/50jahrevolleyball.seosystem.de\/wp-content\/uploads\/2022\/08\/6-Gerard-1024x768.jpg\" alt=\"\" class=\"wp-image-1198\" srcset=\"https:\/\/50jahrevolleyball.seosystem.de\/wp-content\/uploads\/2022\/08\/6-Gerard-1024x768.jpg 1024w, https:\/\/50jahrevolleyball.seosystem.de\/wp-content\/uploads\/2022\/08\/6-Gerard-300x225.jpg 300w, https:\/\/50jahrevolleyball.seosystem.de\/wp-content\/uploads\/2022\/08\/6-Gerard-768x576.jpg 768w, https:\/\/50jahrevolleyball.seosystem.de\/wp-content\/uploads\/2022\/08\/6-Gerard-1536x1152.jpg 1536w, https:\/\/50jahrevolleyball.seosystem.de\/wp-content\/uploads\/2022\/08\/6-Gerard-1240x930.jpg 1240w, https:\/\/50jahrevolleyball.seosystem.de\/wp-content\/uploads\/2022\/08\/6-Gerard-508x381.jpg 508w, https:\/\/50jahrevolleyball.seosystem.de\/wp-content\/uploads\/2022\/08\/6-Gerard.jpg 1600w\" sizes=\"(max-width: 1024px) 100vw, 1024px\" \/><\/a><figcaption>Gerard Gau<\/figcaption><\/figure>\n\n\n\n<p>Rasch folgte die Bildung von 2. Mannschaften. <\/p>\n\n\n\n<figure class=\"wp-block-image size-large\"><a href=\"https:\/\/50jahrevolleyball.seosystem.de\/wp-content\/uploads\/2022\/08\/8-1-Damen-2.jpg\"><img loading=\"lazy\" width=\"1024\" height=\"787\" src=\"https:\/\/50jahrevolleyball.seosystem.de\/wp-content\/uploads\/2022\/08\/8-1-Damen-2-1024x787.jpg\" alt=\"\" class=\"wp-image-1199\" srcset=\"https:\/\/50jahrevolleyball.seosystem.de\/wp-content\/uploads\/2022\/08\/8-1-Damen-2-1024x787.jpg 1024w, https:\/\/50jahrevolleyball.seosystem.de\/wp-content\/uploads\/2022\/08\/8-1-Damen-2-300x230.jpg 300w, https:\/\/50jahrevolleyball.seosystem.de\/wp-content\/uploads\/2022\/08\/8-1-Damen-2-768x590.jpg 768w, https:\/\/50jahrevolleyball.seosystem.de\/wp-content\/uploads\/2022\/08\/8-1-Damen-2-1536x1180.jpg 1536w, https:\/\/50jahrevolleyball.seosystem.de\/wp-content\/uploads\/2022\/08\/8-1-Damen-2-1240x952.jpg 1240w, https:\/\/50jahrevolleyball.seosystem.de\/wp-content\/uploads\/2022\/08\/8-1-Damen-2-508x390.jpg 508w, https:\/\/50jahrevolleyball.seosystem.de\/wp-content\/uploads\/2022\/08\/8-1-Damen-2.jpg 1600w\" sizes=\"(max-width: 1024px) 100vw, 1024px\" \/><\/a><figcaption>weitere Damen-Mannschaft<\/figcaption><\/figure>\n\n\n\n<p>Ein Aufstieg folgte dem anderen&#8230;<\/p>\n\n\n\n<figure class=\"wp-block-image size-large\"><a href=\"https:\/\/50jahrevolleyball.seosystem.de\/wp-content\/uploads\/2022\/08\/11-Damen-2.jpg\"><img loading=\"lazy\" width=\"1024\" height=\"806\" src=\"https:\/\/50jahrevolleyball.seosystem.de\/wp-content\/uploads\/2022\/08\/11-Damen-2-1024x806.jpg\" alt=\"\" class=\"wp-image-1200\" srcset=\"https:\/\/50jahrevolleyball.seosystem.de\/wp-content\/uploads\/2022\/08\/11-Damen-2-1024x806.jpg 1024w, https:\/\/50jahrevolleyball.seosystem.de\/wp-content\/uploads\/2022\/08\/11-Damen-2-300x236.jpg 300w, https:\/\/50jahrevolleyball.seosystem.de\/wp-content\/uploads\/2022\/08\/11-Damen-2-768x604.jpg 768w, https:\/\/50jahrevolleyball.seosystem.de\/wp-content\/uploads\/2022\/08\/11-Damen-2-1536x1209.jpg 1536w, https:\/\/50jahrevolleyball.seosystem.de\/wp-content\/uploads\/2022\/08\/11-Damen-2-1240x976.jpg 1240w, https:\/\/50jahrevolleyball.seosystem.de\/wp-content\/uploads\/2022\/08\/11-Damen-2-508x400.jpg 508w, https:\/\/50jahrevolleyball.seosystem.de\/wp-content\/uploads\/2022\/08\/11-Damen-2.jpg 1600w\" sizes=\"(max-width: 1024px) 100vw, 1024px\" \/><\/a><figcaption>Aufstieg Damen<\/figcaption><\/figure>\n\n\n\n<figure class=\"wp-block-image size-large\"><a href=\"https:\/\/50jahrevolleyball.seosystem.de\/wp-content\/uploads\/2022\/08\/12.jpg\"><img loading=\"lazy\" width=\"1024\" height=\"670\" src=\"https:\/\/50jahrevolleyball.seosystem.de\/wp-content\/uploads\/2022\/08\/12-1024x670.jpg\" alt=\"\" class=\"wp-image-1201\" srcset=\"https:\/\/50jahrevolleyball.seosystem.de\/wp-content\/uploads\/2022\/08\/12-1024x670.jpg 1024w, https:\/\/50jahrevolleyball.seosystem.de\/wp-content\/uploads\/2022\/08\/12-300x196.jpg 300w, https:\/\/50jahrevolleyball.seosystem.de\/wp-content\/uploads\/2022\/08\/12-768x503.jpg 768w, https:\/\/50jahrevolleyball.seosystem.de\/wp-content\/uploads\/2022\/08\/12-1536x1005.jpg 1536w, https:\/\/50jahrevolleyball.seosystem.de\/wp-content\/uploads\/2022\/08\/12-1240x811.jpg 1240w, https:\/\/50jahrevolleyball.seosystem.de\/wp-content\/uploads\/2022\/08\/12-508x332.jpg 508w, https:\/\/50jahrevolleyball.seosystem.de\/wp-content\/uploads\/2022\/08\/12.jpg 1600w\" sizes=\"(max-width: 1024px) 100vw, 1024px\" \/><\/a><figcaption>Aufstieg Damen<\/figcaption><\/figure>\n\n\n\n<p>Die Sporthalle der Max-J\u00e4ger-Schule war von Anfang an viel zu klein, Trainingszeiten rar. <a>@Bild 13&nbsp; &nbsp;&nbsp;<\/a>F\u00fcr die Heimspiele mussten wir in die LWG Halle ausweichen, Rastatt hatte und hat bis heut keine f\u00fcr Zuschauer geeignete Sporthalle.<\/p>\n\n\n\n<figure class=\"wp-block-image size-large\"><a href=\"https:\/\/50jahrevolleyball.seosystem.de\/wp-content\/uploads\/2022\/08\/13.jpg\"><img loading=\"lazy\" width=\"1024\" height=\"683\" src=\"https:\/\/50jahrevolleyball.seosystem.de\/wp-content\/uploads\/2022\/08\/13-1024x683.jpg\" alt=\"\" class=\"wp-image-1202\" srcset=\"https:\/\/50jahrevolleyball.seosystem.de\/wp-content\/uploads\/2022\/08\/13-1024x683.jpg 1024w, https:\/\/50jahrevolleyball.seosystem.de\/wp-content\/uploads\/2022\/08\/13-300x200.jpg 300w, https:\/\/50jahrevolleyball.seosystem.de\/wp-content\/uploads\/2022\/08\/13-768x512.jpg 768w, https:\/\/50jahrevolleyball.seosystem.de\/wp-content\/uploads\/2022\/08\/13-1536x1024.jpg 1536w, https:\/\/50jahrevolleyball.seosystem.de\/wp-content\/uploads\/2022\/08\/13-1240x827.jpg 1240w, https:\/\/50jahrevolleyball.seosystem.de\/wp-content\/uploads\/2022\/08\/13-508x339.jpg 508w, https:\/\/50jahrevolleyball.seosystem.de\/wp-content\/uploads\/2022\/08\/13.jpg 1600w\" sizes=\"(max-width: 1024px) 100vw, 1024px\" \/><\/a><figcaption>Heimspiel LWG-Halle<\/figcaption><\/figure>\n\n\n\n<p>Von Anfang an zeigten wir viel au\u00dfersportliches Engagement:  mit Ausfl\u00fcgen, Beteiligung an vielen Stadtfesten, die legend\u00e4re \u201eSchaumkuss -Mohrenkopfschleuder\u201c von J\u00fcrgen Ruppert, Historisches Stadtfest, Unz\u00e4hlige Sommerfeste, Weihnachtsturniere u.v.m.<\/p>\n\n\n\n<figure class=\"wp-container-2 wp-block-gallery-1 wp-block-gallery has-nested-images columns-default is-cropped\">\n<figure class=\"wp-block-image size-large\"><a href=\"https:\/\/50jahrevolleyball.seosystem.de\/wp-content\/uploads\/2022\/08\/14-0-Ausflug.jpg\"><img loading=\"lazy\" width=\"1024\" height=\"671\" data-id=\"1209\"  src=\"https:\/\/50jahrevolleyball.seosystem.de\/wp-content\/uploads\/2022\/08\/14-0-Ausflug-1024x671.jpg\" alt=\"\" class=\"wp-image-1209\" srcset=\"https:\/\/50jahrevolleyball.seosystem.de\/wp-content\/uploads\/2022\/08\/14-0-Ausflug-1024x671.jpg 1024w, https:\/\/50jahrevolleyball.seosystem.de\/wp-content\/uploads\/2022\/08\/14-0-Ausflug-300x197.jpg 300w, https:\/\/50jahrevolleyball.seosystem.de\/wp-content\/uploads\/2022\/08\/14-0-Ausflug-768x503.jpg 768w, https:\/\/50jahrevolleyball.seosystem.de\/wp-content\/uploads\/2022\/08\/14-0-Ausflug-1536x1006.jpg 1536w, https:\/\/50jahrevolleyball.seosystem.de\/wp-content\/uploads\/2022\/08\/14-0-Ausflug-1240x812.jpg 1240w, https:\/\/50jahrevolleyball.seosystem.de\/wp-content\/uploads\/2022\/08\/14-0-Ausflug-508x333.jpg 508w, https:\/\/50jahrevolleyball.seosystem.de\/wp-content\/uploads\/2022\/08\/14-0-Ausflug.jpg 1600w\" sizes=\"(max-width: 1024px) 100vw, 1024px\" \/><\/a><\/figure>\n\n\n\n<figure class=\"wp-block-image size-large\"><a href=\"https:\/\/50jahrevolleyball.seosystem.de\/wp-content\/uploads\/2022\/08\/14-1-Stadtfest.jpg\"><img loading=\"lazy\" width=\"1024\" height=\"746\" data-id=\"1207\"  src=\"https:\/\/50jahrevolleyball.seosystem.de\/wp-content\/uploads\/2022\/08\/14-1-Stadtfest-1024x746.jpg\" alt=\"\" class=\"wp-image-1207\" srcset=\"https:\/\/50jahrevolleyball.seosystem.de\/wp-content\/uploads\/2022\/08\/14-1-Stadtfest-1024x746.jpg 1024w, https:\/\/50jahrevolleyball.seosystem.de\/wp-content\/uploads\/2022\/08\/14-1-Stadtfest-300x218.jpg 300w, https:\/\/50jahrevolleyball.seosystem.de\/wp-content\/uploads\/2022\/08\/14-1-Stadtfest-768x559.jpg 768w, https:\/\/50jahrevolleyball.seosystem.de\/wp-content\/uploads\/2022\/08\/14-1-Stadtfest-1536x1118.jpg 1536w, https:\/\/50jahrevolleyball.seosystem.de\/wp-content\/uploads\/2022\/08\/14-1-Stadtfest-1240x903.jpg 1240w, https:\/\/50jahrevolleyball.seosystem.de\/wp-content\/uploads\/2022\/08\/14-1-Stadtfest-508x370.jpg 508w, https:\/\/50jahrevolleyball.seosystem.de\/wp-content\/uploads\/2022\/08\/14-1-Stadtfest.jpg 1600w\" sizes=\"(max-width: 1024px) 100vw, 1024px\" \/><\/a><\/figure>\n\n\n\n<figure class=\"wp-block-image size-large\"><a href=\"https:\/\/50jahrevolleyball.seosystem.de\/wp-content\/uploads\/2022\/08\/14-2-Mohrenkopf.jpg\"><img loading=\"lazy\" width=\"1024\" height=\"589\" data-id=\"1208\"  src=\"https:\/\/50jahrevolleyball.seosystem.de\/wp-content\/uploads\/2022\/08\/14-2-Mohrenkopf-1024x589.jpg\" alt=\"\" class=\"wp-image-1208\" srcset=\"https:\/\/50jahrevolleyball.seosystem.de\/wp-content\/uploads\/2022\/08\/14-2-Mohrenkopf-1024x589.jpg 1024w, https:\/\/50jahrevolleyball.seosystem.de\/wp-content\/uploads\/2022\/08\/14-2-Mohrenkopf-300x173.jpg 300w, https:\/\/50jahrevolleyball.seosystem.de\/wp-content\/uploads\/2022\/08\/14-2-Mohrenkopf-768x442.jpg 768w, https:\/\/50jahrevolleyball.seosystem.de\/wp-content\/uploads\/2022\/08\/14-2-Mohrenkopf-1536x883.jpg 1536w, https:\/\/50jahrevolleyball.seosystem.de\/wp-content\/uploads\/2022\/08\/14-2-Mohrenkopf-1240x713.jpg 1240w, https:\/\/50jahrevolleyball.seosystem.de\/wp-content\/uploads\/2022\/08\/14-2-Mohrenkopf-508x292.jpg 508w, https:\/\/50jahrevolleyball.seosystem.de\/wp-content\/uploads\/2022\/08\/14-2-Mohrenkopf.jpg 1600w\" sizes=\"(max-width: 1024px) 100vw, 1024px\" \/><\/a><\/figure>\n\n\n\n<figure class=\"wp-block-image size-large\"><a href=\"https:\/\/50jahrevolleyball.seosystem.de\/wp-content\/uploads\/2022\/08\/14-3-Historisches-Stadtfest-2009.jpg\"><img loading=\"lazy\" width=\"1024\" height=\"684\" data-id=\"1210\"  src=\"https:\/\/50jahrevolleyball.seosystem.de\/wp-content\/uploads\/2022\/08\/14-3-Historisches-Stadtfest-2009-1024x684.jpg\" alt=\"\" class=\"wp-image-1210\" srcset=\"https:\/\/50jahrevolleyball.seosystem.de\/wp-content\/uploads\/2022\/08\/14-3-Historisches-Stadtfest-2009-1024x684.jpg 1024w, https:\/\/50jahrevolleyball.seosystem.de\/wp-content\/uploads\/2022\/08\/14-3-Historisches-Stadtfest-2009-300x200.jpg 300w, https:\/\/50jahrevolleyball.seosystem.de\/wp-content\/uploads\/2022\/08\/14-3-Historisches-Stadtfest-2009-768x513.jpg 768w, https:\/\/50jahrevolleyball.seosystem.de\/wp-content\/uploads\/2022\/08\/14-3-Historisches-Stadtfest-2009-1536x1025.jpg 1536w, https:\/\/50jahrevolleyball.seosystem.de\/wp-content\/uploads\/2022\/08\/14-3-Historisches-Stadtfest-2009-1240x828.jpg 1240w, https:\/\/50jahrevolleyball.seosystem.de\/wp-content\/uploads\/2022\/08\/14-3-Historisches-Stadtfest-2009-508x339.jpg 508w, https:\/\/50jahrevolleyball.seosystem.de\/wp-content\/uploads\/2022\/08\/14-3-Historisches-Stadtfest-2009.jpg 1600w\" sizes=\"(max-width: 1024px) 100vw, 1024px\" \/><\/a><\/figure>\n<\/figure>\n\n\n\n<p><\/p>\n\n\n\n<p><\/p>\n\n\n\n<p><strong><u>Wir empfanden uns als eine Vb Familie<\/u><\/strong><\/p>\n\n\n\n<p>Und, wie es so ist bei Familien \u2013 hatten wir auch Meinungsunterschiede.<\/p>\n\n\n\n<p>Wie lang gewandert wird, wie oft wie hart trainiert werden soll, wer spielt in welcher Mannschaft, oder will \u00fcberhaupt noch, Leistungs- oder eher Freizeitsport, Engagement in der Abteilung \u2026<\/p>\n\n\n\n<p>Die Folge davon: Neuaufteilung der Trainingsgruppen und Mannschaften<\/p>\n\n\n\n<p>Bald gab es:<\/p>\n\n\n\n<ul><li>Aktive Mannschaften&nbsp;<\/li><li>Die Hobbygruppe&nbsp; &nbsp;&nbsp;&nbsp;&nbsp;1978<\/li><li>Seniorenteams &nbsp;&nbsp;1978&nbsp;&nbsp;&nbsp;&nbsp;&nbsp;<\/li><\/ul>\n\n\n\n<p>1983 Umzug in die Hans-Thoma-Halle \u2013 AF &#8211; TG &#8211; LWG 1986 Einzug in die 3 Felder HLA<\/p>\n\n\n\n<p><strong><u>Wie es in den einzelnen Gruppen weiterging?<\/u><\/strong><\/p>\n\n\n\n<p>Nun, das \u00fcbliche Auf und Ab.<\/p>\n\n\n\n<p>Diejenigen Trainer, Helfer, Mitspieler\u2026 &nbsp;die in der Folge nicht genannt werden, m\u00f6gen mir das verzeihen. Es waren viele, gef\u00fchlt doch immer zu wenige, welche die Abt. am Leben erhielten, wiederbelebten, neues aufbauten, weiterentwickelten<\/p>\n\n\n\n<p>Nur wenig Wechsel gab es \u00fcber die Jahre es bei der Abteilungsf\u00fchrung. Aus anf\u00e4nglich 40 Mitgliedern wurden dann im Schnitt ca. 120<\/p>\n\n\n\n<figure class=\"wp-block-image size-large\"><a href=\"https:\/\/50jahrevolleyball.seosystem.de\/wp-content\/uploads\/2022\/08\/16-Abtleitung-Uebersicht-Mitglieder.jpg\"><img loading=\"lazy\" width=\"1024\" height=\"768\" src=\"https:\/\/50jahrevolleyball.seosystem.de\/wp-content\/uploads\/2022\/08\/16-Abtleitung-Uebersicht-Mitglieder-1024x768.jpg\" alt=\"\" class=\"wp-image-1211\" srcset=\"https:\/\/50jahrevolleyball.seosystem.de\/wp-content\/uploads\/2022\/08\/16-Abtleitung-Uebersicht-Mitglieder-1024x768.jpg 1024w, https:\/\/50jahrevolleyball.seosystem.de\/wp-content\/uploads\/2022\/08\/16-Abtleitung-Uebersicht-Mitglieder-300x225.jpg 300w, https:\/\/50jahrevolleyball.seosystem.de\/wp-content\/uploads\/2022\/08\/16-Abtleitung-Uebersicht-Mitglieder-768x576.jpg 768w, https:\/\/50jahrevolleyball.seosystem.de\/wp-content\/uploads\/2022\/08\/16-Abtleitung-Uebersicht-Mitglieder-1536x1152.jpg 1536w, https:\/\/50jahrevolleyball.seosystem.de\/wp-content\/uploads\/2022\/08\/16-Abtleitung-Uebersicht-Mitglieder-1240x930.jpg 1240w, https:\/\/50jahrevolleyball.seosystem.de\/wp-content\/uploads\/2022\/08\/16-Abtleitung-Uebersicht-Mitglieder-508x381.jpg 508w, https:\/\/50jahrevolleyball.seosystem.de\/wp-content\/uploads\/2022\/08\/16-Abtleitung-Uebersicht-Mitglieder.jpg 1600w\" sizes=\"(max-width: 1024px) 100vw, 1024px\" \/><\/a><\/figure>\n\n\n\n<p><\/p>\n\n\n\n<p><\/p>\n\n\n\n<p><strong><u>Damen<\/u><\/strong><\/p>\n\n\n\n<p>Von 1972 \u2013 77 &nbsp;&nbsp;hatten wir zeitweilig 3 Frauenmannschaften<\/p>\n\n\n\n<p>Unsere 1. Mannschaft spielte lange Jahre in der Verbandsliga.<\/p>\n\n\n\n<figure class=\"wp-container-4 wp-block-gallery-3 wp-block-gallery has-nested-images columns-default is-cropped\">\n<figure class=\"wp-block-image size-large\"><a href=\"https:\/\/50jahrevolleyball.seosystem.de\/wp-content\/uploads\/2022\/08\/17-Damen-ca-1981.jpg\"><img loading=\"lazy\" width=\"1024\" height=\"559\" data-id=\"1212\"  src=\"https:\/\/50jahrevolleyball.seosystem.de\/wp-content\/uploads\/2022\/08\/17-Damen-ca-1981-1024x559.jpg\" alt=\"\" class=\"wp-image-1212\" srcset=\"https:\/\/50jahrevolleyball.seosystem.de\/wp-content\/uploads\/2022\/08\/17-Damen-ca-1981-1024x559.jpg 1024w, https:\/\/50jahrevolleyball.seosystem.de\/wp-content\/uploads\/2022\/08\/17-Damen-ca-1981-300x164.jpg 300w, https:\/\/50jahrevolleyball.seosystem.de\/wp-content\/uploads\/2022\/08\/17-Damen-ca-1981-768x420.jpg 768w, https:\/\/50jahrevolleyball.seosystem.de\/wp-content\/uploads\/2022\/08\/17-Damen-ca-1981-1536x839.jpg 1536w, https:\/\/50jahrevolleyball.seosystem.de\/wp-content\/uploads\/2022\/08\/17-Damen-ca-1981-1240x677.jpg 1240w, https:\/\/50jahrevolleyball.seosystem.de\/wp-content\/uploads\/2022\/08\/17-Damen-ca-1981-508x277.jpg 508w, https:\/\/50jahrevolleyball.seosystem.de\/wp-content\/uploads\/2022\/08\/17-Damen-ca-1981.jpg 1600w\" sizes=\"(max-width: 1024px) 100vw, 1024px\" \/><\/a><\/figure>\n\n\n\n<figure class=\"wp-block-image size-large\"><a href=\"https:\/\/50jahrevolleyball.seosystem.de\/wp-content\/uploads\/2022\/08\/18-2-Damen-2.jpg\"><img loading=\"lazy\" width=\"1024\" height=\"1009\" data-id=\"1213\"  src=\"https:\/\/50jahrevolleyball.seosystem.de\/wp-content\/uploads\/2022\/08\/18-2-Damen-2-1024x1009.jpg\" alt=\"\" class=\"wp-image-1213\" srcset=\"https:\/\/50jahrevolleyball.seosystem.de\/wp-content\/uploads\/2022\/08\/18-2-Damen-2-1024x1009.jpg 1024w, https:\/\/50jahrevolleyball.seosystem.de\/wp-content\/uploads\/2022\/08\/18-2-Damen-2-300x296.jpg 300w, https:\/\/50jahrevolleyball.seosystem.de\/wp-content\/uploads\/2022\/08\/18-2-Damen-2-768x756.jpg 768w, https:\/\/50jahrevolleyball.seosystem.de\/wp-content\/uploads\/2022\/08\/18-2-Damen-2-1536x1513.jpg 1536w, https:\/\/50jahrevolleyball.seosystem.de\/wp-content\/uploads\/2022\/08\/18-2-Damen-2-1240x1221.jpg 1240w, https:\/\/50jahrevolleyball.seosystem.de\/wp-content\/uploads\/2022\/08\/18-2-Damen-2-508x500.jpg 508w, https:\/\/50jahrevolleyball.seosystem.de\/wp-content\/uploads\/2022\/08\/18-2-Damen-2.jpg 1600w\" sizes=\"(max-width: 1024px) 100vw, 1024px\" \/><\/a><\/figure>\n\n\n\n<figure class=\"wp-block-image size-large\"><a href=\"https:\/\/50jahrevolleyball.seosystem.de\/wp-content\/uploads\/2022\/08\/19-1-Frauen-1985.jpg\"><img loading=\"lazy\" width=\"683\" height=\"1024\" data-id=\"1215\"  src=\"https:\/\/50jahrevolleyball.seosystem.de\/wp-content\/uploads\/2022\/08\/19-1-Frauen-1985-683x1024.jpg\" alt=\"\" class=\"wp-image-1215\" srcset=\"https:\/\/50jahrevolleyball.seosystem.de\/wp-content\/uploads\/2022\/08\/19-1-Frauen-1985-683x1024.jpg 683w, https:\/\/50jahrevolleyball.seosystem.de\/wp-content\/uploads\/2022\/08\/19-1-Frauen-1985-200x300.jpg 200w, https:\/\/50jahrevolleyball.seosystem.de\/wp-content\/uploads\/2022\/08\/19-1-Frauen-1985-768x1152.jpg 768w, https:\/\/50jahrevolleyball.seosystem.de\/wp-content\/uploads\/2022\/08\/19-1-Frauen-1985-1024x1536.jpg 1024w, https:\/\/50jahrevolleyball.seosystem.de\/wp-content\/uploads\/2022\/08\/19-1-Frauen-1985-1365x2048.jpg 1365w, https:\/\/50jahrevolleyball.seosystem.de\/wp-content\/uploads\/2022\/08\/19-1-Frauen-1985-1240x1860.jpg 1240w, https:\/\/50jahrevolleyball.seosystem.de\/wp-content\/uploads\/2022\/08\/19-1-Frauen-1985-508x762.jpg 508w, https:\/\/50jahrevolleyball.seosystem.de\/wp-content\/uploads\/2022\/08\/19-1-Frauen-1985.jpg 1600w\" sizes=\"(max-width: 683px) 100vw, 683px\" \/><\/a><\/figure>\n\n\n\n<figure class=\"wp-block-image size-large\"><a href=\"https:\/\/50jahrevolleyball.seosystem.de\/wp-content\/uploads\/2022\/08\/19-2-Jugend-1988-Thomas-FritzMaedchen-1998-2.jpg\"><img loading=\"lazy\" width=\"1024\" height=\"811\" data-id=\"1214\"  src=\"https:\/\/50jahrevolleyball.seosystem.de\/wp-content\/uploads\/2022\/08\/19-2-Jugend-1988-Thomas-FritzMaedchen-1998-2-1024x811.jpg\" alt=\"\" class=\"wp-image-1214\" srcset=\"https:\/\/50jahrevolleyball.seosystem.de\/wp-content\/uploads\/2022\/08\/19-2-Jugend-1988-Thomas-FritzMaedchen-1998-2-1024x811.jpg 1024w, https:\/\/50jahrevolleyball.seosystem.de\/wp-content\/uploads\/2022\/08\/19-2-Jugend-1988-Thomas-FritzMaedchen-1998-2-300x238.jpg 300w, https:\/\/50jahrevolleyball.seosystem.de\/wp-content\/uploads\/2022\/08\/19-2-Jugend-1988-Thomas-FritzMaedchen-1998-2-768x608.jpg 768w, https:\/\/50jahrevolleyball.seosystem.de\/wp-content\/uploads\/2022\/08\/19-2-Jugend-1988-Thomas-FritzMaedchen-1998-2-1536x1216.jpg 1536w, https:\/\/50jahrevolleyball.seosystem.de\/wp-content\/uploads\/2022\/08\/19-2-Jugend-1988-Thomas-FritzMaedchen-1998-2-1240x982.jpg 1240w, https:\/\/50jahrevolleyball.seosystem.de\/wp-content\/uploads\/2022\/08\/19-2-Jugend-1988-Thomas-FritzMaedchen-1998-2-508x402.jpg 508w, https:\/\/50jahrevolleyball.seosystem.de\/wp-content\/uploads\/2022\/08\/19-2-Jugend-1988-Thomas-FritzMaedchen-1998-2.jpg 1600w\" sizes=\"(max-width: 1024px) 100vw, 1024px\" \/><\/a><\/figure>\n<\/figure>\n\n\n\n<p>1978 kriselte es.<\/p>\n\n\n\n<p>Monika Merkle,&nbsp;&nbsp;Bettina Schmidt und Manfred Kersten hielten die Resttruppe \u00fcber Wasser.<\/p>\n\n\n\n<figure class=\"wp-block-image size-large\"><a href=\"https:\/\/50jahrevolleyball.seosystem.de\/wp-content\/uploads\/2022\/08\/19-3-Monika-Merkle.jpg\"><img loading=\"lazy\" width=\"1024\" height=\"796\" src=\"https:\/\/50jahrevolleyball.seosystem.de\/wp-content\/uploads\/2022\/08\/19-3-Monika-Merkle-1024x796.jpg\" alt=\"\" class=\"wp-image-1218\" srcset=\"https:\/\/50jahrevolleyball.seosystem.de\/wp-content\/uploads\/2022\/08\/19-3-Monika-Merkle-1024x796.jpg 1024w, https:\/\/50jahrevolleyball.seosystem.de\/wp-content\/uploads\/2022\/08\/19-3-Monika-Merkle-300x233.jpg 300w, https:\/\/50jahrevolleyball.seosystem.de\/wp-content\/uploads\/2022\/08\/19-3-Monika-Merkle-768x597.jpg 768w, https:\/\/50jahrevolleyball.seosystem.de\/wp-content\/uploads\/2022\/08\/19-3-Monika-Merkle-1536x1193.jpg 1536w, https:\/\/50jahrevolleyball.seosystem.de\/wp-content\/uploads\/2022\/08\/19-3-Monika-Merkle-1240x963.jpg 1240w, https:\/\/50jahrevolleyball.seosystem.de\/wp-content\/uploads\/2022\/08\/19-3-Monika-Merkle-508x395.jpg 508w, https:\/\/50jahrevolleyball.seosystem.de\/wp-content\/uploads\/2022\/08\/19-3-Monika-Merkle.jpg 1600w\" sizes=\"(max-width: 1024px) 100vw, 1024px\" \/><\/a><figcaption>Monika Merkle<\/figcaption><\/figure>\n\n\n\n<figure class=\"wp-block-image size-large\"><a href=\"https:\/\/50jahrevolleyball.seosystem.de\/wp-content\/uploads\/2022\/08\/19-4Betti-Eva.jpg\"><img loading=\"lazy\" width=\"1024\" height=\"850\" src=\"https:\/\/50jahrevolleyball.seosystem.de\/wp-content\/uploads\/2022\/08\/19-4Betti-Eva-1024x850.jpg\" alt=\"\" class=\"wp-image-1219\" srcset=\"https:\/\/50jahrevolleyball.seosystem.de\/wp-content\/uploads\/2022\/08\/19-4Betti-Eva-1024x850.jpg 1024w, https:\/\/50jahrevolleyball.seosystem.de\/wp-content\/uploads\/2022\/08\/19-4Betti-Eva-300x249.jpg 300w, https:\/\/50jahrevolleyball.seosystem.de\/wp-content\/uploads\/2022\/08\/19-4Betti-Eva-768x637.jpg 768w, https:\/\/50jahrevolleyball.seosystem.de\/wp-content\/uploads\/2022\/08\/19-4Betti-Eva-1536x1275.jpg 1536w, https:\/\/50jahrevolleyball.seosystem.de\/wp-content\/uploads\/2022\/08\/19-4Betti-Eva-1240x1029.jpg 1240w, https:\/\/50jahrevolleyball.seosystem.de\/wp-content\/uploads\/2022\/08\/19-4Betti-Eva-508x422.jpg 508w, https:\/\/50jahrevolleyball.seosystem.de\/wp-content\/uploads\/2022\/08\/19-4Betti-Eva.jpg 1600w\" sizes=\"(max-width: 1024px) 100vw, 1024px\" \/><\/a><figcaption>Bettina Schmidt<\/figcaption><\/figure>\n\n\n\n<p>Zum Neuaufbau ab ca. 1980 stiegen Antja Frey (Forcher) und kurz darauf Frank Forcher ins Frauen- bzw. M\u00e4dchentraining ein.<\/p>\n\n\n\n<figure class=\"wp-container-6 wp-block-gallery-5 wp-block-gallery has-nested-images columns-default is-cropped\">\n<figure class=\"wp-block-image size-large\"><a href=\"https:\/\/50jahrevolleyball.seosystem.de\/wp-content\/uploads\/2022\/08\/20-Antja.jpg\"><img loading=\"lazy\" width=\"1024\" height=\"694\" data-id=\"1220\"  src=\"https:\/\/50jahrevolleyball.seosystem.de\/wp-content\/uploads\/2022\/08\/20-Antja-1024x694.jpg\" alt=\"\" class=\"wp-image-1220\" srcset=\"https:\/\/50jahrevolleyball.seosystem.de\/wp-content\/uploads\/2022\/08\/20-Antja-1024x694.jpg 1024w, https:\/\/50jahrevolleyball.seosystem.de\/wp-content\/uploads\/2022\/08\/20-Antja-300x203.jpg 300w, https:\/\/50jahrevolleyball.seosystem.de\/wp-content\/uploads\/2022\/08\/20-Antja-768x521.jpg 768w, https:\/\/50jahrevolleyball.seosystem.de\/wp-content\/uploads\/2022\/08\/20-Antja-1536x1042.jpg 1536w, https:\/\/50jahrevolleyball.seosystem.de\/wp-content\/uploads\/2022\/08\/20-Antja-1240x841.jpg 1240w, https:\/\/50jahrevolleyball.seosystem.de\/wp-content\/uploads\/2022\/08\/20-Antja-508x344.jpg 508w, https:\/\/50jahrevolleyball.seosystem.de\/wp-content\/uploads\/2022\/08\/20-Antja.jpg 1600w\" sizes=\"(max-width: 1024px) 100vw, 1024px\" \/><\/a><\/figure>\n\n\n\n<figure class=\"wp-block-image size-large\"><a href=\"https:\/\/50jahrevolleyball.seosystem.de\/wp-content\/uploads\/2022\/08\/21-B-Jugend-w-1988.jpg\"><img loading=\"lazy\" width=\"1024\" height=\"710\" data-id=\"1221\"  src=\"https:\/\/50jahrevolleyball.seosystem.de\/wp-content\/uploads\/2022\/08\/21-B-Jugend-w-1988-1024x710.jpg\" alt=\"\" class=\"wp-image-1221\" srcset=\"https:\/\/50jahrevolleyball.seosystem.de\/wp-content\/uploads\/2022\/08\/21-B-Jugend-w-1988-1024x710.jpg 1024w, https:\/\/50jahrevolleyball.seosystem.de\/wp-content\/uploads\/2022\/08\/21-B-Jugend-w-1988-300x208.jpg 300w, https:\/\/50jahrevolleyball.seosystem.de\/wp-content\/uploads\/2022\/08\/21-B-Jugend-w-1988-768x533.jpg 768w, https:\/\/50jahrevolleyball.seosystem.de\/wp-content\/uploads\/2022\/08\/21-B-Jugend-w-1988-1536x1066.jpg 1536w, https:\/\/50jahrevolleyball.seosystem.de\/wp-content\/uploads\/2022\/08\/21-B-Jugend-w-1988-1240x860.jpg 1240w, https:\/\/50jahrevolleyball.seosystem.de\/wp-content\/uploads\/2022\/08\/21-B-Jugend-w-1988-508x352.jpg 508w, https:\/\/50jahrevolleyball.seosystem.de\/wp-content\/uploads\/2022\/08\/21-B-Jugend-w-1988.jpg 1600w\" sizes=\"(max-width: 1024px) 100vw, 1024px\" \/><\/a><\/figure>\n<\/figure>\n\n\n\n<p>22 &nbsp;&nbsp;&nbsp;&nbsp;&nbsp;&nbsp;&nbsp;<strong><u>Es begann die \u00c4ra Forcher<\/u><\/strong><\/p>\n\n\n\n<figure class=\"wp-block-image size-large\"><a href=\"https:\/\/50jahrevolleyball.seosystem.de\/wp-content\/uploads\/2022\/08\/22-Frank-Kristina-Karin.jpg\"><img loading=\"lazy\" width=\"1024\" height=\"695\" src=\"https:\/\/50jahrevolleyball.seosystem.de\/wp-content\/uploads\/2022\/08\/22-Frank-Kristina-Karin-1024x695.jpg\" alt=\"\" class=\"wp-image-1222\" srcset=\"https:\/\/50jahrevolleyball.seosystem.de\/wp-content\/uploads\/2022\/08\/22-Frank-Kristina-Karin-1024x695.jpg 1024w, https:\/\/50jahrevolleyball.seosystem.de\/wp-content\/uploads\/2022\/08\/22-Frank-Kristina-Karin-300x204.jpg 300w, https:\/\/50jahrevolleyball.seosystem.de\/wp-content\/uploads\/2022\/08\/22-Frank-Kristina-Karin-768x521.jpg 768w, https:\/\/50jahrevolleyball.seosystem.de\/wp-content\/uploads\/2022\/08\/22-Frank-Kristina-Karin-1536x1043.jpg 1536w, https:\/\/50jahrevolleyball.seosystem.de\/wp-content\/uploads\/2022\/08\/22-Frank-Kristina-Karin-1240x842.jpg 1240w, https:\/\/50jahrevolleyball.seosystem.de\/wp-content\/uploads\/2022\/08\/22-Frank-Kristina-Karin-508x345.jpg 508w, https:\/\/50jahrevolleyball.seosystem.de\/wp-content\/uploads\/2022\/08\/22-Frank-Kristina-Karin.jpg 1600w\" sizes=\"(max-width: 1024px) 100vw, 1024px\" \/><\/a><\/figure>\n\n\n\n<p>Bis 1993 gings wieder hoch bis in die LL. &nbsp;&nbsp;&nbsp;<\/p>\n\n\n\n<p>Die Fahrt zum internationalen Turnier in Codigoro (Fano) 1990 war bis dahin der sportliche und gesellschaftliche H\u00f6hepunkt incl. zahlreicher Sportlerehrungen.<\/p>\n\n\n\n<figure class=\"wp-block-image size-large\"><a href=\"https:\/\/50jahrevolleyball.seosystem.de\/wp-content\/uploads\/2022\/08\/23-Codigoro-1990.jpg\"><img loading=\"lazy\" width=\"1024\" height=\"694\" src=\"https:\/\/50jahrevolleyball.seosystem.de\/wp-content\/uploads\/2022\/08\/23-Codigoro-1990-1024x694.jpg\" alt=\"\" class=\"wp-image-1223\" srcset=\"https:\/\/50jahrevolleyball.seosystem.de\/wp-content\/uploads\/2022\/08\/23-Codigoro-1990-1024x694.jpg 1024w, https:\/\/50jahrevolleyball.seosystem.de\/wp-content\/uploads\/2022\/08\/23-Codigoro-1990-300x203.jpg 300w, https:\/\/50jahrevolleyball.seosystem.de\/wp-content\/uploads\/2022\/08\/23-Codigoro-1990-768x521.jpg 768w, https:\/\/50jahrevolleyball.seosystem.de\/wp-content\/uploads\/2022\/08\/23-Codigoro-1990-1536x1042.jpg 1536w, https:\/\/50jahrevolleyball.seosystem.de\/wp-content\/uploads\/2022\/08\/23-Codigoro-1990-1240x841.jpg 1240w, https:\/\/50jahrevolleyball.seosystem.de\/wp-content\/uploads\/2022\/08\/23-Codigoro-1990-508x344.jpg 508w, https:\/\/50jahrevolleyball.seosystem.de\/wp-content\/uploads\/2022\/08\/23-Codigoro-1990.jpg 1600w\" sizes=\"(max-width: 1024px) 100vw, 1024px\" \/><\/a><figcaption>Codigoro (Fano) 1990<\/figcaption><\/figure>\n\n\n\n<p>Um sportlich noch st\u00e4rker zu werden erfolgte 1993&nbsp;&nbsp;&nbsp; @ Bild 25&nbsp;&nbsp; der Zusammenschluss mit dem TV B\u00fchl zur <strong>SG B\u00dcRA<\/strong>.<\/p>\n\n\n\n<figure class=\"wp-container-8 wp-block-gallery-7 wp-block-gallery has-nested-images columns-default is-cropped\">\n<figure class=\"wp-block-image size-large\"><a href=\"https:\/\/50jahrevolleyball.seosystem.de\/wp-content\/uploads\/2022\/08\/24-Kiki-mit-team-1995.jpg\"><img loading=\"lazy\" width=\"691\" height=\"1024\" data-id=\"1224\"  src=\"https:\/\/50jahrevolleyball.seosystem.de\/wp-content\/uploads\/2022\/08\/24-Kiki-mit-team-1995-691x1024.jpg\" alt=\"\" class=\"wp-image-1224\" srcset=\"https:\/\/50jahrevolleyball.seosystem.de\/wp-content\/uploads\/2022\/08\/24-Kiki-mit-team-1995-691x1024.jpg 691w, https:\/\/50jahrevolleyball.seosystem.de\/wp-content\/uploads\/2022\/08\/24-Kiki-mit-team-1995-203x300.jpg 203w, https:\/\/50jahrevolleyball.seosystem.de\/wp-content\/uploads\/2022\/08\/24-Kiki-mit-team-1995-768x1138.jpg 768w, https:\/\/50jahrevolleyball.seosystem.de\/wp-content\/uploads\/2022\/08\/24-Kiki-mit-team-1995-1037x1536.jpg 1037w, https:\/\/50jahrevolleyball.seosystem.de\/wp-content\/uploads\/2022\/08\/24-Kiki-mit-team-1995-1383x2048.jpg 1383w, https:\/\/50jahrevolleyball.seosystem.de\/wp-content\/uploads\/2022\/08\/24-Kiki-mit-team-1995-1240x1837.jpg 1240w, https:\/\/50jahrevolleyball.seosystem.de\/wp-content\/uploads\/2022\/08\/24-Kiki-mit-team-1995-508x752.jpg 508w, https:\/\/50jahrevolleyball.seosystem.de\/wp-content\/uploads\/2022\/08\/24-Kiki-mit-team-1995.jpg 1600w\" sizes=\"(max-width: 691px) 100vw, 691px\" \/><\/a><\/figure>\n\n\n\n<figure class=\"wp-block-image size-large\"><a href=\"https:\/\/50jahrevolleyball.seosystem.de\/wp-content\/uploads\/2022\/08\/25-Nina-Monika.jpg\"><img loading=\"lazy\" width=\"1024\" height=\"855\" data-id=\"1225\"  src=\"https:\/\/50jahrevolleyball.seosystem.de\/wp-content\/uploads\/2022\/08\/25-Nina-Monika-1024x855.jpg\" alt=\"\" class=\"wp-image-1225\" srcset=\"https:\/\/50jahrevolleyball.seosystem.de\/wp-content\/uploads\/2022\/08\/25-Nina-Monika-1024x855.jpg 1024w, https:\/\/50jahrevolleyball.seosystem.de\/wp-content\/uploads\/2022\/08\/25-Nina-Monika-300x251.jpg 300w, https:\/\/50jahrevolleyball.seosystem.de\/wp-content\/uploads\/2022\/08\/25-Nina-Monika-768x641.jpg 768w, https:\/\/50jahrevolleyball.seosystem.de\/wp-content\/uploads\/2022\/08\/25-Nina-Monika-1536x1283.jpg 1536w, https:\/\/50jahrevolleyball.seosystem.de\/wp-content\/uploads\/2022\/08\/25-Nina-Monika-1240x1035.jpg 1240w, https:\/\/50jahrevolleyball.seosystem.de\/wp-content\/uploads\/2022\/08\/25-Nina-Monika-508x424.jpg 508w, https:\/\/50jahrevolleyball.seosystem.de\/wp-content\/uploads\/2022\/08\/25-Nina-Monika.jpg 1600w\" sizes=\"(max-width: 1024px) 100vw, 1024px\" \/><\/a><\/figure>\n<\/figure>\n\n\n\n<p>Gemeinsam hatten wir 5 Teams \u2013 von der OL bis&nbsp;in die KL und eine tolle Jugendarbeit.<\/p>\n\n\n\n<figure class=\"wp-container-10 wp-block-gallery-9 wp-block-gallery has-nested-images columns-default is-cropped\">\n<figure class=\"wp-block-image size-large\"><a href=\"https:\/\/50jahrevolleyball.seosystem.de\/wp-content\/uploads\/2022\/08\/27-1-Frank-Team-1991-1992.jpg\"><img loading=\"lazy\" width=\"1024\" height=\"706\" data-id=\"1226\"  src=\"https:\/\/50jahrevolleyball.seosystem.de\/wp-content\/uploads\/2022\/08\/27-1-Frank-Team-1991-1992-1024x706.jpg\" alt=\"\" class=\"wp-image-1226\" srcset=\"https:\/\/50jahrevolleyball.seosystem.de\/wp-content\/uploads\/2022\/08\/27-1-Frank-Team-1991-1992-1024x706.jpg 1024w, https:\/\/50jahrevolleyball.seosystem.de\/wp-content\/uploads\/2022\/08\/27-1-Frank-Team-1991-1992-300x207.jpg 300w, https:\/\/50jahrevolleyball.seosystem.de\/wp-content\/uploads\/2022\/08\/27-1-Frank-Team-1991-1992-768x529.jpg 768w, https:\/\/50jahrevolleyball.seosystem.de\/wp-content\/uploads\/2022\/08\/27-1-Frank-Team-1991-1992-1536x1059.jpg 1536w, https:\/\/50jahrevolleyball.seosystem.de\/wp-content\/uploads\/2022\/08\/27-1-Frank-Team-1991-1992-1240x855.jpg 1240w, https:\/\/50jahrevolleyball.seosystem.de\/wp-content\/uploads\/2022\/08\/27-1-Frank-Team-1991-1992-508x350.jpg 508w, https:\/\/50jahrevolleyball.seosystem.de\/wp-content\/uploads\/2022\/08\/27-1-Frank-Team-1991-1992.jpg 1600w\" sizes=\"(max-width: 1024px) 100vw, 1024px\" \/><\/a><\/figure>\n\n\n\n<figure class=\"wp-block-image size-large\"><a href=\"https:\/\/50jahrevolleyball.seosystem.de\/wp-content\/uploads\/2022\/08\/27-2-Maedchen.jpg\"><img loading=\"lazy\" width=\"1024\" height=\"977\" data-id=\"1227\"  src=\"https:\/\/50jahrevolleyball.seosystem.de\/wp-content\/uploads\/2022\/08\/27-2-Maedchen-1024x977.jpg\" alt=\"\" class=\"wp-image-1227\" srcset=\"https:\/\/50jahrevolleyball.seosystem.de\/wp-content\/uploads\/2022\/08\/27-2-Maedchen-1024x977.jpg 1024w, https:\/\/50jahrevolleyball.seosystem.de\/wp-content\/uploads\/2022\/08\/27-2-Maedchen-300x286.jpg 300w, https:\/\/50jahrevolleyball.seosystem.de\/wp-content\/uploads\/2022\/08\/27-2-Maedchen-768x733.jpg 768w, https:\/\/50jahrevolleyball.seosystem.de\/wp-content\/uploads\/2022\/08\/27-2-Maedchen-1536x1466.jpg 1536w, https:\/\/50jahrevolleyball.seosystem.de\/wp-content\/uploads\/2022\/08\/27-2-Maedchen-1240x1183.jpg 1240w, https:\/\/50jahrevolleyball.seosystem.de\/wp-content\/uploads\/2022\/08\/27-2-Maedchen-508x485.jpg 508w, https:\/\/50jahrevolleyball.seosystem.de\/wp-content\/uploads\/2022\/08\/27-2-Maedchen.jpg 1600w\" sizes=\"(max-width: 1024px) 100vw, 1024px\" \/><\/a><\/figure>\n<\/figure>\n\n\n\n<p>Wie sich Kiki Haberstroh da von B\u00fchler Seite eingebracht hatte: allen Respekt. (Evtl. Trainerverh\u00e4ltnis KiKi \u2013 Rolf).<\/p>\n\n\n\n<p>Die Damen boomten.<\/p>\n\n\n\n<figure class=\"wp-container-12 wp-block-gallery-11 wp-block-gallery has-nested-images columns-default is-cropped\">\n<figure class=\"wp-block-image size-large\"><a href=\"https:\/\/50jahrevolleyball.seosystem.de\/wp-content\/uploads\/2022\/08\/27-3-Kiki-Andreas-2003.jpg\"><img loading=\"lazy\" width=\"1024\" height=\"768\" data-id=\"1229\"  src=\"https:\/\/50jahrevolleyball.seosystem.de\/wp-content\/uploads\/2022\/08\/27-3-Kiki-Andreas-2003-1024x768.jpg\" alt=\"\" class=\"wp-image-1229\" srcset=\"https:\/\/50jahrevolleyball.seosystem.de\/wp-content\/uploads\/2022\/08\/27-3-Kiki-Andreas-2003-1024x768.jpg 1024w, https:\/\/50jahrevolleyball.seosystem.de\/wp-content\/uploads\/2022\/08\/27-3-Kiki-Andreas-2003-300x225.jpg 300w, https:\/\/50jahrevolleyball.seosystem.de\/wp-content\/uploads\/2022\/08\/27-3-Kiki-Andreas-2003-768x576.jpg 768w, https:\/\/50jahrevolleyball.seosystem.de\/wp-content\/uploads\/2022\/08\/27-3-Kiki-Andreas-2003-1536x1152.jpg 1536w, https:\/\/50jahrevolleyball.seosystem.de\/wp-content\/uploads\/2022\/08\/27-3-Kiki-Andreas-2003-1240x930.jpg 1240w, https:\/\/50jahrevolleyball.seosystem.de\/wp-content\/uploads\/2022\/08\/27-3-Kiki-Andreas-2003-508x381.jpg 508w, https:\/\/50jahrevolleyball.seosystem.de\/wp-content\/uploads\/2022\/08\/27-3-Kiki-Andreas-2003.jpg 1600w\" sizes=\"(max-width: 1024px) 100vw, 1024px\" \/><\/a><\/figure>\n\n\n\n<figure class=\"wp-block-image size-large\"><a href=\"https:\/\/50jahrevolleyball.seosystem.de\/wp-content\/uploads\/2022\/08\/27-4-Maedchen-1998.jpg\"><img loading=\"lazy\" width=\"1024\" height=\"602\" data-id=\"1228\"  src=\"https:\/\/50jahrevolleyball.seosystem.de\/wp-content\/uploads\/2022\/08\/27-4-Maedchen-1998-1024x602.jpg\" alt=\"\" class=\"wp-image-1228\" srcset=\"https:\/\/50jahrevolleyball.seosystem.de\/wp-content\/uploads\/2022\/08\/27-4-Maedchen-1998-1024x602.jpg 1024w, https:\/\/50jahrevolleyball.seosystem.de\/wp-content\/uploads\/2022\/08\/27-4-Maedchen-1998-300x176.jpg 300w, https:\/\/50jahrevolleyball.seosystem.de\/wp-content\/uploads\/2022\/08\/27-4-Maedchen-1998-768x452.jpg 768w, https:\/\/50jahrevolleyball.seosystem.de\/wp-content\/uploads\/2022\/08\/27-4-Maedchen-1998-1536x903.jpg 1536w, https:\/\/50jahrevolleyball.seosystem.de\/wp-content\/uploads\/2022\/08\/27-4-Maedchen-1998-1240x729.jpg 1240w, https:\/\/50jahrevolleyball.seosystem.de\/wp-content\/uploads\/2022\/08\/27-4-Maedchen-1998-508x299.jpg 508w, https:\/\/50jahrevolleyball.seosystem.de\/wp-content\/uploads\/2022\/08\/27-4-Maedchen-1998.jpg 1600w\" sizes=\"(max-width: 1024px) 100vw, 1024px\" \/><\/a><\/figure>\n<\/figure>\n\n\n\n<p>Trainernamen: Forcher, Bondar in B\u00fchl, Kiki Haberstroh, Andreas Fritz; Maren Mecking, Kristina Prestenbach, Karin Latussek &#8211; L\u00f6hnert<\/p>\n\n\n\n<p>Teil des Erfolgs waren die 1989 gebildete Truppe: <strong>die \u201eElche\u201c<\/strong>. &nbsp;9 -14 j\u00e4hrige M\u00e4dchen.&nbsp;&nbsp;Der Stolz des Spielerinnen-Trainer-Vaters , Rolf<\/p>\n\n\n\n<figure class=\"wp-container-14 wp-block-gallery-13 wp-block-gallery has-nested-images columns-default is-cropped\">\n<figure class=\"wp-block-image size-large\"><a href=\"https:\/\/50jahrevolleyball.seosystem.de\/wp-content\/uploads\/2022\/08\/30-Bild-der-Elche-1.jpg\"><img loading=\"lazy\" width=\"712\" height=\"1024\" data-id=\"1231\"  src=\"https:\/\/50jahrevolleyball.seosystem.de\/wp-content\/uploads\/2022\/08\/30-Bild-der-Elche-1-712x1024.jpg\" alt=\"\" class=\"wp-image-1231\" srcset=\"https:\/\/50jahrevolleyball.seosystem.de\/wp-content\/uploads\/2022\/08\/30-Bild-der-Elche-1-712x1024.jpg 712w, https:\/\/50jahrevolleyball.seosystem.de\/wp-content\/uploads\/2022\/08\/30-Bild-der-Elche-1-209x300.jpg 209w, https:\/\/50jahrevolleyball.seosystem.de\/wp-content\/uploads\/2022\/08\/30-Bild-der-Elche-1-768x1104.jpg 768w, https:\/\/50jahrevolleyball.seosystem.de\/wp-content\/uploads\/2022\/08\/30-Bild-der-Elche-1-1069x1536.jpg 1069w, https:\/\/50jahrevolleyball.seosystem.de\/wp-content\/uploads\/2022\/08\/30-Bild-der-Elche-1-1425x2048.jpg 1425w, https:\/\/50jahrevolleyball.seosystem.de\/wp-content\/uploads\/2022\/08\/30-Bild-der-Elche-1-1240x1783.jpg 1240w, https:\/\/50jahrevolleyball.seosystem.de\/wp-content\/uploads\/2022\/08\/30-Bild-der-Elche-1-508x730.jpg 508w, https:\/\/50jahrevolleyball.seosystem.de\/wp-content\/uploads\/2022\/08\/30-Bild-der-Elche-1.jpg 1600w\" sizes=\"(max-width: 712px) 100vw, 712px\" \/><\/a><\/figure>\n\n\n\n<figure class=\"wp-block-image size-large\"><a href=\"https:\/\/50jahrevolleyball.seosystem.de\/wp-content\/uploads\/2022\/08\/31-Elche-2.jpg\"><img loading=\"lazy\" width=\"1024\" height=\"715\" data-id=\"1233\"  src=\"https:\/\/50jahrevolleyball.seosystem.de\/wp-content\/uploads\/2022\/08\/31-Elche-2-1024x715.jpg\" alt=\"\" class=\"wp-image-1233\" srcset=\"https:\/\/50jahrevolleyball.seosystem.de\/wp-content\/uploads\/2022\/08\/31-Elche-2-1024x715.jpg 1024w, https:\/\/50jahrevolleyball.seosystem.de\/wp-content\/uploads\/2022\/08\/31-Elche-2-300x209.jpg 300w, https:\/\/50jahrevolleyball.seosystem.de\/wp-content\/uploads\/2022\/08\/31-Elche-2-768x536.jpg 768w, https:\/\/50jahrevolleyball.seosystem.de\/wp-content\/uploads\/2022\/08\/31-Elche-2-1536x1072.jpg 1536w, https:\/\/50jahrevolleyball.seosystem.de\/wp-content\/uploads\/2022\/08\/31-Elche-2-1240x866.jpg 1240w, https:\/\/50jahrevolleyball.seosystem.de\/wp-content\/uploads\/2022\/08\/31-Elche-2-508x355.jpg 508w, https:\/\/50jahrevolleyball.seosystem.de\/wp-content\/uploads\/2022\/08\/31-Elche-2.jpg 1600w\" sizes=\"(max-width: 1024px) 100vw, 1024px\" \/><\/a><\/figure>\n\n\n\n<figure class=\"wp-block-image size-large\"><a href=\"https:\/\/50jahrevolleyball.seosystem.de\/wp-content\/uploads\/2022\/08\/32-Elche-3.jpg\"><img loading=\"lazy\" width=\"1024\" height=\"698\" data-id=\"1232\"  src=\"https:\/\/50jahrevolleyball.seosystem.de\/wp-content\/uploads\/2022\/08\/32-Elche-3-1024x698.jpg\" alt=\"\" class=\"wp-image-1232\" srcset=\"https:\/\/50jahrevolleyball.seosystem.de\/wp-content\/uploads\/2022\/08\/32-Elche-3-1024x698.jpg 1024w, https:\/\/50jahrevolleyball.seosystem.de\/wp-content\/uploads\/2022\/08\/32-Elche-3-300x204.jpg 300w, https:\/\/50jahrevolleyball.seosystem.de\/wp-content\/uploads\/2022\/08\/32-Elche-3-768x523.jpg 768w, https:\/\/50jahrevolleyball.seosystem.de\/wp-content\/uploads\/2022\/08\/32-Elche-3-1536x1046.jpg 1536w, https:\/\/50jahrevolleyball.seosystem.de\/wp-content\/uploads\/2022\/08\/32-Elche-3-1240x845.jpg 1240w, https:\/\/50jahrevolleyball.seosystem.de\/wp-content\/uploads\/2022\/08\/32-Elche-3-508x346.jpg 508w, https:\/\/50jahrevolleyball.seosystem.de\/wp-content\/uploads\/2022\/08\/32-Elche-3.jpg 1600w\" sizes=\"(max-width: 1024px) 100vw, 1024px\" \/><\/a><\/figure>\n<\/figure>\n\n\n\n<p><\/p>\n\n\n\n<p><strong><u>Das Ende der SG B\u00dcRA 2000<\/u><\/strong>:<\/p>\n\n\n\n<p>Probleme: wer spielt wo \u2013 Kosten \u2013 Trainerfindung &#8211; &nbsp;der hohe Aufwand um ins Training zu kommen \u2026<\/p>\n\n\n\n<p>Besonders schmerzlich:&nbsp; der Abschied von Forchers, nach sehr langer, erfolgreicher Trainert\u00e4tigkeit und noch l\u00e4ngerer Vereinszugeh\u00f6rigkeit.<\/p>\n\n\n\n<p>\u00ad\u00ad\u00ad\u00ad\u00ad\u00ad\u00ad\u00ad\u00ad\u00ad\u00ad\u00ad\u00ad\u00ad\u00ad\u00ad\u00ad\u00ad\u00ad\u00ad\u00ad\u00ad\u00ad\u00ad\u00ad\u00ad\u00ad\u00ad\u00ad\u00ad\u00ad\u00ad<\/p>\n\n\n\n<p>Wie immer bei einer Trennung: einer verliert mehr als der andere.<\/p>\n\n\n\n<p>Einige Rastatterinnen wechselten nach B\u00fchl (OL) oder in andere Vereine der Umgebung,&nbsp;um weiterhin hochklassig spielen zu k\u00f6nnen.<\/p>\n\n\n\n<p>Das Ende dieser SG war mit einem hohen Qualit\u00e4tsverlust f\u00fcr den RTV verbunden.<\/p>\n\n\n\n<figure class=\"wp-block-image size-large\"><a href=\"https:\/\/50jahrevolleyball.seosystem.de\/wp-content\/uploads\/2022\/08\/33-OL-Buehl.jpg\"><img loading=\"lazy\" width=\"1024\" height=\"833\" src=\"https:\/\/50jahrevolleyball.seosystem.de\/wp-content\/uploads\/2022\/08\/33-OL-Buehl-1024x833.jpg\" alt=\"\" class=\"wp-image-1237\" srcset=\"https:\/\/50jahrevolleyball.seosystem.de\/wp-content\/uploads\/2022\/08\/33-OL-Buehl-1024x833.jpg 1024w, https:\/\/50jahrevolleyball.seosystem.de\/wp-content\/uploads\/2022\/08\/33-OL-Buehl-300x244.jpg 300w, https:\/\/50jahrevolleyball.seosystem.de\/wp-content\/uploads\/2022\/08\/33-OL-Buehl-768x625.jpg 768w, https:\/\/50jahrevolleyball.seosystem.de\/wp-content\/uploads\/2022\/08\/33-OL-Buehl-1536x1250.jpg 1536w, https:\/\/50jahrevolleyball.seosystem.de\/wp-content\/uploads\/2022\/08\/33-OL-Buehl-1240x1009.jpg 1240w, https:\/\/50jahrevolleyball.seosystem.de\/wp-content\/uploads\/2022\/08\/33-OL-Buehl-508x413.jpg 508w, https:\/\/50jahrevolleyball.seosystem.de\/wp-content\/uploads\/2022\/08\/33-OL-Buehl.jpg 1600w\" sizes=\"(max-width: 1024px) 100vw, 1024px\" \/><\/a><\/figure>\n\n\n\n<p>Um den \u201eRest\u201c Rastatter Spielerinnen einen Anreiz zu bieten, im Verein zu bleiben, &nbsp;wurde die SG Forchheim \u2013 Rastatt gebildet.<\/p>\n\n\n\n<p>Sie \u00fcberdauerte von 2000 bis 2003.<\/p>\n\n\n\n<p>In dieser Zeit engagierten sich besonders: Andreas Fritz, Dietmar Ehlenbeck, Gerd Schlenzig, Adam Rzepecki, Frank Kopp, Christa Braunstein, Jessica Hixt, &nbsp;Barbara Bogatzki, Irene Ihl, Susan Enderlein, Julia Wache und in der Jugendarbeit Patrick Walz (Lehrer Tulla, bis 2004)<\/p>\n\n\n\n<figure class=\"wp-container-16 wp-block-gallery-15 wp-block-gallery has-nested-images columns-default is-cropped\">\n<figure class=\"wp-block-image size-large\"><a href=\"https:\/\/50jahrevolleyball.seosystem.de\/wp-content\/uploads\/2022\/08\/34-SG-FoRa.jpg\"><img loading=\"lazy\" width=\"1024\" height=\"716\" data-id=\"1238\"  src=\"https:\/\/50jahrevolleyball.seosystem.de\/wp-content\/uploads\/2022\/08\/34-SG-FoRa-1024x716.jpg\" alt=\"\" class=\"wp-image-1238\" srcset=\"https:\/\/50jahrevolleyball.seosystem.de\/wp-content\/uploads\/2022\/08\/34-SG-FoRa-1024x716.jpg 1024w, https:\/\/50jahrevolleyball.seosystem.de\/wp-content\/uploads\/2022\/08\/34-SG-FoRa-300x210.jpg 300w, https:\/\/50jahrevolleyball.seosystem.de\/wp-content\/uploads\/2022\/08\/34-SG-FoRa-768x537.jpg 768w, https:\/\/50jahrevolleyball.seosystem.de\/wp-content\/uploads\/2022\/08\/34-SG-FoRa-1536x1073.jpg 1536w, https:\/\/50jahrevolleyball.seosystem.de\/wp-content\/uploads\/2022\/08\/34-SG-FoRa-1240x866.jpg 1240w, https:\/\/50jahrevolleyball.seosystem.de\/wp-content\/uploads\/2022\/08\/34-SG-FoRa-508x355.jpg 508w, https:\/\/50jahrevolleyball.seosystem.de\/wp-content\/uploads\/2022\/08\/34-SG-FoRa.jpg 1600w\" sizes=\"(max-width: 1024px) 100vw, 1024px\" \/><\/a><figcaption>SG Forchheim<\/figcaption><\/figure>\n\n\n\n<figure class=\"wp-block-image size-large\"><a href=\"https:\/\/50jahrevolleyball.seosystem.de\/wp-content\/uploads\/2022\/08\/40-1-Andreas-Fritz.jpg\"><img loading=\"lazy\" width=\"1010\" height=\"1024\" data-id=\"1240\"  src=\"https:\/\/50jahrevolleyball.seosystem.de\/wp-content\/uploads\/2022\/08\/40-1-Andreas-Fritz-1010x1024.jpg\" alt=\"\" class=\"wp-image-1240\" srcset=\"https:\/\/50jahrevolleyball.seosystem.de\/wp-content\/uploads\/2022\/08\/40-1-Andreas-Fritz-1010x1024.jpg 1010w, https:\/\/50jahrevolleyball.seosystem.de\/wp-content\/uploads\/2022\/08\/40-1-Andreas-Fritz-296x300.jpg 296w, https:\/\/50jahrevolleyball.seosystem.de\/wp-content\/uploads\/2022\/08\/40-1-Andreas-Fritz-768x779.jpg 768w, https:\/\/50jahrevolleyball.seosystem.de\/wp-content\/uploads\/2022\/08\/40-1-Andreas-Fritz-1515x1536.jpg 1515w, https:\/\/50jahrevolleyball.seosystem.de\/wp-content\/uploads\/2022\/08\/40-1-Andreas-Fritz-1240x1257.jpg 1240w, https:\/\/50jahrevolleyball.seosystem.de\/wp-content\/uploads\/2022\/08\/40-1-Andreas-Fritz-508x515.jpg 508w, https:\/\/50jahrevolleyball.seosystem.de\/wp-content\/uploads\/2022\/08\/40-1-Andreas-Fritz.jpg 1600w\" sizes=\"(max-width: 1010px) 100vw, 1010px\" \/><\/a><figcaption>Andreas Fritz<\/figcaption><\/figure>\n\n\n\n<figure class=\"wp-block-image size-large\"><a href=\"https:\/\/50jahrevolleyball.seosystem.de\/wp-content\/uploads\/2022\/08\/40-2-Christa.jpg\"><img loading=\"lazy\" width=\"975\" height=\"1024\" data-id=\"1239\"  src=\"https:\/\/50jahrevolleyball.seosystem.de\/wp-content\/uploads\/2022\/08\/40-2-Christa-975x1024.jpg\" alt=\"\" class=\"wp-image-1239\" srcset=\"https:\/\/50jahrevolleyball.seosystem.de\/wp-content\/uploads\/2022\/08\/40-2-Christa-975x1024.jpg 975w, https:\/\/50jahrevolleyball.seosystem.de\/wp-content\/uploads\/2022\/08\/40-2-Christa-286x300.jpg 286w, https:\/\/50jahrevolleyball.seosystem.de\/wp-content\/uploads\/2022\/08\/40-2-Christa-768x807.jpg 768w, https:\/\/50jahrevolleyball.seosystem.de\/wp-content\/uploads\/2022\/08\/40-2-Christa-1462x1536.jpg 1462w, https:\/\/50jahrevolleyball.seosystem.de\/wp-content\/uploads\/2022\/08\/40-2-Christa-1240x1303.jpg 1240w, https:\/\/50jahrevolleyball.seosystem.de\/wp-content\/uploads\/2022\/08\/40-2-Christa-508x534.jpg 508w, https:\/\/50jahrevolleyball.seosystem.de\/wp-content\/uploads\/2022\/08\/40-2-Christa.jpg 1600w\" sizes=\"(max-width: 975px) 100vw, 975px\" \/><\/a><figcaption>Christa Braunstein<\/figcaption><\/figure>\n\n\n\n<figure class=\"wp-block-image size-large\"><a href=\"https:\/\/50jahrevolleyball.seosystem.de\/wp-content\/uploads\/2022\/08\/40-2-Frauenteam-2004-Christa.jpg\"><img loading=\"lazy\" width=\"1024\" height=\"744\" data-id=\"1241\"  src=\"https:\/\/50jahrevolleyball.seosystem.de\/wp-content\/uploads\/2022\/08\/40-2-Frauenteam-2004-Christa-1024x744.jpg\" alt=\"\" class=\"wp-image-1241\" srcset=\"https:\/\/50jahrevolleyball.seosystem.de\/wp-content\/uploads\/2022\/08\/40-2-Frauenteam-2004-Christa-1024x744.jpg 1024w, https:\/\/50jahrevolleyball.seosystem.de\/wp-content\/uploads\/2022\/08\/40-2-Frauenteam-2004-Christa-300x218.jpg 300w, https:\/\/50jahrevolleyball.seosystem.de\/wp-content\/uploads\/2022\/08\/40-2-Frauenteam-2004-Christa-768x558.jpg 768w, https:\/\/50jahrevolleyball.seosystem.de\/wp-content\/uploads\/2022\/08\/40-2-Frauenteam-2004-Christa-1536x1116.jpg 1536w, https:\/\/50jahrevolleyball.seosystem.de\/wp-content\/uploads\/2022\/08\/40-2-Frauenteam-2004-Christa-1240x901.jpg 1240w, https:\/\/50jahrevolleyball.seosystem.de\/wp-content\/uploads\/2022\/08\/40-2-Frauenteam-2004-Christa-508x369.jpg 508w, https:\/\/50jahrevolleyball.seosystem.de\/wp-content\/uploads\/2022\/08\/40-2-Frauenteam-2004-Christa.jpg 1600w\" sizes=\"(max-width: 1024px) 100vw, 1024px\" \/><\/a><\/figure>\n\n\n\n<figure class=\"wp-block-image size-large\"><a href=\"https:\/\/50jahrevolleyball.seosystem.de\/wp-content\/uploads\/2022\/08\/40-Jugend-3.jpg\"><img loading=\"lazy\" width=\"1024\" height=\"886\" data-id=\"1244\"  src=\"https:\/\/50jahrevolleyball.seosystem.de\/wp-content\/uploads\/2022\/08\/40-Jugend-3-1024x886.jpg\" alt=\"\" class=\"wp-image-1244\" srcset=\"https:\/\/50jahrevolleyball.seosystem.de\/wp-content\/uploads\/2022\/08\/40-Jugend-3-1024x886.jpg 1024w, https:\/\/50jahrevolleyball.seosystem.de\/wp-content\/uploads\/2022\/08\/40-Jugend-3-300x260.jpg 300w, https:\/\/50jahrevolleyball.seosystem.de\/wp-content\/uploads\/2022\/08\/40-Jugend-3-768x664.jpg 768w, https:\/\/50jahrevolleyball.seosystem.de\/wp-content\/uploads\/2022\/08\/40-Jugend-3-1536x1329.jpg 1536w, https:\/\/50jahrevolleyball.seosystem.de\/wp-content\/uploads\/2022\/08\/40-Jugend-3-1240x1073.jpg 1240w, https:\/\/50jahrevolleyball.seosystem.de\/wp-content\/uploads\/2022\/08\/40-Jugend-3-508x439.jpg 508w, https:\/\/50jahrevolleyball.seosystem.de\/wp-content\/uploads\/2022\/08\/40-Jugend-3.jpg 1600w\" sizes=\"(max-width: 1024px) 100vw, 1024px\" \/><\/a><\/figure>\n\n\n\n<figure class=\"wp-block-image size-large\"><a href=\"https:\/\/50jahrevolleyball.seosystem.de\/wp-content\/uploads\/2022\/08\/41-Damen-2005-2006.jpg\"><img loading=\"lazy\" width=\"971\" height=\"1024\" data-id=\"1245\"  src=\"https:\/\/50jahrevolleyball.seosystem.de\/wp-content\/uploads\/2022\/08\/41-Damen-2005-2006-971x1024.jpg\" alt=\"\" class=\"wp-image-1245\" srcset=\"https:\/\/50jahrevolleyball.seosystem.de\/wp-content\/uploads\/2022\/08\/41-Damen-2005-2006-971x1024.jpg 971w, https:\/\/50jahrevolleyball.seosystem.de\/wp-content\/uploads\/2022\/08\/41-Damen-2005-2006-284x300.jpg 284w, https:\/\/50jahrevolleyball.seosystem.de\/wp-content\/uploads\/2022\/08\/41-Damen-2005-2006-768x810.jpg 768w, https:\/\/50jahrevolleyball.seosystem.de\/wp-content\/uploads\/2022\/08\/41-Damen-2005-2006-1456x1536.jpg 1456w, https:\/\/50jahrevolleyball.seosystem.de\/wp-content\/uploads\/2022\/08\/41-Damen-2005-2006-1240x1308.jpg 1240w, https:\/\/50jahrevolleyball.seosystem.de\/wp-content\/uploads\/2022\/08\/41-Damen-2005-2006-508x536.jpg 508w, https:\/\/50jahrevolleyball.seosystem.de\/wp-content\/uploads\/2022\/08\/41-Damen-2005-2006.jpg 1600w\" sizes=\"(max-width: 971px) 100vw, 971px\" \/><\/a><\/figure>\n\n\n\n<figure class=\"wp-block-image size-large\"><a href=\"https:\/\/50jahrevolleyball.seosystem.de\/wp-content\/uploads\/2022\/08\/44-Damen.jpg\"><img loading=\"lazy\" width=\"1024\" height=\"888\" data-id=\"1242\"  src=\"https:\/\/50jahrevolleyball.seosystem.de\/wp-content\/uploads\/2022\/08\/44-Damen-1024x888.jpg\" alt=\"\" class=\"wp-image-1242\" srcset=\"https:\/\/50jahrevolleyball.seosystem.de\/wp-content\/uploads\/2022\/08\/44-Damen-1024x888.jpg 1024w, https:\/\/50jahrevolleyball.seosystem.de\/wp-content\/uploads\/2022\/08\/44-Damen-300x260.jpg 300w, https:\/\/50jahrevolleyball.seosystem.de\/wp-content\/uploads\/2022\/08\/44-Damen-768x666.jpg 768w, https:\/\/50jahrevolleyball.seosystem.de\/wp-content\/uploads\/2022\/08\/44-Damen-1536x1332.jpg 1536w, https:\/\/50jahrevolleyball.seosystem.de\/wp-content\/uploads\/2022\/08\/44-Damen-1240x1076.jpg 1240w, https:\/\/50jahrevolleyball.seosystem.de\/wp-content\/uploads\/2022\/08\/44-Damen-508x441.jpg 508w, https:\/\/50jahrevolleyball.seosystem.de\/wp-content\/uploads\/2022\/08\/44-Damen.jpg 1600w\" sizes=\"(max-width: 1024px) 100vw, 1024px\" \/><\/a><\/figure>\n\n\n\n<figure class=\"wp-block-image size-large\"><a href=\"https:\/\/50jahrevolleyball.seosystem.de\/wp-content\/uploads\/2022\/08\/45-Damenteam.jpg\"><img loading=\"lazy\" width=\"1024\" height=\"819\" data-id=\"1243\"  src=\"https:\/\/50jahrevolleyball.seosystem.de\/wp-content\/uploads\/2022\/08\/45-Damenteam-1024x819.jpg\" alt=\"\" class=\"wp-image-1243\" srcset=\"https:\/\/50jahrevolleyball.seosystem.de\/wp-content\/uploads\/2022\/08\/45-Damenteam-1024x819.jpg 1024w, https:\/\/50jahrevolleyball.seosystem.de\/wp-content\/uploads\/2022\/08\/45-Damenteam-300x240.jpg 300w, https:\/\/50jahrevolleyball.seosystem.de\/wp-content\/uploads\/2022\/08\/45-Damenteam-768x614.jpg 768w, https:\/\/50jahrevolleyball.seosystem.de\/wp-content\/uploads\/2022\/08\/45-Damenteam-1536x1228.jpg 1536w, https:\/\/50jahrevolleyball.seosystem.de\/wp-content\/uploads\/2022\/08\/45-Damenteam-1240x991.jpg 1240w, https:\/\/50jahrevolleyball.seosystem.de\/wp-content\/uploads\/2022\/08\/45-Damenteam-508x406.jpg 508w, https:\/\/50jahrevolleyball.seosystem.de\/wp-content\/uploads\/2022\/08\/45-Damenteam.jpg 1600w\" sizes=\"(max-width: 1024px) 100vw, 1024px\" \/><\/a><\/figure>\n<\/figure>\n\n\n\n<p><\/p>\n\n\n\n<p>Dem damals noch in der Herrenmannschaft spielenden Frank Prechelt war das alles zu unstrukturiert. Als Vater zweier volleyballinteressierter T\u00f6chter pr\u00e4sentierte er der Abteilungsleitung 2006 sein \u201eJugendkonzept\u201c: Volle Kraft in die weibliche Jugendarbeit<\/p>\n\n\n\n<figure class=\"wp-container-18 wp-block-gallery-17 wp-block-gallery has-nested-images columns-default is-cropped\">\n<figure class=\"wp-block-image size-large\"><a href=\"https:\/\/50jahrevolleyball.seosystem.de\/wp-content\/uploads\/2022\/08\/50-Frank-2007.jpg\"><img loading=\"lazy\" width=\"1024\" height=\"683\" data-id=\"1246\"  src=\"https:\/\/50jahrevolleyball.seosystem.de\/wp-content\/uploads\/2022\/08\/50-Frank-2007-1024x683.jpg\" alt=\"\" class=\"wp-image-1246\" srcset=\"https:\/\/50jahrevolleyball.seosystem.de\/wp-content\/uploads\/2022\/08\/50-Frank-2007-1024x683.jpg 1024w, https:\/\/50jahrevolleyball.seosystem.de\/wp-content\/uploads\/2022\/08\/50-Frank-2007-300x200.jpg 300w, https:\/\/50jahrevolleyball.seosystem.de\/wp-content\/uploads\/2022\/08\/50-Frank-2007-768x512.jpg 768w, https:\/\/50jahrevolleyball.seosystem.de\/wp-content\/uploads\/2022\/08\/50-Frank-2007-1536x1024.jpg 1536w, https:\/\/50jahrevolleyball.seosystem.de\/wp-content\/uploads\/2022\/08\/50-Frank-2007-1240x827.jpg 1240w, https:\/\/50jahrevolleyball.seosystem.de\/wp-content\/uploads\/2022\/08\/50-Frank-2007-508x339.jpg 508w, https:\/\/50jahrevolleyball.seosystem.de\/wp-content\/uploads\/2022\/08\/50-Frank-2007.jpg 1600w\" sizes=\"(max-width: 1024px) 100vw, 1024px\" \/><\/a><\/figure>\n\n\n\n<figure class=\"wp-block-image size-large\"><a href=\"https:\/\/50jahrevolleyball.seosystem.de\/wp-content\/uploads\/2022\/08\/51-Frank-RTV-Halle.jpg\"><img loading=\"lazy\" width=\"1024\" height=\"768\" data-id=\"1247\"  src=\"https:\/\/50jahrevolleyball.seosystem.de\/wp-content\/uploads\/2022\/08\/51-Frank-RTV-Halle-1024x768.jpg\" alt=\"\" class=\"wp-image-1247\" srcset=\"https:\/\/50jahrevolleyball.seosystem.de\/wp-content\/uploads\/2022\/08\/51-Frank-RTV-Halle-1024x768.jpg 1024w, https:\/\/50jahrevolleyball.seosystem.de\/wp-content\/uploads\/2022\/08\/51-Frank-RTV-Halle-300x225.jpg 300w, https:\/\/50jahrevolleyball.seosystem.de\/wp-content\/uploads\/2022\/08\/51-Frank-RTV-Halle-768x576.jpg 768w, https:\/\/50jahrevolleyball.seosystem.de\/wp-content\/uploads\/2022\/08\/51-Frank-RTV-Halle-1536x1152.jpg 1536w, https:\/\/50jahrevolleyball.seosystem.de\/wp-content\/uploads\/2022\/08\/51-Frank-RTV-Halle-1240x930.jpg 1240w, https:\/\/50jahrevolleyball.seosystem.de\/wp-content\/uploads\/2022\/08\/51-Frank-RTV-Halle-508x381.jpg 508w, https:\/\/50jahrevolleyball.seosystem.de\/wp-content\/uploads\/2022\/08\/51-Frank-RTV-Halle.jpg 1600w\" sizes=\"(max-width: 1024px) 100vw, 1024px\" \/><\/a><\/figure>\n<\/figure>\n\n\n\n<p>Es folgte die <strong>\u00c4ra Prechelt<\/strong>.<\/p>\n\n\n\n<p>Zitat: \u201cIch mach` den Organisator und Obertrainer &nbsp;\u2013 und alle helfen mit\u201c.<\/p>\n\n\n\n<p>40 neue Kinder st\u00fcrmten die Abteilung &nbsp;2007. &nbsp;Die Folge:&nbsp;&nbsp;Rekordh\u00f6chststand an Abteilungsmitgliedern, n\u00e4mlich&nbsp; sagenhafte 210 !!<\/p>\n\n\n\n<p>Einige Spielerinnen seiner M\u00e4dchenmannschaft trainierten neue Kinder samstags in der RTV Halle. Es gab Beachtraining f\u00fcr Kinder, Wochenend-Kindertrainingslager, gemeinsamen Kinobesuch und und 2010 wurden aus den Jugendteams Erwachsenenmannschaften.<\/p>\n\n\n\n<figure class=\"wp-container-20 wp-block-gallery-19 wp-block-gallery has-nested-images columns-default is-cropped\">\n<figure class=\"wp-block-image size-large\"><a href=\"https:\/\/50jahrevolleyball.seosystem.de\/wp-content\/uploads\/2022\/08\/55-Frank-Kinder.jpg\"><img loading=\"lazy\" width=\"1024\" height=\"768\" data-id=\"1248\"  src=\"https:\/\/50jahrevolleyball.seosystem.de\/wp-content\/uploads\/2022\/08\/55-Frank-Kinder-1024x768.jpg\" alt=\"\" class=\"wp-image-1248\" srcset=\"https:\/\/50jahrevolleyball.seosystem.de\/wp-content\/uploads\/2022\/08\/55-Frank-Kinder-1024x768.jpg 1024w, https:\/\/50jahrevolleyball.seosystem.de\/wp-content\/uploads\/2022\/08\/55-Frank-Kinder-300x225.jpg 300w, https:\/\/50jahrevolleyball.seosystem.de\/wp-content\/uploads\/2022\/08\/55-Frank-Kinder-768x576.jpg 768w, https:\/\/50jahrevolleyball.seosystem.de\/wp-content\/uploads\/2022\/08\/55-Frank-Kinder-1536x1152.jpg 1536w, https:\/\/50jahrevolleyball.seosystem.de\/wp-content\/uploads\/2022\/08\/55-Frank-Kinder-1240x930.jpg 1240w, https:\/\/50jahrevolleyball.seosystem.de\/wp-content\/uploads\/2022\/08\/55-Frank-Kinder-508x381.jpg 508w, https:\/\/50jahrevolleyball.seosystem.de\/wp-content\/uploads\/2022\/08\/55-Frank-Kinder.jpg 1600w\" sizes=\"(max-width: 1024px) 100vw, 1024px\" \/><\/a><\/figure>\n\n\n\n<figure class=\"wp-block-image size-large\"><a href=\"https:\/\/50jahrevolleyball.seosystem.de\/wp-content\/uploads\/2022\/08\/56-U16-w.-2009.jpg\"><img loading=\"lazy\" width=\"1024\" height=\"847\" data-id=\"1249\"  src=\"https:\/\/50jahrevolleyball.seosystem.de\/wp-content\/uploads\/2022\/08\/56-U16-w.-2009-1024x847.jpg\" alt=\"\" class=\"wp-image-1249\" srcset=\"https:\/\/50jahrevolleyball.seosystem.de\/wp-content\/uploads\/2022\/08\/56-U16-w.-2009-1024x847.jpg 1024w, https:\/\/50jahrevolleyball.seosystem.de\/wp-content\/uploads\/2022\/08\/56-U16-w.-2009-300x248.jpg 300w, https:\/\/50jahrevolleyball.seosystem.de\/wp-content\/uploads\/2022\/08\/56-U16-w.-2009-768x636.jpg 768w, https:\/\/50jahrevolleyball.seosystem.de\/wp-content\/uploads\/2022\/08\/56-U16-w.-2009-1536x1271.jpg 1536w, https:\/\/50jahrevolleyball.seosystem.de\/wp-content\/uploads\/2022\/08\/56-U16-w.-2009-1240x1026.jpg 1240w, https:\/\/50jahrevolleyball.seosystem.de\/wp-content\/uploads\/2022\/08\/56-U16-w.-2009-508x420.jpg 508w, https:\/\/50jahrevolleyball.seosystem.de\/wp-content\/uploads\/2022\/08\/56-U16-w.-2009.jpg 1600w\" sizes=\"(max-width: 1024px) 100vw, 1024px\" \/><\/a><\/figure>\n<\/figure>\n\n\n\n<p>Ab 2012 verliessen aber einige \u00dcbungsleiterInnen den Verein: Zeitaufwand f\u00fcr viele zu gro\u00df, andere Freizeitbesch\u00e4ftigungen, Familie, Beruf, Studium \u2026<\/p>\n\n\n\n<p>Das Konzept brach, mangels Nachhaltigkeit, zusammen. Frank Prechelt h\u00f6rt 2014 und fast alles zerfiel. Viele Spielerinnen h\u00f6rten ganz auf.<\/p>\n\n\n\n<p>Die Rettungsversuche durch Kevin Litau, Sergej Dubs, Christa Braunstein Jessica Hixt und schlie\u00dflich dem hauptberuflichen Trainer, Kevin Karsch, reichten nicht aus, Frauenvolleyball in Rastatt am Leben zu erhalten.<\/p>\n\n\n\n<p>2016 : das Ende aller aktiven Frauenmannschaften.<\/p>\n\n\n\n<p><\/p>\n\n\n\n<p><strong><u>M\u00e4nner<\/u><\/strong><\/p>\n\n\n\n<p>@ Bild 60&nbsp;&nbsp; &nbsp;Die glorreichen @ Bild 61&nbsp;&nbsp;&nbsp;&nbsp; &nbsp;VBL Zeiten &nbsp;@ Bild 62 &nbsp;mit mindestens &nbsp;2 M\u00e4nnermannschaften @Bild 63&nbsp; &nbsp;&nbsp;und&nbsp;&nbsp; zahlreichen Jugendteams waren ca. 1987 vorbei.<\/p>\n\n\n\n<p>Rolf Dietrich, Detlef Helbig, Klaus Sambale, J\u00fcrgen Ruppert, Manfred und Martin Kersten, Dieter Moser, Thomas Bauer u.a. hielten die M\u00e4nnerteams aufrecht.<\/p>\n\n\n\n<p>Sie konnten aber nicht verhindern, dass ab 1989 keine M\u00e4nnermannschaft gemeldet werden konnte.<\/p>\n\n\n\n<figure class=\"wp-container-22 wp-block-gallery-21 wp-block-gallery has-nested-images columns-default is-cropped\">\n<figure class=\"wp-block-image size-large\"><a href=\"https:\/\/50jahrevolleyball.seosystem.de\/wp-content\/uploads\/2022\/08\/60-Maenner.jpg\"><img loading=\"lazy\" width=\"770\" height=\"1024\" data-id=\"1250\"  src=\"https:\/\/50jahrevolleyball.seosystem.de\/wp-content\/uploads\/2022\/08\/60-Maenner-770x1024.jpg\" alt=\"\" class=\"wp-image-1250\" srcset=\"https:\/\/50jahrevolleyball.seosystem.de\/wp-content\/uploads\/2022\/08\/60-Maenner-770x1024.jpg 770w, https:\/\/50jahrevolleyball.seosystem.de\/wp-content\/uploads\/2022\/08\/60-Maenner-226x300.jpg 226w, https:\/\/50jahrevolleyball.seosystem.de\/wp-content\/uploads\/2022\/08\/60-Maenner-768x1021.jpg 768w, https:\/\/50jahrevolleyball.seosystem.de\/wp-content\/uploads\/2022\/08\/60-Maenner-1155x1536.jpg 1155w, https:\/\/50jahrevolleyball.seosystem.de\/wp-content\/uploads\/2022\/08\/60-Maenner-1541x2048.jpg 1541w, https:\/\/50jahrevolleyball.seosystem.de\/wp-content\/uploads\/2022\/08\/60-Maenner-1240x1648.jpg 1240w, https:\/\/50jahrevolleyball.seosystem.de\/wp-content\/uploads\/2022\/08\/60-Maenner-508x675.jpg 508w, https:\/\/50jahrevolleyball.seosystem.de\/wp-content\/uploads\/2022\/08\/60-Maenner.jpg 1600w\" sizes=\"(max-width: 770px) 100vw, 770px\" \/><\/a><\/figure>\n\n\n\n<figure class=\"wp-block-image size-large\"><a href=\"https:\/\/50jahrevolleyball.seosystem.de\/wp-content\/uploads\/2022\/08\/61-Werner-Detlef-Mani.jpg\"><img loading=\"lazy\" width=\"1024\" height=\"551\" data-id=\"1251\"  src=\"https:\/\/50jahrevolleyball.seosystem.de\/wp-content\/uploads\/2022\/08\/61-Werner-Detlef-Mani-1024x551.jpg\" alt=\"\" class=\"wp-image-1251\" srcset=\"https:\/\/50jahrevolleyball.seosystem.de\/wp-content\/uploads\/2022\/08\/61-Werner-Detlef-Mani-1024x551.jpg 1024w, https:\/\/50jahrevolleyball.seosystem.de\/wp-content\/uploads\/2022\/08\/61-Werner-Detlef-Mani-300x161.jpg 300w, https:\/\/50jahrevolleyball.seosystem.de\/wp-content\/uploads\/2022\/08\/61-Werner-Detlef-Mani-768x413.jpg 768w, https:\/\/50jahrevolleyball.seosystem.de\/wp-content\/uploads\/2022\/08\/61-Werner-Detlef-Mani-1536x827.jpg 1536w, https:\/\/50jahrevolleyball.seosystem.de\/wp-content\/uploads\/2022\/08\/61-Werner-Detlef-Mani-1240x667.jpg 1240w, https:\/\/50jahrevolleyball.seosystem.de\/wp-content\/uploads\/2022\/08\/61-Werner-Detlef-Mani-508x273.jpg 508w, https:\/\/50jahrevolleyball.seosystem.de\/wp-content\/uploads\/2022\/08\/61-Werner-Detlef-Mani.jpg 1600w\" sizes=\"(max-width: 1024px) 100vw, 1024px\" \/><\/a><\/figure>\n\n\n\n<figure class=\"wp-block-image size-large\"><a href=\"https:\/\/50jahrevolleyball.seosystem.de\/wp-content\/uploads\/2022\/08\/62-Klaus-Ruhnow-Jakob.jpg\"><img loading=\"lazy\" width=\"944\" height=\"1024\" data-id=\"1252\"  src=\"https:\/\/50jahrevolleyball.seosystem.de\/wp-content\/uploads\/2022\/08\/62-Klaus-Ruhnow-Jakob-944x1024.jpg\" alt=\"\" class=\"wp-image-1252\" srcset=\"https:\/\/50jahrevolleyball.seosystem.de\/wp-content\/uploads\/2022\/08\/62-Klaus-Ruhnow-Jakob-944x1024.jpg 944w, https:\/\/50jahrevolleyball.seosystem.de\/wp-content\/uploads\/2022\/08\/62-Klaus-Ruhnow-Jakob-277x300.jpg 277w, https:\/\/50jahrevolleyball.seosystem.de\/wp-content\/uploads\/2022\/08\/62-Klaus-Ruhnow-Jakob-768x833.jpg 768w, https:\/\/50jahrevolleyball.seosystem.de\/wp-content\/uploads\/2022\/08\/62-Klaus-Ruhnow-Jakob-1416x1536.jpg 1416w, https:\/\/50jahrevolleyball.seosystem.de\/wp-content\/uploads\/2022\/08\/62-Klaus-Ruhnow-Jakob-1240x1345.jpg 1240w, https:\/\/50jahrevolleyball.seosystem.de\/wp-content\/uploads\/2022\/08\/62-Klaus-Ruhnow-Jakob-508x551.jpg 508w, https:\/\/50jahrevolleyball.seosystem.de\/wp-content\/uploads\/2022\/08\/62-Klaus-Ruhnow-Jakob.jpg 1600w\" sizes=\"(max-width: 944px) 100vw, 944px\" \/><\/a><\/figure>\n\n\n\n<figure class=\"wp-block-image size-large\"><a href=\"https:\/\/50jahrevolleyball.seosystem.de\/wp-content\/uploads\/2022\/08\/63-Maenner-1-und-2.jpg\"><img loading=\"lazy\" width=\"1024\" height=\"768\" data-id=\"1253\"  src=\"https:\/\/50jahrevolleyball.seosystem.de\/wp-content\/uploads\/2022\/08\/63-Maenner-1-und-2-1024x768.jpg\" alt=\"\" class=\"wp-image-1253\" srcset=\"https:\/\/50jahrevolleyball.seosystem.de\/wp-content\/uploads\/2022\/08\/63-Maenner-1-und-2-1024x768.jpg 1024w, https:\/\/50jahrevolleyball.seosystem.de\/wp-content\/uploads\/2022\/08\/63-Maenner-1-und-2-300x225.jpg 300w, https:\/\/50jahrevolleyball.seosystem.de\/wp-content\/uploads\/2022\/08\/63-Maenner-1-und-2-768x576.jpg 768w, https:\/\/50jahrevolleyball.seosystem.de\/wp-content\/uploads\/2022\/08\/63-Maenner-1-und-2-1536x1152.jpg 1536w, https:\/\/50jahrevolleyball.seosystem.de\/wp-content\/uploads\/2022\/08\/63-Maenner-1-und-2-1240x930.jpg 1240w, https:\/\/50jahrevolleyball.seosystem.de\/wp-content\/uploads\/2022\/08\/63-Maenner-1-und-2-508x381.jpg 508w, https:\/\/50jahrevolleyball.seosystem.de\/wp-content\/uploads\/2022\/08\/63-Maenner-1-und-2.jpg 1600w\" sizes=\"(max-width: 1024px) 100vw, 1024px\" \/><\/a><\/figure>\n<\/figure>\n\n\n\n<p><\/p>\n\n\n\n<p>Erst 1993 versuchten es Alex Markwordt, Uwe K\u00fchner, Andreas Fritz und Rolf D\u00f6hrer wieder. 1998 erfolgte der Zusammenschluss mit dem \u201eErzfeind\u201c TG \u00d6tigheim zu einer SG.<\/p>\n\n\n\n<p>Diese hielt aber nur 2 Jahre.<\/p>\n\n\n\n<p>Das Ende war wieder verbunden mit dem Weggang guter Spieler.<\/p>\n\n\n\n<figure class=\"wp-block-image size-large\"><a href=\"https:\/\/50jahrevolleyball.seosystem.de\/wp-content\/uploads\/2022\/08\/64-1-Maennerteam-2001.jpg\"><img loading=\"lazy\" width=\"1024\" height=\"691\" src=\"https:\/\/50jahrevolleyball.seosystem.de\/wp-content\/uploads\/2022\/08\/64-1-Maennerteam-2001-1024x691.jpg\" alt=\"\" class=\"wp-image-1254\" srcset=\"https:\/\/50jahrevolleyball.seosystem.de\/wp-content\/uploads\/2022\/08\/64-1-Maennerteam-2001-1024x691.jpg 1024w, https:\/\/50jahrevolleyball.seosystem.de\/wp-content\/uploads\/2022\/08\/64-1-Maennerteam-2001-300x203.jpg 300w, https:\/\/50jahrevolleyball.seosystem.de\/wp-content\/uploads\/2022\/08\/64-1-Maennerteam-2001-768x518.jpg 768w, https:\/\/50jahrevolleyball.seosystem.de\/wp-content\/uploads\/2022\/08\/64-1-Maennerteam-2001-1536x1037.jpg 1536w, https:\/\/50jahrevolleyball.seosystem.de\/wp-content\/uploads\/2022\/08\/64-1-Maennerteam-2001-1240x837.jpg 1240w, https:\/\/50jahrevolleyball.seosystem.de\/wp-content\/uploads\/2022\/08\/64-1-Maennerteam-2001-508x343.jpg 508w, https:\/\/50jahrevolleyball.seosystem.de\/wp-content\/uploads\/2022\/08\/64-1-Maennerteam-2001.jpg 1600w\" sizes=\"(max-width: 1024px) 100vw, 1024px\" \/><\/a><\/figure>\n\n\n\n<p>Ein erneuter Start 2001 mit Alex Markwordt, Heiko v. Steht, Thomas F\u00f6ckler, Daniel Schneidewind und Jugendtrainerin Karin L\u00f6hnert schafften es immerhin, wieder 2 M\u00e4nnerteams zu bilden. Mit Frank Prechelt als Spielertrainer erreichte man immerhin die LL.<\/p>\n\n\n\n<p>Zu viele \u201eAusw\u00e4rtige\u201c, welche diese Mannschaft enorm verst\u00e4rkt hatten, sowie die Tatsache, dass Frank Prechelt sich voll auf die M\u00e4dchenteams konzentrierte, lie\u00dfen die 1. Mannschaft 2007 platzen.<\/p>\n\n\n\n<figure class=\"wp-container-24 wp-block-gallery-23 wp-block-gallery has-nested-images columns-default is-cropped\">\n<figure class=\"wp-block-image size-large\"><a href=\"https:\/\/50jahrevolleyball.seosystem.de\/wp-content\/uploads\/2022\/08\/65-Maenner-Prechelt-Heiko.jpg\"><img loading=\"lazy\" width=\"1024\" height=\"768\" data-id=\"1255\"  src=\"https:\/\/50jahrevolleyball.seosystem.de\/wp-content\/uploads\/2022\/08\/65-Maenner-Prechelt-Heiko-1024x768.jpg\" alt=\"\" class=\"wp-image-1255\" srcset=\"https:\/\/50jahrevolleyball.seosystem.de\/wp-content\/uploads\/2022\/08\/65-Maenner-Prechelt-Heiko-1024x768.jpg 1024w, https:\/\/50jahrevolleyball.seosystem.de\/wp-content\/uploads\/2022\/08\/65-Maenner-Prechelt-Heiko-300x225.jpg 300w, https:\/\/50jahrevolleyball.seosystem.de\/wp-content\/uploads\/2022\/08\/65-Maenner-Prechelt-Heiko-768x576.jpg 768w, https:\/\/50jahrevolleyball.seosystem.de\/wp-content\/uploads\/2022\/08\/65-Maenner-Prechelt-Heiko-1536x1152.jpg 1536w, https:\/\/50jahrevolleyball.seosystem.de\/wp-content\/uploads\/2022\/08\/65-Maenner-Prechelt-Heiko-1240x930.jpg 1240w, https:\/\/50jahrevolleyball.seosystem.de\/wp-content\/uploads\/2022\/08\/65-Maenner-Prechelt-Heiko-508x381.jpg 508w, https:\/\/50jahrevolleyball.seosystem.de\/wp-content\/uploads\/2022\/08\/65-Maenner-Prechelt-Heiko.jpg 1600w\" sizes=\"(max-width: 1024px) 100vw, 1024px\" \/><\/a><\/figure>\n\n\n\n<figure class=\"wp-block-image size-large\"><a href=\"https:\/\/50jahrevolleyball.seosystem.de\/wp-content\/uploads\/2022\/08\/66-Maenner-Alex-Simon.jpg\"><img loading=\"lazy\" width=\"1024\" height=\"768\" data-id=\"1256\"  src=\"https:\/\/50jahrevolleyball.seosystem.de\/wp-content\/uploads\/2022\/08\/66-Maenner-Alex-Simon-1024x768.jpg\" alt=\"\" class=\"wp-image-1256\" srcset=\"https:\/\/50jahrevolleyball.seosystem.de\/wp-content\/uploads\/2022\/08\/66-Maenner-Alex-Simon-1024x768.jpg 1024w, https:\/\/50jahrevolleyball.seosystem.de\/wp-content\/uploads\/2022\/08\/66-Maenner-Alex-Simon-300x225.jpg 300w, https:\/\/50jahrevolleyball.seosystem.de\/wp-content\/uploads\/2022\/08\/66-Maenner-Alex-Simon-768x576.jpg 768w, https:\/\/50jahrevolleyball.seosystem.de\/wp-content\/uploads\/2022\/08\/66-Maenner-Alex-Simon-1536x1152.jpg 1536w, https:\/\/50jahrevolleyball.seosystem.de\/wp-content\/uploads\/2022\/08\/66-Maenner-Alex-Simon-1240x930.jpg 1240w, https:\/\/50jahrevolleyball.seosystem.de\/wp-content\/uploads\/2022\/08\/66-Maenner-Alex-Simon-508x381.jpg 508w, https:\/\/50jahrevolleyball.seosystem.de\/wp-content\/uploads\/2022\/08\/66-Maenner-Alex-Simon.jpg 1600w\" sizes=\"(max-width: 1024px) 100vw, 1024px\" \/><\/a><\/figure>\n\n\n\n<figure class=\"wp-block-image size-large\"><a href=\"https:\/\/50jahrevolleyball.seosystem.de\/wp-content\/uploads\/2022\/08\/67-Maenner-1.jpg\"><img loading=\"lazy\" width=\"1024\" height=\"897\" data-id=\"1257\"  src=\"https:\/\/50jahrevolleyball.seosystem.de\/wp-content\/uploads\/2022\/08\/67-Maenner-1-1024x897.jpg\" alt=\"\" class=\"wp-image-1257\" srcset=\"https:\/\/50jahrevolleyball.seosystem.de\/wp-content\/uploads\/2022\/08\/67-Maenner-1-1024x897.jpg 1024w, https:\/\/50jahrevolleyball.seosystem.de\/wp-content\/uploads\/2022\/08\/67-Maenner-1-300x263.jpg 300w, https:\/\/50jahrevolleyball.seosystem.de\/wp-content\/uploads\/2022\/08\/67-Maenner-1-768x673.jpg 768w, https:\/\/50jahrevolleyball.seosystem.de\/wp-content\/uploads\/2022\/08\/67-Maenner-1-1536x1346.jpg 1536w, https:\/\/50jahrevolleyball.seosystem.de\/wp-content\/uploads\/2022\/08\/67-Maenner-1-1240x1087.jpg 1240w, https:\/\/50jahrevolleyball.seosystem.de\/wp-content\/uploads\/2022\/08\/67-Maenner-1-508x445.jpg 508w, https:\/\/50jahrevolleyball.seosystem.de\/wp-content\/uploads\/2022\/08\/67-Maenner-1.jpg 1600w\" sizes=\"(max-width: 1024px) 100vw, 1024px\" \/><\/a><\/figure>\n<\/figure>\n\n\n\n<p><\/p>\n\n\n\n<p>Uwe K\u00fchner, Sebastian Knedler, Philipp Kempf, Urs Sambale u.v.m.&nbsp; hielten ein zartes M\u00e4nnerpfl\u00e4nzchen am Leben. Trotz verst\u00e4rkter&nbsp;Jugendarbeit konnten sie und Kevin Karsch aber nicht erreichen, M\u00e4nnervolleyball in Rastatt auf starke F\u00fc\u00dfe zu stellen. <\/p>\n\n\n\n<p>Ab 2016 gab es kein M\u00e4nnerteam mehr, u.a. auch, weil auf Dauer die Anstellung eines bezahlten Trainers nicht finanzierbar war.<\/p>\n\n\n\n<figure class=\"wp-container-26 wp-block-gallery-25 wp-block-gallery has-nested-images columns-default is-cropped\">\n<figure class=\"wp-block-image size-large\"><a href=\"https:\/\/50jahrevolleyball.seosystem.de\/wp-content\/uploads\/2022\/08\/68-1-Kempf-Philipp.jpg\"><img loading=\"lazy\" width=\"769\" height=\"1024\" data-id=\"1258\"  src=\"https:\/\/50jahrevolleyball.seosystem.de\/wp-content\/uploads\/2022\/08\/68-1-Kempf-Philipp-769x1024.jpg\" alt=\"\" class=\"wp-image-1258\" srcset=\"https:\/\/50jahrevolleyball.seosystem.de\/wp-content\/uploads\/2022\/08\/68-1-Kempf-Philipp-769x1024.jpg 769w, https:\/\/50jahrevolleyball.seosystem.de\/wp-content\/uploads\/2022\/08\/68-1-Kempf-Philipp-225x300.jpg 225w, https:\/\/50jahrevolleyball.seosystem.de\/wp-content\/uploads\/2022\/08\/68-1-Kempf-Philipp-768x1023.jpg 768w, https:\/\/50jahrevolleyball.seosystem.de\/wp-content\/uploads\/2022\/08\/68-1-Kempf-Philipp-1153x1536.jpg 1153w, https:\/\/50jahrevolleyball.seosystem.de\/wp-content\/uploads\/2022\/08\/68-1-Kempf-Philipp-1538x2048.jpg 1538w, https:\/\/50jahrevolleyball.seosystem.de\/wp-content\/uploads\/2022\/08\/68-1-Kempf-Philipp-1240x1652.jpg 1240w, https:\/\/50jahrevolleyball.seosystem.de\/wp-content\/uploads\/2022\/08\/68-1-Kempf-Philipp-508x677.jpg 508w, https:\/\/50jahrevolleyball.seosystem.de\/wp-content\/uploads\/2022\/08\/68-1-Kempf-Philipp.jpg 1600w\" sizes=\"(max-width: 769px) 100vw, 769px\" \/><\/a><figcaption>Philipp Kempf<\/figcaption><\/figure>\n\n\n\n<figure class=\"wp-block-image size-large\"><a href=\"https:\/\/50jahrevolleyball.seosystem.de\/wp-content\/uploads\/2022\/08\/68-2-Urs-2006.jpg\"><img loading=\"lazy\" width=\"1024\" height=\"768\" data-id=\"1259\"  src=\"https:\/\/50jahrevolleyball.seosystem.de\/wp-content\/uploads\/2022\/08\/68-2-Urs-2006-1024x768.jpg\" alt=\"\" class=\"wp-image-1259\" srcset=\"https:\/\/50jahrevolleyball.seosystem.de\/wp-content\/uploads\/2022\/08\/68-2-Urs-2006-1024x768.jpg 1024w, https:\/\/50jahrevolleyball.seosystem.de\/wp-content\/uploads\/2022\/08\/68-2-Urs-2006-300x225.jpg 300w, https:\/\/50jahrevolleyball.seosystem.de\/wp-content\/uploads\/2022\/08\/68-2-Urs-2006-768x576.jpg 768w, https:\/\/50jahrevolleyball.seosystem.de\/wp-content\/uploads\/2022\/08\/68-2-Urs-2006-1536x1152.jpg 1536w, https:\/\/50jahrevolleyball.seosystem.de\/wp-content\/uploads\/2022\/08\/68-2-Urs-2006-1240x930.jpg 1240w, https:\/\/50jahrevolleyball.seosystem.de\/wp-content\/uploads\/2022\/08\/68-2-Urs-2006-508x381.jpg 508w, https:\/\/50jahrevolleyball.seosystem.de\/wp-content\/uploads\/2022\/08\/68-2-Urs-2006.jpg 1600w\" sizes=\"(max-width: 1024px) 100vw, 1024px\" \/><\/a><figcaption>Urs Sambale<\/figcaption><\/figure>\n\n\n\n<figure class=\"wp-block-image size-large\"><a href=\"https:\/\/50jahrevolleyball.seosystem.de\/wp-content\/uploads\/2022\/08\/68-Jugend-m-2013.jpg\"><img loading=\"lazy\" width=\"1024\" height=\"768\" data-id=\"1261\"  src=\"https:\/\/50jahrevolleyball.seosystem.de\/wp-content\/uploads\/2022\/08\/68-Jugend-m-2013-1024x768.jpg\" alt=\"\" class=\"wp-image-1261\" srcset=\"https:\/\/50jahrevolleyball.seosystem.de\/wp-content\/uploads\/2022\/08\/68-Jugend-m-2013-1024x768.jpg 1024w, https:\/\/50jahrevolleyball.seosystem.de\/wp-content\/uploads\/2022\/08\/68-Jugend-m-2013-300x225.jpg 300w, https:\/\/50jahrevolleyball.seosystem.de\/wp-content\/uploads\/2022\/08\/68-Jugend-m-2013-768x576.jpg 768w, https:\/\/50jahrevolleyball.seosystem.de\/wp-content\/uploads\/2022\/08\/68-Jugend-m-2013-1536x1152.jpg 1536w, https:\/\/50jahrevolleyball.seosystem.de\/wp-content\/uploads\/2022\/08\/68-Jugend-m-2013-1240x930.jpg 1240w, https:\/\/50jahrevolleyball.seosystem.de\/wp-content\/uploads\/2022\/08\/68-Jugend-m-2013-508x381.jpg 508w, https:\/\/50jahrevolleyball.seosystem.de\/wp-content\/uploads\/2022\/08\/68-Jugend-m-2013.jpg 1600w\" sizes=\"(max-width: 1024px) 100vw, 1024px\" \/><\/a><\/figure>\n\n\n\n<figure class=\"wp-block-image size-large\"><a href=\"https:\/\/50jahrevolleyball.seosystem.de\/wp-content\/uploads\/2022\/08\/69-1-Herrenmannschaft-2013-Karsch-Kempf.jpg\"><img loading=\"lazy\" width=\"1024\" height=\"681\" data-id=\"1260\"  src=\"https:\/\/50jahrevolleyball.seosystem.de\/wp-content\/uploads\/2022\/08\/69-1-Herrenmannschaft-2013-Karsch-Kempf-1024x681.jpg\" alt=\"\" class=\"wp-image-1260\" srcset=\"https:\/\/50jahrevolleyball.seosystem.de\/wp-content\/uploads\/2022\/08\/69-1-Herrenmannschaft-2013-Karsch-Kempf-1024x681.jpg 1024w, https:\/\/50jahrevolleyball.seosystem.de\/wp-content\/uploads\/2022\/08\/69-1-Herrenmannschaft-2013-Karsch-Kempf-300x200.jpg 300w, https:\/\/50jahrevolleyball.seosystem.de\/wp-content\/uploads\/2022\/08\/69-1-Herrenmannschaft-2013-Karsch-Kempf-768x511.jpg 768w, https:\/\/50jahrevolleyball.seosystem.de\/wp-content\/uploads\/2022\/08\/69-1-Herrenmannschaft-2013-Karsch-Kempf-1536x1021.jpg 1536w, https:\/\/50jahrevolleyball.seosystem.de\/wp-content\/uploads\/2022\/08\/69-1-Herrenmannschaft-2013-Karsch-Kempf-1240x825.jpg 1240w, https:\/\/50jahrevolleyball.seosystem.de\/wp-content\/uploads\/2022\/08\/69-1-Herrenmannschaft-2013-Karsch-Kempf-508x338.jpg 508w, https:\/\/50jahrevolleyball.seosystem.de\/wp-content\/uploads\/2022\/08\/69-1-Herrenmannschaft-2013-Karsch-Kempf.jpg 1600w\" sizes=\"(max-width: 1024px) 100vw, 1024px\" \/><\/a><\/figure>\n\n\n\n<figure class=\"wp-block-image size-large\"><a href=\"https:\/\/50jahrevolleyball.seosystem.de\/wp-content\/uploads\/2022\/08\/69-Maenner-2015.jpg\"><img loading=\"lazy\" width=\"1024\" height=\"768\" data-id=\"1262\"  src=\"https:\/\/50jahrevolleyball.seosystem.de\/wp-content\/uploads\/2022\/08\/69-Maenner-2015-1024x768.jpg\" alt=\"\" class=\"wp-image-1262\" srcset=\"https:\/\/50jahrevolleyball.seosystem.de\/wp-content\/uploads\/2022\/08\/69-Maenner-2015-1024x768.jpg 1024w, https:\/\/50jahrevolleyball.seosystem.de\/wp-content\/uploads\/2022\/08\/69-Maenner-2015-300x225.jpg 300w, https:\/\/50jahrevolleyball.seosystem.de\/wp-content\/uploads\/2022\/08\/69-Maenner-2015-768x576.jpg 768w, https:\/\/50jahrevolleyball.seosystem.de\/wp-content\/uploads\/2022\/08\/69-Maenner-2015-1536x1152.jpg 1536w, https:\/\/50jahrevolleyball.seosystem.de\/wp-content\/uploads\/2022\/08\/69-Maenner-2015-1240x930.jpg 1240w, https:\/\/50jahrevolleyball.seosystem.de\/wp-content\/uploads\/2022\/08\/69-Maenner-2015-508x381.jpg 508w, https:\/\/50jahrevolleyball.seosystem.de\/wp-content\/uploads\/2022\/08\/69-Maenner-2015.jpg 1600w\" sizes=\"(max-width: 1024px) 100vw, 1024px\" \/><\/a><\/figure>\n<\/figure>\n\n\n\n<p><\/p>\n\n\n\n<p><strong><u>Hobby \u2013 Mixed \u2013 &nbsp;&nbsp;&nbsp;&nbsp;Die&nbsp; \u201ePrallnasen\u201c<\/u><\/strong><\/p>\n\n\n\n<p>1978 gr\u00fcndete Klaus Sambale die Hobbygruppe, sie gaben sich den Mannschaftsnamen die \u201ePrallnasen\u201c.<\/p>\n\n\n\n<p>Beabsichtigt war, sich vom stressigen \u201eLeistungsvolleyball\u201c fernzuhalten und \u201ejust for fun\u201c spielen zu k\u00f6nnen. Das sollte sich aber schnell \u00e4ndern.<\/p>\n\n\n\n<p>Trainer Klaus Sambale und Mathias Bader waren \u00fcber Jahrzehnte die St\u00fctzpfeiler der \u201ePrallnasen\u201c.<\/p>\n\n\n\n<p>Der Mixedbereich boomte, zeitweilig wurden 3 Trainingseinheiten angeboten.<\/p>\n\n\n\n<figure class=\"wp-container-28 wp-block-gallery-27 wp-block-gallery has-nested-images columns-default is-cropped\">\n<figure class=\"wp-block-image size-large\"><a href=\"https:\/\/50jahrevolleyball.seosystem.de\/wp-content\/uploads\/2022\/08\/70-0-1-Hobby-1984.jpg\"><img loading=\"lazy\" width=\"1024\" height=\"673\" data-id=\"1263\"  src=\"https:\/\/50jahrevolleyball.seosystem.de\/wp-content\/uploads\/2022\/08\/70-0-1-Hobby-1984-1024x673.jpg\" alt=\"\" class=\"wp-image-1263\" srcset=\"https:\/\/50jahrevolleyball.seosystem.de\/wp-content\/uploads\/2022\/08\/70-0-1-Hobby-1984-1024x673.jpg 1024w, https:\/\/50jahrevolleyball.seosystem.de\/wp-content\/uploads\/2022\/08\/70-0-1-Hobby-1984-300x197.jpg 300w, https:\/\/50jahrevolleyball.seosystem.de\/wp-content\/uploads\/2022\/08\/70-0-1-Hobby-1984-768x505.jpg 768w, https:\/\/50jahrevolleyball.seosystem.de\/wp-content\/uploads\/2022\/08\/70-0-1-Hobby-1984-1536x1010.jpg 1536w, https:\/\/50jahrevolleyball.seosystem.de\/wp-content\/uploads\/2022\/08\/70-0-1-Hobby-1984-1240x815.jpg 1240w, https:\/\/50jahrevolleyball.seosystem.de\/wp-content\/uploads\/2022\/08\/70-0-1-Hobby-1984-508x334.jpg 508w, https:\/\/50jahrevolleyball.seosystem.de\/wp-content\/uploads\/2022\/08\/70-0-1-Hobby-1984.jpg 1600w\" sizes=\"(max-width: 1024px) 100vw, 1024px\" \/><\/a><\/figure>\n\n\n\n<figure class=\"wp-block-image size-large\"><a href=\"https:\/\/50jahrevolleyball.seosystem.de\/wp-content\/uploads\/2022\/08\/70-1-Klaus.jpg\"><img loading=\"lazy\" width=\"768\" height=\"1024\" data-id=\"1264\"  src=\"https:\/\/50jahrevolleyball.seosystem.de\/wp-content\/uploads\/2022\/08\/70-1-Klaus-768x1024.jpg\" alt=\"\" class=\"wp-image-1264\" srcset=\"https:\/\/50jahrevolleyball.seosystem.de\/wp-content\/uploads\/2022\/08\/70-1-Klaus-768x1024.jpg 768w, https:\/\/50jahrevolleyball.seosystem.de\/wp-content\/uploads\/2022\/08\/70-1-Klaus-225x300.jpg 225w, https:\/\/50jahrevolleyball.seosystem.de\/wp-content\/uploads\/2022\/08\/70-1-Klaus-1152x1536.jpg 1152w, https:\/\/50jahrevolleyball.seosystem.de\/wp-content\/uploads\/2022\/08\/70-1-Klaus-1536x2048.jpg 1536w, https:\/\/50jahrevolleyball.seosystem.de\/wp-content\/uploads\/2022\/08\/70-1-Klaus-1240x1653.jpg 1240w, https:\/\/50jahrevolleyball.seosystem.de\/wp-content\/uploads\/2022\/08\/70-1-Klaus-508x677.jpg 508w, https:\/\/50jahrevolleyball.seosystem.de\/wp-content\/uploads\/2022\/08\/70-1-Klaus.jpg 1600w\" sizes=\"(max-width: 768px) 100vw, 768px\" \/><\/a><figcaption>Klaus Sambale<\/figcaption><\/figure>\n\n\n\n<figure class=\"wp-block-image size-large\"><a href=\"https:\/\/50jahrevolleyball.seosystem.de\/wp-content\/uploads\/2022\/08\/70-1-1Matthias-Bader.jpg\"><img loading=\"lazy\" width=\"1024\" height=\"768\" data-id=\"1265\"  src=\"https:\/\/50jahrevolleyball.seosystem.de\/wp-content\/uploads\/2022\/08\/70-1-1Matthias-Bader-1024x768.jpg\" alt=\"\" class=\"wp-image-1265\" srcset=\"https:\/\/50jahrevolleyball.seosystem.de\/wp-content\/uploads\/2022\/08\/70-1-1Matthias-Bader-1024x768.jpg 1024w, https:\/\/50jahrevolleyball.seosystem.de\/wp-content\/uploads\/2022\/08\/70-1-1Matthias-Bader-300x225.jpg 300w, https:\/\/50jahrevolleyball.seosystem.de\/wp-content\/uploads\/2022\/08\/70-1-1Matthias-Bader-768x576.jpg 768w, https:\/\/50jahrevolleyball.seosystem.de\/wp-content\/uploads\/2022\/08\/70-1-1Matthias-Bader-1536x1152.jpg 1536w, https:\/\/50jahrevolleyball.seosystem.de\/wp-content\/uploads\/2022\/08\/70-1-1Matthias-Bader-1240x930.jpg 1240w, https:\/\/50jahrevolleyball.seosystem.de\/wp-content\/uploads\/2022\/08\/70-1-1Matthias-Bader-508x381.jpg 508w, https:\/\/50jahrevolleyball.seosystem.de\/wp-content\/uploads\/2022\/08\/70-1-1Matthias-Bader.jpg 1600w\" sizes=\"(max-width: 1024px) 100vw, 1024px\" \/><\/a><figcaption>Digital StillCamera<\/figcaption><\/figure>\n\n\n\n<figure class=\"wp-block-image size-large\"><a href=\"https:\/\/50jahrevolleyball.seosystem.de\/wp-content\/uploads\/2022\/08\/70-0-0-Klaus-Spielerpass.jpg\"><img loading=\"lazy\" width=\"726\" height=\"1024\" data-id=\"1266\"  src=\"https:\/\/50jahrevolleyball.seosystem.de\/wp-content\/uploads\/2022\/08\/70-0-0-Klaus-Spielerpass-726x1024.jpg\" alt=\"\" class=\"wp-image-1266\" srcset=\"https:\/\/50jahrevolleyball.seosystem.de\/wp-content\/uploads\/2022\/08\/70-0-0-Klaus-Spielerpass-726x1024.jpg 726w, https:\/\/50jahrevolleyball.seosystem.de\/wp-content\/uploads\/2022\/08\/70-0-0-Klaus-Spielerpass-213x300.jpg 213w, https:\/\/50jahrevolleyball.seosystem.de\/wp-content\/uploads\/2022\/08\/70-0-0-Klaus-Spielerpass-768x1084.jpg 768w, https:\/\/50jahrevolleyball.seosystem.de\/wp-content\/uploads\/2022\/08\/70-0-0-Klaus-Spielerpass-1088x1536.jpg 1088w, https:\/\/50jahrevolleyball.seosystem.de\/wp-content\/uploads\/2022\/08\/70-0-0-Klaus-Spielerpass-1451x2048.jpg 1451w, https:\/\/50jahrevolleyball.seosystem.de\/wp-content\/uploads\/2022\/08\/70-0-0-Klaus-Spielerpass-1240x1750.jpg 1240w, https:\/\/50jahrevolleyball.seosystem.de\/wp-content\/uploads\/2022\/08\/70-0-0-Klaus-Spielerpass-508x717.jpg 508w, https:\/\/50jahrevolleyball.seosystem.de\/wp-content\/uploads\/2022\/08\/70-0-0-Klaus-Spielerpass.jpg 1600w\" sizes=\"(max-width: 726px) 100vw, 726px\" \/><\/a><\/figure>\n<\/figure>\n\n\n\n<p>Immer wieder mussten Aufnahmestopps verh\u00e4ngt werden.<\/p>\n\n\n\n<p>Die Teilnahme am \u201eCrackers oder \u201e SWR Turnier\u201c und die zahlreichen, gro\u00dfen, mehrt\u00e4gigen Heimturniere, incl. legend\u00e4ren Partys, machten die Hobbys erfolgreich und attraktiv.<\/p>\n\n\n\n<p>Klaus Sambale war auch der Kontakt zu den Volleyballern der Partnerstadt \u201eOrange\u201c zu verdanken.<\/p>\n\n\n\n<p>Insgesamt 4 Besuche und Gegenbesuche waren die H\u00f6hepunkte dieser deutsch-franz. Freundschaft. Ab 2003 schlossen sich die Senioren und Hobbys zu einer Trainingsgruppe zusammen.<\/p>\n\n\n\n<figure class=\"wp-container-30 wp-block-gallery-29 wp-block-gallery has-nested-images columns-default is-cropped\">\n<figure class=\"wp-block-image size-large\"><a href=\"https:\/\/50jahrevolleyball.seosystem.de\/wp-content\/uploads\/2022\/08\/70-4-Daniel-Matthias.jpg\"><img loading=\"lazy\" width=\"1024\" height=\"768\" data-id=\"1267\"  src=\"https:\/\/50jahrevolleyball.seosystem.de\/wp-content\/uploads\/2022\/08\/70-4-Daniel-Matthias-1024x768.jpg\" alt=\"\" class=\"wp-image-1267\" srcset=\"https:\/\/50jahrevolleyball.seosystem.de\/wp-content\/uploads\/2022\/08\/70-4-Daniel-Matthias-1024x768.jpg 1024w, https:\/\/50jahrevolleyball.seosystem.de\/wp-content\/uploads\/2022\/08\/70-4-Daniel-Matthias-300x225.jpg 300w, https:\/\/50jahrevolleyball.seosystem.de\/wp-content\/uploads\/2022\/08\/70-4-Daniel-Matthias-768x576.jpg 768w, https:\/\/50jahrevolleyball.seosystem.de\/wp-content\/uploads\/2022\/08\/70-4-Daniel-Matthias-1536x1152.jpg 1536w, https:\/\/50jahrevolleyball.seosystem.de\/wp-content\/uploads\/2022\/08\/70-4-Daniel-Matthias-1240x930.jpg 1240w, https:\/\/50jahrevolleyball.seosystem.de\/wp-content\/uploads\/2022\/08\/70-4-Daniel-Matthias-508x381.jpg 508w, https:\/\/50jahrevolleyball.seosystem.de\/wp-content\/uploads\/2022\/08\/70-4-Daniel-Matthias.jpg 1600w\" sizes=\"(max-width: 1024px) 100vw, 1024px\" \/><\/a><\/figure>\n\n\n\n<figure class=\"wp-block-image size-large\"><a href=\"https:\/\/50jahrevolleyball.seosystem.de\/wp-content\/uploads\/2022\/08\/70-4-Thomas-Uwe-Karin-u.a..jpg\"><img loading=\"lazy\" width=\"768\" height=\"1024\" data-id=\"1268\"  src=\"https:\/\/50jahrevolleyball.seosystem.de\/wp-content\/uploads\/2022\/08\/70-4-Thomas-Uwe-Karin-u.a.-768x1024.jpg\" alt=\"\" class=\"wp-image-1268\" srcset=\"https:\/\/50jahrevolleyball.seosystem.de\/wp-content\/uploads\/2022\/08\/70-4-Thomas-Uwe-Karin-u.a.-768x1024.jpg 768w, https:\/\/50jahrevolleyball.seosystem.de\/wp-content\/uploads\/2022\/08\/70-4-Thomas-Uwe-Karin-u.a.-225x300.jpg 225w, https:\/\/50jahrevolleyball.seosystem.de\/wp-content\/uploads\/2022\/08\/70-4-Thomas-Uwe-Karin-u.a.-1152x1536.jpg 1152w, https:\/\/50jahrevolleyball.seosystem.de\/wp-content\/uploads\/2022\/08\/70-4-Thomas-Uwe-Karin-u.a.-1536x2048.jpg 1536w, https:\/\/50jahrevolleyball.seosystem.de\/wp-content\/uploads\/2022\/08\/70-4-Thomas-Uwe-Karin-u.a.-1240x1654.jpg 1240w, https:\/\/50jahrevolleyball.seosystem.de\/wp-content\/uploads\/2022\/08\/70-4-Thomas-Uwe-Karin-u.a.-508x678.jpg 508w, https:\/\/50jahrevolleyball.seosystem.de\/wp-content\/uploads\/2022\/08\/70-4-Thomas-Uwe-Karin-u.a..jpg 1600w\" sizes=\"(max-width: 768px) 100vw, 768px\" \/><\/a><\/figure>\n\n\n\n<figure class=\"wp-block-image size-large\"><a href=\"https:\/\/50jahrevolleyball.seosystem.de\/wp-content\/uploads\/2022\/08\/70-5-Manu-Klaus.jpg\"><img loading=\"lazy\" width=\"1024\" height=\"768\" data-id=\"1269\"  src=\"https:\/\/50jahrevolleyball.seosystem.de\/wp-content\/uploads\/2022\/08\/70-5-Manu-Klaus-1024x768.jpg\" alt=\"\" class=\"wp-image-1269\" srcset=\"https:\/\/50jahrevolleyball.seosystem.de\/wp-content\/uploads\/2022\/08\/70-5-Manu-Klaus-1024x768.jpg 1024w, https:\/\/50jahrevolleyball.seosystem.de\/wp-content\/uploads\/2022\/08\/70-5-Manu-Klaus-300x225.jpg 300w, https:\/\/50jahrevolleyball.seosystem.de\/wp-content\/uploads\/2022\/08\/70-5-Manu-Klaus-768x576.jpg 768w, https:\/\/50jahrevolleyball.seosystem.de\/wp-content\/uploads\/2022\/08\/70-5-Manu-Klaus-1536x1152.jpg 1536w, https:\/\/50jahrevolleyball.seosystem.de\/wp-content\/uploads\/2022\/08\/70-5-Manu-Klaus-1240x930.jpg 1240w, https:\/\/50jahrevolleyball.seosystem.de\/wp-content\/uploads\/2022\/08\/70-5-Manu-Klaus-508x381.jpg 508w, https:\/\/50jahrevolleyball.seosystem.de\/wp-content\/uploads\/2022\/08\/70-5-Manu-Klaus.jpg 1600w\" sizes=\"(max-width: 1024px) 100vw, 1024px\" \/><\/a><\/figure>\n\n\n\n<figure class=\"wp-block-image size-large\"><a href=\"https:\/\/50jahrevolleyball.seosystem.de\/wp-content\/uploads\/2022\/08\/71-1-Dieter-Matthias.jpg\"><img loading=\"lazy\" width=\"1024\" height=\"768\" data-id=\"1270\"  src=\"https:\/\/50jahrevolleyball.seosystem.de\/wp-content\/uploads\/2022\/08\/71-1-Dieter-Matthias-1024x768.jpg\" alt=\"\" class=\"wp-image-1270\" srcset=\"https:\/\/50jahrevolleyball.seosystem.de\/wp-content\/uploads\/2022\/08\/71-1-Dieter-Matthias-1024x768.jpg 1024w, https:\/\/50jahrevolleyball.seosystem.de\/wp-content\/uploads\/2022\/08\/71-1-Dieter-Matthias-300x225.jpg 300w, https:\/\/50jahrevolleyball.seosystem.de\/wp-content\/uploads\/2022\/08\/71-1-Dieter-Matthias-768x576.jpg 768w, https:\/\/50jahrevolleyball.seosystem.de\/wp-content\/uploads\/2022\/08\/71-1-Dieter-Matthias-1536x1152.jpg 1536w, https:\/\/50jahrevolleyball.seosystem.de\/wp-content\/uploads\/2022\/08\/71-1-Dieter-Matthias-1240x930.jpg 1240w, https:\/\/50jahrevolleyball.seosystem.de\/wp-content\/uploads\/2022\/08\/71-1-Dieter-Matthias-508x381.jpg 508w, https:\/\/50jahrevolleyball.seosystem.de\/wp-content\/uploads\/2022\/08\/71-1-Dieter-Matthias.jpg 1600w\" sizes=\"(max-width: 1024px) 100vw, 1024px\" \/><\/a><\/figure>\n\n\n\n<figure class=\"wp-block-image size-large\"><a href=\"https:\/\/50jahrevolleyball.seosystem.de\/wp-content\/uploads\/2022\/08\/72-1-Manu-Klaus-2.jpg\"><img loading=\"lazy\" width=\"1024\" height=\"768\" data-id=\"1271\"  src=\"https:\/\/50jahrevolleyball.seosystem.de\/wp-content\/uploads\/2022\/08\/72-1-Manu-Klaus-2-1024x768.jpg\" alt=\"\" class=\"wp-image-1271\" srcset=\"https:\/\/50jahrevolleyball.seosystem.de\/wp-content\/uploads\/2022\/08\/72-1-Manu-Klaus-2-1024x768.jpg 1024w, https:\/\/50jahrevolleyball.seosystem.de\/wp-content\/uploads\/2022\/08\/72-1-Manu-Klaus-2-300x225.jpg 300w, https:\/\/50jahrevolleyball.seosystem.de\/wp-content\/uploads\/2022\/08\/72-1-Manu-Klaus-2-768x576.jpg 768w, https:\/\/50jahrevolleyball.seosystem.de\/wp-content\/uploads\/2022\/08\/72-1-Manu-Klaus-2-1536x1152.jpg 1536w, https:\/\/50jahrevolleyball.seosystem.de\/wp-content\/uploads\/2022\/08\/72-1-Manu-Klaus-2-1240x930.jpg 1240w, https:\/\/50jahrevolleyball.seosystem.de\/wp-content\/uploads\/2022\/08\/72-1-Manu-Klaus-2-508x381.jpg 508w, https:\/\/50jahrevolleyball.seosystem.de\/wp-content\/uploads\/2022\/08\/72-1-Manu-Klaus-2.jpg 1600w\" sizes=\"(max-width: 1024px) 100vw, 1024px\" \/><\/a><\/figure>\n\n\n\n<figure class=\"wp-block-image size-large\"><a href=\"https:\/\/50jahrevolleyball.seosystem.de\/wp-content\/uploads\/2022\/08\/72-2-Orange-Manu-schwanger-Rolf-u.a..jpg\"><img loading=\"lazy\" width=\"1024\" height=\"768\" data-id=\"1273\"  src=\"https:\/\/50jahrevolleyball.seosystem.de\/wp-content\/uploads\/2022\/08\/72-2-Orange-Manu-schwanger-Rolf-u.a.-1024x768.jpg\" alt=\"\" class=\"wp-image-1273\" srcset=\"https:\/\/50jahrevolleyball.seosystem.de\/wp-content\/uploads\/2022\/08\/72-2-Orange-Manu-schwanger-Rolf-u.a.-1024x768.jpg 1024w, https:\/\/50jahrevolleyball.seosystem.de\/wp-content\/uploads\/2022\/08\/72-2-Orange-Manu-schwanger-Rolf-u.a.-300x225.jpg 300w, https:\/\/50jahrevolleyball.seosystem.de\/wp-content\/uploads\/2022\/08\/72-2-Orange-Manu-schwanger-Rolf-u.a.-768x576.jpg 768w, https:\/\/50jahrevolleyball.seosystem.de\/wp-content\/uploads\/2022\/08\/72-2-Orange-Manu-schwanger-Rolf-u.a.-1536x1152.jpg 1536w, https:\/\/50jahrevolleyball.seosystem.de\/wp-content\/uploads\/2022\/08\/72-2-Orange-Manu-schwanger-Rolf-u.a.-1240x930.jpg 1240w, https:\/\/50jahrevolleyball.seosystem.de\/wp-content\/uploads\/2022\/08\/72-2-Orange-Manu-schwanger-Rolf-u.a.-508x381.jpg 508w, https:\/\/50jahrevolleyball.seosystem.de\/wp-content\/uploads\/2022\/08\/72-2-Orange-Manu-schwanger-Rolf-u.a..jpg 1600w\" sizes=\"(max-width: 1024px) 100vw, 1024px\" \/><\/a><\/figure>\n\n\n\n<figure class=\"wp-block-image size-large\"><a href=\"https:\/\/50jahrevolleyball.seosystem.de\/wp-content\/uploads\/2022\/08\/70-2-Elke-Moni-Matthias-u.a.-2.jpg\"><img loading=\"lazy\" width=\"1024\" height=\"768\" data-id=\"1272\"  src=\"https:\/\/50jahrevolleyball.seosystem.de\/wp-content\/uploads\/2022\/08\/70-2-Elke-Moni-Matthias-u.a.-2-1024x768.jpg\" alt=\"\" class=\"wp-image-1272\" srcset=\"https:\/\/50jahrevolleyball.seosystem.de\/wp-content\/uploads\/2022\/08\/70-2-Elke-Moni-Matthias-u.a.-2-1024x768.jpg 1024w, https:\/\/50jahrevolleyball.seosystem.de\/wp-content\/uploads\/2022\/08\/70-2-Elke-Moni-Matthias-u.a.-2-300x225.jpg 300w, https:\/\/50jahrevolleyball.seosystem.de\/wp-content\/uploads\/2022\/08\/70-2-Elke-Moni-Matthias-u.a.-2-768x576.jpg 768w, https:\/\/50jahrevolleyball.seosystem.de\/wp-content\/uploads\/2022\/08\/70-2-Elke-Moni-Matthias-u.a.-2-1536x1152.jpg 1536w, https:\/\/50jahrevolleyball.seosystem.de\/wp-content\/uploads\/2022\/08\/70-2-Elke-Moni-Matthias-u.a.-2-1240x930.jpg 1240w, https:\/\/50jahrevolleyball.seosystem.de\/wp-content\/uploads\/2022\/08\/70-2-Elke-Moni-Matthias-u.a.-2-508x381.jpg 508w, https:\/\/50jahrevolleyball.seosystem.de\/wp-content\/uploads\/2022\/08\/70-2-Elke-Moni-Matthias-u.a.-2.jpg 1600w\" sizes=\"(max-width: 1024px) 100vw, 1024px\" \/><\/a><\/figure>\n\n\n\n<figure class=\"wp-block-image size-large\"><a href=\"https:\/\/50jahrevolleyball.seosystem.de\/wp-content\/uploads\/2022\/08\/70-3Prallnasen.jpg\"><img loading=\"lazy\" width=\"1024\" height=\"768\" data-id=\"1274\"  src=\"https:\/\/50jahrevolleyball.seosystem.de\/wp-content\/uploads\/2022\/08\/70-3Prallnasen-1024x768.jpg\" alt=\"\" class=\"wp-image-1274\" srcset=\"https:\/\/50jahrevolleyball.seosystem.de\/wp-content\/uploads\/2022\/08\/70-3Prallnasen-1024x768.jpg 1024w, https:\/\/50jahrevolleyball.seosystem.de\/wp-content\/uploads\/2022\/08\/70-3Prallnasen-300x225.jpg 300w, https:\/\/50jahrevolleyball.seosystem.de\/wp-content\/uploads\/2022\/08\/70-3Prallnasen-768x576.jpg 768w, https:\/\/50jahrevolleyball.seosystem.de\/wp-content\/uploads\/2022\/08\/70-3Prallnasen-1536x1152.jpg 1536w, https:\/\/50jahrevolleyball.seosystem.de\/wp-content\/uploads\/2022\/08\/70-3Prallnasen-1240x930.jpg 1240w, https:\/\/50jahrevolleyball.seosystem.de\/wp-content\/uploads\/2022\/08\/70-3Prallnasen-508x381.jpg 508w, https:\/\/50jahrevolleyball.seosystem.de\/wp-content\/uploads\/2022\/08\/70-3Prallnasen.jpg 1600w\" sizes=\"(max-width: 1024px) 100vw, 1024px\" \/><\/a><\/figure>\n<\/figure>\n\n\n\n<p>Eine Wiedergeburt der \u201ePrallnasen\u201c ergab sich 2014.<\/p>\n\n\n\n<p>Nach einer kurzen Findungsphase wurde ein Mixedteam @ Bild 73&nbsp; &nbsp;in der Freizeitliga des NVV angemeldet. Klaus Sambale \u00fcbernahm das Training, unterst\u00fctzt von @ Bild 74&nbsp; &nbsp;Uwe K\u00fchner und Martin Gr\u00e4finger. Zahlreiche neue SpielerInnen wurden jedes Jahr in das Team erfolgreich integriert, so dass der Aufstieg bis in die Bezirksliga gelang. Nur Corona verhinderte den Aufstieg in die Landesliga. Vielleicht ganz gut so, denn einige Spieler wechseln nun in die neu gegr\u00fcndete M\u00e4nnermannschaft. In der Saison 2022\/23 muss sich eine neue Mannschaft zusammenraufen.<\/p>\n\n\n\n<figure class=\"wp-container-32 wp-block-gallery-31 wp-block-gallery has-nested-images columns-default is-cropped\">\n<figure class=\"wp-block-image size-large\"><a href=\"https:\/\/50jahrevolleyball.seosystem.de\/wp-content\/uploads\/2022\/08\/73-Mixed.jpg\"><img loading=\"lazy\" width=\"931\" height=\"1024\" data-id=\"1276\"  src=\"https:\/\/50jahrevolleyball.seosystem.de\/wp-content\/uploads\/2022\/08\/73-Mixed-931x1024.jpg\" alt=\"\" class=\"wp-image-1276\" srcset=\"https:\/\/50jahrevolleyball.seosystem.de\/wp-content\/uploads\/2022\/08\/73-Mixed-931x1024.jpg 931w, https:\/\/50jahrevolleyball.seosystem.de\/wp-content\/uploads\/2022\/08\/73-Mixed-273x300.jpg 273w, https:\/\/50jahrevolleyball.seosystem.de\/wp-content\/uploads\/2022\/08\/73-Mixed-768x845.jpg 768w, https:\/\/50jahrevolleyball.seosystem.de\/wp-content\/uploads\/2022\/08\/73-Mixed-1396x1536.jpg 1396w, https:\/\/50jahrevolleyball.seosystem.de\/wp-content\/uploads\/2022\/08\/73-Mixed-1240x1364.jpg 1240w, https:\/\/50jahrevolleyball.seosystem.de\/wp-content\/uploads\/2022\/08\/73-Mixed-508x559.jpg 508w, https:\/\/50jahrevolleyball.seosystem.de\/wp-content\/uploads\/2022\/08\/73-Mixed.jpg 1600w\" sizes=\"(max-width: 931px) 100vw, 931px\" \/><\/a><\/figure>\n\n\n\n<figure class=\"wp-block-image size-large\"><a href=\"https:\/\/50jahrevolleyball.seosystem.de\/wp-content\/uploads\/2022\/08\/74-Gruendungsfeier-2022.jpg\"><img loading=\"lazy\" width=\"1024\" height=\"768\" data-id=\"1277\"  src=\"https:\/\/50jahrevolleyball.seosystem.de\/wp-content\/uploads\/2022\/08\/74-Gruendungsfeier-2022-1024x768.jpg\" alt=\"\" class=\"wp-image-1277\" srcset=\"https:\/\/50jahrevolleyball.seosystem.de\/wp-content\/uploads\/2022\/08\/74-Gruendungsfeier-2022-1024x768.jpg 1024w, https:\/\/50jahrevolleyball.seosystem.de\/wp-content\/uploads\/2022\/08\/74-Gruendungsfeier-2022-300x225.jpg 300w, https:\/\/50jahrevolleyball.seosystem.de\/wp-content\/uploads\/2022\/08\/74-Gruendungsfeier-2022-768x576.jpg 768w, https:\/\/50jahrevolleyball.seosystem.de\/wp-content\/uploads\/2022\/08\/74-Gruendungsfeier-2022-1536x1152.jpg 1536w, https:\/\/50jahrevolleyball.seosystem.de\/wp-content\/uploads\/2022\/08\/74-Gruendungsfeier-2022-1240x930.jpg 1240w, https:\/\/50jahrevolleyball.seosystem.de\/wp-content\/uploads\/2022\/08\/74-Gruendungsfeier-2022-508x381.jpg 508w, https:\/\/50jahrevolleyball.seosystem.de\/wp-content\/uploads\/2022\/08\/74-Gruendungsfeier-2022.jpg 1600w\" sizes=\"(max-width: 1024px) 100vw, 1024px\" \/><\/a><\/figure>\n<\/figure>\n\n\n\n<p><\/p>\n\n\n\n<p><strong><u>Senioren<\/u><\/strong><strong><u><\/u><\/strong><\/p>\n\n\n\n<p>Bereits 1978 sammelte Helmut Schober Seniorenspieler aus Nah und Fern in Rastatt ein.<\/p>\n\n\n\n<p>Von Frankfurt, Stuttgart bis Freiburg folgten sie seinem Ruf.<\/p>\n\n\n\n<p>Sp\u00e4testens ab 1982 war Rastatt eine bekannte Gr\u00f6\u00dfe im Deutschen Seniorenbereich.<\/p>\n\n\n\n<p>\u00dcber zwei Jahrzehnte starteten in fast allen Altersklassen Rastatter Seniorenteams bei Regionalen und Deutschen Senioren Meisterschaften, bzw.&nbsp; dem &#8222;Oldie- Cup&#8220; f\u00fcr Senioren \u00dc65.<\/p>\n\n\n\n<p>Die sportlich erfolgreichste Epoche lag zwischen 1988 und 2008. Die nahezu j\u00e4hrliche Teilnahme mindestens eines Rastatter Senioren-Teams an der Deutschen Meisterschaft wurde gekr\u00f6nt mit dem Titel des Deutschen Vizemeisters und vielen anderen herausragenden Platzierungen.<\/p>\n\n\n\n<p>H\u00f6hepunkt auf internationaler Ebene war 1992 die Teilnahme an den Russischen Veteranenmeisterschaften in Obninsk und der im n\u00e4chsten Jahr folgende Besuch der Mannschaft aus Obninsk bei uns in Rastatt.<\/p>\n\n\n\n<p>Mehrfach wurden Seniorenteams von der Stadt Rastatt geehrt, zweimal sogar zur &#8222;Mannschaft des Jahres&#8220; gew\u00e4hlt.<\/p>\n\n\n\n<p>Mit zunehmendem Alter, aufkommenden Zipperlein und mangels Nachwuchs gingen die Erfolge zwangsl\u00e4ufig zur\u00fcck.<\/p>\n\n\n\n<p>2012 traten die \u00dc59-Senioren zum letzten Mal bei Meisterschaftsturnieren an.<\/p>\n\n\n\n<p>Ab 2013 hat keine Seniorenmannschaft mehr an Meisterschaften teilgenommen. Eine lange und sehr erfolgreiche RTV-Senioren-Volleyball-Geschichte fand ihr Ende.<\/p>\n\n\n\n<figure class=\"wp-container-34 wp-block-gallery-33 wp-block-gallery has-nested-images columns-default is-cropped\">\n<figure class=\"wp-block-image size-large\"><a href=\"https:\/\/50jahrevolleyball.seosystem.de\/wp-content\/uploads\/2022\/08\/80Senioren-2001.jpg\"><img loading=\"lazy\" width=\"1024\" height=\"468\" data-id=\"1279\"  src=\"https:\/\/50jahrevolleyball.seosystem.de\/wp-content\/uploads\/2022\/08\/80Senioren-2001-1024x468.jpg\" alt=\"\" class=\"wp-image-1279\" srcset=\"https:\/\/50jahrevolleyball.seosystem.de\/wp-content\/uploads\/2022\/08\/80Senioren-2001-1024x468.jpg 1024w, https:\/\/50jahrevolleyball.seosystem.de\/wp-content\/uploads\/2022\/08\/80Senioren-2001-300x137.jpg 300w, https:\/\/50jahrevolleyball.seosystem.de\/wp-content\/uploads\/2022\/08\/80Senioren-2001-768x351.jpg 768w, https:\/\/50jahrevolleyball.seosystem.de\/wp-content\/uploads\/2022\/08\/80Senioren-2001-1536x702.jpg 1536w, https:\/\/50jahrevolleyball.seosystem.de\/wp-content\/uploads\/2022\/08\/80Senioren-2001-1240x567.jpg 1240w, https:\/\/50jahrevolleyball.seosystem.de\/wp-content\/uploads\/2022\/08\/80Senioren-2001-508x232.jpg 508w, https:\/\/50jahrevolleyball.seosystem.de\/wp-content\/uploads\/2022\/08\/80Senioren-2001.jpg 1600w\" sizes=\"(max-width: 1024px) 100vw, 1024px\" \/><\/a><\/figure>\n\n\n\n<figure class=\"wp-block-image size-large\"><a href=\"https:\/\/50jahrevolleyball.seosystem.de\/wp-content\/uploads\/2022\/08\/83-Senioren-2007Mannschaft2007-s-w.jpg\"><img loading=\"lazy\" width=\"1024\" height=\"602\" data-id=\"1280\"  src=\"https:\/\/50jahrevolleyball.seosystem.de\/wp-content\/uploads\/2022\/08\/83-Senioren-2007Mannschaft2007-s-w-1024x602.jpg\" alt=\"\" class=\"wp-image-1280\" srcset=\"https:\/\/50jahrevolleyball.seosystem.de\/wp-content\/uploads\/2022\/08\/83-Senioren-2007Mannschaft2007-s-w-1024x602.jpg 1024w, https:\/\/50jahrevolleyball.seosystem.de\/wp-content\/uploads\/2022\/08\/83-Senioren-2007Mannschaft2007-s-w-300x176.jpg 300w, https:\/\/50jahrevolleyball.seosystem.de\/wp-content\/uploads\/2022\/08\/83-Senioren-2007Mannschaft2007-s-w-768x452.jpg 768w, https:\/\/50jahrevolleyball.seosystem.de\/wp-content\/uploads\/2022\/08\/83-Senioren-2007Mannschaft2007-s-w-1536x903.jpg 1536w, https:\/\/50jahrevolleyball.seosystem.de\/wp-content\/uploads\/2022\/08\/83-Senioren-2007Mannschaft2007-s-w-1240x729.jpg 1240w, https:\/\/50jahrevolleyball.seosystem.de\/wp-content\/uploads\/2022\/08\/83-Senioren-2007Mannschaft2007-s-w-508x299.jpg 508w, https:\/\/50jahrevolleyball.seosystem.de\/wp-content\/uploads\/2022\/08\/83-Senioren-2007Mannschaft2007-s-w.jpg 1600w\" sizes=\"(max-width: 1024px) 100vw, 1024px\" \/><\/a><\/figure>\n\n\n\n<figure class=\"wp-block-image size-large\"><a href=\"https:\/\/50jahrevolleyball.seosystem.de\/wp-content\/uploads\/2022\/08\/84-Senioren-2002.jpg\"><img loading=\"lazy\" width=\"945\" height=\"1024\" data-id=\"1282\"  src=\"https:\/\/50jahrevolleyball.seosystem.de\/wp-content\/uploads\/2022\/08\/84-Senioren-2002-945x1024.jpg\" alt=\"\" class=\"wp-image-1282\" srcset=\"https:\/\/50jahrevolleyball.seosystem.de\/wp-content\/uploads\/2022\/08\/84-Senioren-2002-945x1024.jpg 945w, https:\/\/50jahrevolleyball.seosystem.de\/wp-content\/uploads\/2022\/08\/84-Senioren-2002-277x300.jpg 277w, https:\/\/50jahrevolleyball.seosystem.de\/wp-content\/uploads\/2022\/08\/84-Senioren-2002-768x832.jpg 768w, https:\/\/50jahrevolleyball.seosystem.de\/wp-content\/uploads\/2022\/08\/84-Senioren-2002-1417x1536.jpg 1417w, https:\/\/50jahrevolleyball.seosystem.de\/wp-content\/uploads\/2022\/08\/84-Senioren-2002-1240x1344.jpg 1240w, https:\/\/50jahrevolleyball.seosystem.de\/wp-content\/uploads\/2022\/08\/84-Senioren-2002-508x551.jpg 508w, https:\/\/50jahrevolleyball.seosystem.de\/wp-content\/uploads\/2022\/08\/84-Senioren-2002.jpg 1600w\" sizes=\"(max-width: 945px) 100vw, 945px\" \/><\/a><\/figure>\n\n\n\n<figure class=\"wp-block-image size-large\"><a href=\"https:\/\/50jahrevolleyball.seosystem.de\/wp-content\/uploads\/2022\/08\/85-Sportlerehrung.jpg\"><img loading=\"lazy\" width=\"1024\" height=\"768\" data-id=\"1281\"  src=\"https:\/\/50jahrevolleyball.seosystem.de\/wp-content\/uploads\/2022\/08\/85-Sportlerehrung-1024x768.jpg\" alt=\"\" class=\"wp-image-1281\" srcset=\"https:\/\/50jahrevolleyball.seosystem.de\/wp-content\/uploads\/2022\/08\/85-Sportlerehrung-1024x768.jpg 1024w, https:\/\/50jahrevolleyball.seosystem.de\/wp-content\/uploads\/2022\/08\/85-Sportlerehrung-300x225.jpg 300w, https:\/\/50jahrevolleyball.seosystem.de\/wp-content\/uploads\/2022\/08\/85-Sportlerehrung-768x576.jpg 768w, https:\/\/50jahrevolleyball.seosystem.de\/wp-content\/uploads\/2022\/08\/85-Sportlerehrung-1536x1152.jpg 1536w, https:\/\/50jahrevolleyball.seosystem.de\/wp-content\/uploads\/2022\/08\/85-Sportlerehrung-1240x930.jpg 1240w, https:\/\/50jahrevolleyball.seosystem.de\/wp-content\/uploads\/2022\/08\/85-Sportlerehrung-508x381.jpg 508w, https:\/\/50jahrevolleyball.seosystem.de\/wp-content\/uploads\/2022\/08\/85-Sportlerehrung.jpg 1600w\" sizes=\"(max-width: 1024px) 100vw, 1024px\" \/><\/a><\/figure>\n<\/figure>\n\n\n\n<p><\/p>\n\n\n\n<p>Beach<\/p>\n\n\n\n<p>Bereits 1996 starteten Rastatter Jugendteams (\u201eElche\u201c) bei Beachturnieren, trainiert wurde auf Beachfeldern in Karlsruhe bzw. Durmersheim. Die damalige Trendsportart &#8222;Beachvolleyball&#8220; wurde etabliert.<\/p>\n\n\n\n<p>Durch den Bau der vereinseigenen Beachanlage, 1998, wurde Volleyball zur Ganzjahressportart f\u00fcr alle Rastatter. Unser Riesensandkasten musste nat\u00fcrlich auch gepflegt werden.<\/p>\n\n\n\n<p><em>Vier Volleyballfelder auf einer multifunktionalen Anlage bereicherten ab dann das Sportangebot im Sommer erheblich. Dieser Riesensandkasten (65m x 25m) mit seinen 900 Kubikmetern feinsten Quarzsandes verschaffte allen Beachfans gro\u00dfartige Party- und Urlaubsstimmung. Und alles direkt vor der Haust\u00fcre! Zahlreiche Jugend- und Erwachsenenturniere und Meisterschaften machten den Rastatter Beach auch \u00fcberregional bekannt.<\/em><\/p>\n\n\n\n<p>Profitiert hatten vom Beach-Volleyball-Boom viele Damen- und Herrenmannteams des RTV. Das Beach &#8211; Duo Susanne D\u00f6hrer und Andrea Engel verzeichnete \u00fcberregionale Erfolge und schaffte dreimal die Qualifikation f\u00fcr die Deutsche A-Jugend-Meisterschaft in Fehmarn bzw. Timmendorfer Strand. Daf\u00fcr wurde dieses Paar als &#8222;Nachwuchsteam des Jahres&#8220; bei der Sportlerehrung 2004 von der Stadt Rastatt geehrt.&nbsp; Im M\u00e4rz 2013 wurden Rieke Prechelt mit ihrer Partnerin dieselbe Ehrung zu teil.<\/p>\n\n\n\n<figure class=\"wp-container-36 wp-block-gallery-35 wp-block-gallery has-nested-images columns-default is-cropped\">\n<figure class=\"wp-block-image size-large\"><a href=\"https:\/\/50jahrevolleyball.seosystem.de\/wp-content\/uploads\/2022\/08\/91Beach-Elche.jpg\"><img loading=\"lazy\" width=\"894\" height=\"1024\" data-id=\"1283\"  src=\"https:\/\/50jahrevolleyball.seosystem.de\/wp-content\/uploads\/2022\/08\/91Beach-Elche-894x1024.jpg\" alt=\"\" class=\"wp-image-1283\" srcset=\"https:\/\/50jahrevolleyball.seosystem.de\/wp-content\/uploads\/2022\/08\/91Beach-Elche-894x1024.jpg 894w, https:\/\/50jahrevolleyball.seosystem.de\/wp-content\/uploads\/2022\/08\/91Beach-Elche-262x300.jpg 262w, https:\/\/50jahrevolleyball.seosystem.de\/wp-content\/uploads\/2022\/08\/91Beach-Elche-768x880.jpg 768w, https:\/\/50jahrevolleyball.seosystem.de\/wp-content\/uploads\/2022\/08\/91Beach-Elche-1341x1536.jpg 1341w, https:\/\/50jahrevolleyball.seosystem.de\/wp-content\/uploads\/2022\/08\/91Beach-Elche-1240x1421.jpg 1240w, https:\/\/50jahrevolleyball.seosystem.de\/wp-content\/uploads\/2022\/08\/91Beach-Elche-508x582.jpg 508w, https:\/\/50jahrevolleyball.seosystem.de\/wp-content\/uploads\/2022\/08\/91Beach-Elche.jpg 1600w\" sizes=\"(max-width: 894px) 100vw, 894px\" \/><\/a><\/figure>\n\n\n\n<figure class=\"wp-block-image size-large\"><a href=\"https:\/\/50jahrevolleyball.seosystem.de\/wp-content\/uploads\/2022\/08\/92-Beacheroeffnung-2004.jpg\"><img loading=\"lazy\" width=\"1024\" height=\"768\" data-id=\"1284\"  src=\"https:\/\/50jahrevolleyball.seosystem.de\/wp-content\/uploads\/2022\/08\/92-Beacheroeffnung-2004-1024x768.jpg\" alt=\"\" class=\"wp-image-1284\" srcset=\"https:\/\/50jahrevolleyball.seosystem.de\/wp-content\/uploads\/2022\/08\/92-Beacheroeffnung-2004-1024x768.jpg 1024w, https:\/\/50jahrevolleyball.seosystem.de\/wp-content\/uploads\/2022\/08\/92-Beacheroeffnung-2004-300x225.jpg 300w, https:\/\/50jahrevolleyball.seosystem.de\/wp-content\/uploads\/2022\/08\/92-Beacheroeffnung-2004-768x576.jpg 768w, https:\/\/50jahrevolleyball.seosystem.de\/wp-content\/uploads\/2022\/08\/92-Beacheroeffnung-2004-1536x1152.jpg 1536w, https:\/\/50jahrevolleyball.seosystem.de\/wp-content\/uploads\/2022\/08\/92-Beacheroeffnung-2004-1240x930.jpg 1240w, https:\/\/50jahrevolleyball.seosystem.de\/wp-content\/uploads\/2022\/08\/92-Beacheroeffnung-2004-508x381.jpg 508w, https:\/\/50jahrevolleyball.seosystem.de\/wp-content\/uploads\/2022\/08\/92-Beacheroeffnung-2004.jpg 1600w\" sizes=\"(max-width: 1024px) 100vw, 1024px\" \/><\/a><figcaption>Digital StillCamera<\/figcaption><\/figure>\n<\/figure>\n\n\n\n<p>Sogar die Hobby\/Senioren fanden immer mehr gefallen am &#8222;Sandeln&#8220;.&nbsp;Ob der halbnackte Senioren wei\u00df, dass Beachvolleyball ein Bewegungssport ist?<\/p>\n\n\n\n<figure class=\"wp-container-38 wp-block-gallery-37 wp-block-gallery has-nested-images columns-default is-cropped\">\n<figure class=\"wp-block-image size-large\"><a href=\"https:\/\/50jahrevolleyball.seosystem.de\/wp-content\/uploads\/2022\/08\/93-1-Beach-Netz-Uwe.jpg\"><img loading=\"lazy\" width=\"1024\" height=\"957\" data-id=\"1287\"  src=\"https:\/\/50jahrevolleyball.seosystem.de\/wp-content\/uploads\/2022\/08\/93-1-Beach-Netz-Uwe-1024x957.jpg\" alt=\"\" class=\"wp-image-1287\" srcset=\"https:\/\/50jahrevolleyball.seosystem.de\/wp-content\/uploads\/2022\/08\/93-1-Beach-Netz-Uwe-1024x957.jpg 1024w, https:\/\/50jahrevolleyball.seosystem.de\/wp-content\/uploads\/2022\/08\/93-1-Beach-Netz-Uwe-300x280.jpg 300w, https:\/\/50jahrevolleyball.seosystem.de\/wp-content\/uploads\/2022\/08\/93-1-Beach-Netz-Uwe-768x718.jpg 768w, https:\/\/50jahrevolleyball.seosystem.de\/wp-content\/uploads\/2022\/08\/93-1-Beach-Netz-Uwe-1536x1435.jpg 1536w, https:\/\/50jahrevolleyball.seosystem.de\/wp-content\/uploads\/2022\/08\/93-1-Beach-Netz-Uwe-1240x1159.jpg 1240w, https:\/\/50jahrevolleyball.seosystem.de\/wp-content\/uploads\/2022\/08\/93-1-Beach-Netz-Uwe-508x475.jpg 508w, https:\/\/50jahrevolleyball.seosystem.de\/wp-content\/uploads\/2022\/08\/93-1-Beach-Netz-Uwe.jpg 1600w\" sizes=\"(max-width: 1024px) 100vw, 1024px\" \/><\/a><\/figure>\n\n\n\n<figure class=\"wp-block-image size-large\"><a href=\"https:\/\/50jahrevolleyball.seosystem.de\/wp-content\/uploads\/2022\/08\/93-2-Beach-Manu-Klaus-Rolf.jpg\"><img loading=\"lazy\" width=\"1024\" height=\"682\" data-id=\"1286\"  src=\"https:\/\/50jahrevolleyball.seosystem.de\/wp-content\/uploads\/2022\/08\/93-2-Beach-Manu-Klaus-Rolf-1024x682.jpg\" alt=\"\" class=\"wp-image-1286\" srcset=\"https:\/\/50jahrevolleyball.seosystem.de\/wp-content\/uploads\/2022\/08\/93-2-Beach-Manu-Klaus-Rolf-1024x682.jpg 1024w, https:\/\/50jahrevolleyball.seosystem.de\/wp-content\/uploads\/2022\/08\/93-2-Beach-Manu-Klaus-Rolf-300x200.jpg 300w, https:\/\/50jahrevolleyball.seosystem.de\/wp-content\/uploads\/2022\/08\/93-2-Beach-Manu-Klaus-Rolf-768x512.jpg 768w, https:\/\/50jahrevolleyball.seosystem.de\/wp-content\/uploads\/2022\/08\/93-2-Beach-Manu-Klaus-Rolf-1536x1023.jpg 1536w, https:\/\/50jahrevolleyball.seosystem.de\/wp-content\/uploads\/2022\/08\/93-2-Beach-Manu-Klaus-Rolf-1240x826.jpg 1240w, https:\/\/50jahrevolleyball.seosystem.de\/wp-content\/uploads\/2022\/08\/93-2-Beach-Manu-Klaus-Rolf-508x338.jpg 508w, https:\/\/50jahrevolleyball.seosystem.de\/wp-content\/uploads\/2022\/08\/93-2-Beach-Manu-Klaus-Rolf.jpg 1600w\" sizes=\"(max-width: 1024px) 100vw, 1024px\" \/><\/a><\/figure>\n<\/figure>\n\n\n\n<p>Sch\u00fcler-, Jugend- und Aktivenmeisterschaften, der LBS-Beach-Cup, MixedChampionate sowie der Lipton-Cup wurden mehrfach im RTV &#8211; Stadion ausgetragen. Kevin Karsch richtete einen Beach &#8211; Firmen &#8211; Cup aus, der zwar sportlich prima ablief, aber leider nicht den gew\u00fcnschten finanziellen Erfolg brachte. Jakob Rein organisierte im Sommer 2016 das bislang letzte Beachturnier f\u00fcr Mixed &#8211; Freizeit \u2013 Mannschaften. Sportlich wie auch gesellig, ein sehr gelungenes Event.<\/p>\n\n\n\n<p>Gerne wurden und werden die Beachfelder auch von anderen Vereinen und Volleyballspielgemeinschaften gebucht.<\/p>\n\n\n\n<p><\/p>\n\n\n\n<p>Eine gro\u00dfe Konstante und H\u00f6hepunkt vieler Beachsaisons ab 2002 war der &#8222;<strong>K\u00f6nig der Sandgrube<\/strong>&#8222;: Eine \u00e4u\u00dferst gelungene Mischung aus Sport ( Handball, Fu\u00dfball, Volleyball, Boule ) und Party. Diese lockte nicht nur Volleyballer auf den RTV &#8211; Beach.<\/p>\n\n\n\n<p>2016 organisierte Alexander Markwordt zum zehnten Mal dieses Riesenevent.<\/p>\n\n\n\n<p>2022 sollte der &#8222;K\u00f6nig der Sandgrube&#8220; Teil des RTV- Jubeljahres sein. Da es aber zu viele Konkurrenzveranstaltungen in diesem Sommer gibt, haben zu wenige Mannschaften gemeldet. Schade. Da coronabedingt manche Winter &#8211; Hallensaison ausfiel, war die Beachzeit die Rettung f\u00fcr verpasstes Volleyballvergn\u00fcgen.<\/p>\n\n\n\n<figure class=\"wp-container-40 wp-block-gallery-39 wp-block-gallery has-nested-images columns-default is-cropped\">\n<figure class=\"wp-block-image size-large\"><a href=\"https:\/\/50jahrevolleyball.seosystem.de\/wp-content\/uploads\/2022\/08\/94-1-KDS-scaled.jpg\"><img loading=\"lazy\" width=\"605\" height=\"1024\" data-id=\"1289\"  src=\"https:\/\/50jahrevolleyball.seosystem.de\/wp-content\/uploads\/2022\/08\/94-1-KDS-605x1024.jpg\" alt=\"\" class=\"wp-image-1289\" srcset=\"https:\/\/50jahrevolleyball.seosystem.de\/wp-content\/uploads\/2022\/08\/94-1-KDS-605x1024.jpg 605w, https:\/\/50jahrevolleyball.seosystem.de\/wp-content\/uploads\/2022\/08\/94-1-KDS-177x300.jpg 177w, https:\/\/50jahrevolleyball.seosystem.de\/wp-content\/uploads\/2022\/08\/94-1-KDS-768x1301.jpg 768w, https:\/\/50jahrevolleyball.seosystem.de\/wp-content\/uploads\/2022\/08\/94-1-KDS-907x1536.jpg 907w, https:\/\/50jahrevolleyball.seosystem.de\/wp-content\/uploads\/2022\/08\/94-1-KDS-1209x2048.jpg 1209w, https:\/\/50jahrevolleyball.seosystem.de\/wp-content\/uploads\/2022\/08\/94-1-KDS-1240x2100.jpg 1240w, https:\/\/50jahrevolleyball.seosystem.de\/wp-content\/uploads\/2022\/08\/94-1-KDS-508x860.jpg 508w, https:\/\/50jahrevolleyball.seosystem.de\/wp-content\/uploads\/2022\/08\/94-1-KDS-scaled.jpg 1511w\" sizes=\"(max-width: 605px) 100vw, 605px\" \/><\/a><\/figure>\n\n\n\n<figure class=\"wp-block-image size-large\"><a href=\"https:\/\/50jahrevolleyball.seosystem.de\/wp-content\/uploads\/2022\/08\/95-Alex.jpg\"><img loading=\"lazy\" width=\"710\" height=\"1024\" data-id=\"1290\"  src=\"https:\/\/50jahrevolleyball.seosystem.de\/wp-content\/uploads\/2022\/08\/95-Alex-710x1024.jpg\" alt=\"\" class=\"wp-image-1290\" srcset=\"https:\/\/50jahrevolleyball.seosystem.de\/wp-content\/uploads\/2022\/08\/95-Alex-710x1024.jpg 710w, https:\/\/50jahrevolleyball.seosystem.de\/wp-content\/uploads\/2022\/08\/95-Alex-208x300.jpg 208w, https:\/\/50jahrevolleyball.seosystem.de\/wp-content\/uploads\/2022\/08\/95-Alex-768x1108.jpg 768w, https:\/\/50jahrevolleyball.seosystem.de\/wp-content\/uploads\/2022\/08\/95-Alex-1064x1536.jpg 1064w, https:\/\/50jahrevolleyball.seosystem.de\/wp-content\/uploads\/2022\/08\/95-Alex-1419x2048.jpg 1419w, https:\/\/50jahrevolleyball.seosystem.de\/wp-content\/uploads\/2022\/08\/95-Alex-1240x1789.jpg 1240w, https:\/\/50jahrevolleyball.seosystem.de\/wp-content\/uploads\/2022\/08\/95-Alex-508x733.jpg 508w, https:\/\/50jahrevolleyball.seosystem.de\/wp-content\/uploads\/2022\/08\/95-Alex.jpg 1600w\" sizes=\"(max-width: 710px) 100vw, 710px\" \/><\/a><figcaption>Alex Markwordt<\/figcaption><\/figure>\n<\/figure>\n\n\n\n<p><\/p>\n\n\n\n<p><strong><u>Freizeit- und Integrationsgruppen<\/u><\/strong><\/p>\n\n\n\n<p>Zahlreiche Freizeitgruppen fanden im RTV ihre Trainingsm\u00f6glichkeiten.<\/p>\n\n\n\n<p>Irina Litau und J\u00fcrgen Herbst leiteten von 2000 bis 2010 diverse Freizeitspielgemeinschaften.<\/p>\n\n\n\n<p>Bis heute bietet der RTV Trainingszeiten f\u00fcr Russlanddeutsche, auch in der vereinseigenen RTV Sporthalle, an. Einige von ihnen fanden den Weg in die Volleyballabteilung.<\/p>\n\n\n\n<p>Diese Integrationsarbeit wurde 2015 noch intensiver, als junge M\u00e4nner, Gefl\u00fcchtete aus Syrien bzw. Afghanistan Aufnahme in die \u201eJedermanngruppe\u201c fanden.<\/p>\n\n\n\n<p>Christa Braunstein leistete in dieser Zeit hervorragende Arbeit.<\/p>\n\n\n\n<p>Seit 2014 erfreut sich die \u201eDienstags- Gymnastikgruppe\u201c gro\u00dfe Beliebtheit. Claudia Prechelt war die erste Trainerin, ab 2017 leitet Maike Dinkelbach erfolgreich diese Trainingseinheit.<\/p>\n\n\n\n<p>\u00dcbrigens: Gymnastik gab`s schon mal. Erinnert ihr euch an Karin L\u00f6hnerts SpezialGym?<\/p>\n\n\n\n<figure class=\"wp-container-42 wp-block-gallery-41 wp-block-gallery has-nested-images columns-default is-cropped\">\n<figure class=\"wp-block-image size-large\"><a href=\"https:\/\/50jahrevolleyball.seosystem.de\/wp-content\/uploads\/2022\/08\/100-Russengruppe.jpg\"><img loading=\"lazy\" width=\"1024\" height=\"768\" data-id=\"1293\"  src=\"https:\/\/50jahrevolleyball.seosystem.de\/wp-content\/uploads\/2022\/08\/100-Russengruppe-1024x768.jpg\" alt=\"\" class=\"wp-image-1293\" srcset=\"https:\/\/50jahrevolleyball.seosystem.de\/wp-content\/uploads\/2022\/08\/100-Russengruppe-1024x768.jpg 1024w, https:\/\/50jahrevolleyball.seosystem.de\/wp-content\/uploads\/2022\/08\/100-Russengruppe-300x225.jpg 300w, https:\/\/50jahrevolleyball.seosystem.de\/wp-content\/uploads\/2022\/08\/100-Russengruppe-768x576.jpg 768w, https:\/\/50jahrevolleyball.seosystem.de\/wp-content\/uploads\/2022\/08\/100-Russengruppe-1536x1152.jpg 1536w, https:\/\/50jahrevolleyball.seosystem.de\/wp-content\/uploads\/2022\/08\/100-Russengruppe-1240x930.jpg 1240w, https:\/\/50jahrevolleyball.seosystem.de\/wp-content\/uploads\/2022\/08\/100-Russengruppe-508x381.jpg 508w, https:\/\/50jahrevolleyball.seosystem.de\/wp-content\/uploads\/2022\/08\/100-Russengruppe.jpg 1600w\" sizes=\"(max-width: 1024px) 100vw, 1024px\" \/><\/a><\/figure>\n\n\n\n<figure class=\"wp-block-image size-large\"><a href=\"https:\/\/50jahrevolleyball.seosystem.de\/wp-content\/uploads\/2022\/08\/101-Einsteiger-und-Gefluechtete.jpg\"><img loading=\"lazy\" width=\"1024\" height=\"576\" data-id=\"1294\"  src=\"https:\/\/50jahrevolleyball.seosystem.de\/wp-content\/uploads\/2022\/08\/101-Einsteiger-und-Gefluechtete-1024x576.jpg\" alt=\"\" class=\"wp-image-1294\" srcset=\"https:\/\/50jahrevolleyball.seosystem.de\/wp-content\/uploads\/2022\/08\/101-Einsteiger-und-Gefluechtete-1024x576.jpg 1024w, https:\/\/50jahrevolleyball.seosystem.de\/wp-content\/uploads\/2022\/08\/101-Einsteiger-und-Gefluechtete-300x169.jpg 300w, https:\/\/50jahrevolleyball.seosystem.de\/wp-content\/uploads\/2022\/08\/101-Einsteiger-und-Gefluechtete-768x432.jpg 768w, https:\/\/50jahrevolleyball.seosystem.de\/wp-content\/uploads\/2022\/08\/101-Einsteiger-und-Gefluechtete-1536x864.jpg 1536w, https:\/\/50jahrevolleyball.seosystem.de\/wp-content\/uploads\/2022\/08\/101-Einsteiger-und-Gefluechtete-1240x698.jpg 1240w, https:\/\/50jahrevolleyball.seosystem.de\/wp-content\/uploads\/2022\/08\/101-Einsteiger-und-Gefluechtete-508x286.jpg 508w, https:\/\/50jahrevolleyball.seosystem.de\/wp-content\/uploads\/2022\/08\/101-Einsteiger-und-Gefluechtete.jpg 1600w\" sizes=\"(max-width: 1024px) 100vw, 1024px\" \/><\/a><\/figure>\n\n\n\n<figure class=\"wp-block-image size-large\"><a href=\"https:\/\/50jahrevolleyball.seosystem.de\/wp-content\/uploads\/2022\/08\/101-a-Christa-2007.jpg\"><img loading=\"lazy\" width=\"768\" height=\"1024\" data-id=\"1295\"  src=\"https:\/\/50jahrevolleyball.seosystem.de\/wp-content\/uploads\/2022\/08\/101-a-Christa-2007-768x1024.jpg\" alt=\"\" class=\"wp-image-1295\" srcset=\"https:\/\/50jahrevolleyball.seosystem.de\/wp-content\/uploads\/2022\/08\/101-a-Christa-2007-768x1024.jpg 768w, https:\/\/50jahrevolleyball.seosystem.de\/wp-content\/uploads\/2022\/08\/101-a-Christa-2007-225x300.jpg 225w, https:\/\/50jahrevolleyball.seosystem.de\/wp-content\/uploads\/2022\/08\/101-a-Christa-2007-1152x1536.jpg 1152w, https:\/\/50jahrevolleyball.seosystem.de\/wp-content\/uploads\/2022\/08\/101-a-Christa-2007-1536x2048.jpg 1536w, https:\/\/50jahrevolleyball.seosystem.de\/wp-content\/uploads\/2022\/08\/101-a-Christa-2007-1240x1653.jpg 1240w, https:\/\/50jahrevolleyball.seosystem.de\/wp-content\/uploads\/2022\/08\/101-a-Christa-2007-508x677.jpg 508w, https:\/\/50jahrevolleyball.seosystem.de\/wp-content\/uploads\/2022\/08\/101-a-Christa-2007.jpg 1600w\" sizes=\"(max-width: 768px) 100vw, 768px\" \/><\/a><figcaption>Christa Braunstein<\/figcaption><\/figure>\n\n\n\n<figure class=\"wp-block-image size-large\"><a href=\"https:\/\/50jahrevolleyball.seosystem.de\/wp-content\/uploads\/2022\/08\/102-1-Gymnastik-Maike-2017.jpg\"><img loading=\"lazy\" width=\"1024\" height=\"576\" data-id=\"1296\"  src=\"https:\/\/50jahrevolleyball.seosystem.de\/wp-content\/uploads\/2022\/08\/102-1-Gymnastik-Maike-2017-1024x576.jpg\" alt=\"\" class=\"wp-image-1296\" srcset=\"https:\/\/50jahrevolleyball.seosystem.de\/wp-content\/uploads\/2022\/08\/102-1-Gymnastik-Maike-2017-1024x576.jpg 1024w, https:\/\/50jahrevolleyball.seosystem.de\/wp-content\/uploads\/2022\/08\/102-1-Gymnastik-Maike-2017-300x169.jpg 300w, https:\/\/50jahrevolleyball.seosystem.de\/wp-content\/uploads\/2022\/08\/102-1-Gymnastik-Maike-2017-768x432.jpg 768w, https:\/\/50jahrevolleyball.seosystem.de\/wp-content\/uploads\/2022\/08\/102-1-Gymnastik-Maike-2017-1536x864.jpg 1536w, https:\/\/50jahrevolleyball.seosystem.de\/wp-content\/uploads\/2022\/08\/102-1-Gymnastik-Maike-2017-1240x698.jpg 1240w, https:\/\/50jahrevolleyball.seosystem.de\/wp-content\/uploads\/2022\/08\/102-1-Gymnastik-Maike-2017-508x286.jpg 508w, https:\/\/50jahrevolleyball.seosystem.de\/wp-content\/uploads\/2022\/08\/102-1-Gymnastik-Maike-2017.jpg 1600w\" sizes=\"(max-width: 1024px) 100vw, 1024px\" \/><\/a><\/figure>\n\n\n\n<figure class=\"wp-block-image size-large\"><a href=\"https:\/\/50jahrevolleyball.seosystem.de\/wp-content\/uploads\/2022\/08\/102-Gym-Maike-Dinkelbach-scaled.jpg\"><img loading=\"lazy\" width=\"576\" height=\"1024\" data-id=\"1298\"  src=\"https:\/\/50jahrevolleyball.seosystem.de\/wp-content\/uploads\/2022\/08\/102-Gym-Maike-Dinkelbach-576x1024.jpg\" alt=\"\" class=\"wp-image-1298\" srcset=\"https:\/\/50jahrevolleyball.seosystem.de\/wp-content\/uploads\/2022\/08\/102-Gym-Maike-Dinkelbach-576x1024.jpg 576w, https:\/\/50jahrevolleyball.seosystem.de\/wp-content\/uploads\/2022\/08\/102-Gym-Maike-Dinkelbach-169x300.jpg 169w, https:\/\/50jahrevolleyball.seosystem.de\/wp-content\/uploads\/2022\/08\/102-Gym-Maike-Dinkelbach-768x1365.jpg 768w, https:\/\/50jahrevolleyball.seosystem.de\/wp-content\/uploads\/2022\/08\/102-Gym-Maike-Dinkelbach-864x1536.jpg 864w, https:\/\/50jahrevolleyball.seosystem.de\/wp-content\/uploads\/2022\/08\/102-Gym-Maike-Dinkelbach-1152x2048.jpg 1152w, https:\/\/50jahrevolleyball.seosystem.de\/wp-content\/uploads\/2022\/08\/102-Gym-Maike-Dinkelbach-1240x2204.jpg 1240w, https:\/\/50jahrevolleyball.seosystem.de\/wp-content\/uploads\/2022\/08\/102-Gym-Maike-Dinkelbach-508x903.jpg 508w, https:\/\/50jahrevolleyball.seosystem.de\/wp-content\/uploads\/2022\/08\/102-Gym-Maike-Dinkelbach-scaled.jpg 1440w\" sizes=\"(max-width: 576px) 100vw, 576px\" \/><\/a><figcaption>Maike Dinkelbach<\/figcaption><\/figure>\n\n\n\n<figure class=\"wp-block-image size-large\"><a href=\"https:\/\/50jahrevolleyball.seosystem.de\/wp-content\/uploads\/2022\/08\/109-Gymnastik-Karin.jpg\"><img loading=\"lazy\" width=\"1024\" height=\"691\" data-id=\"1297\"  src=\"https:\/\/50jahrevolleyball.seosystem.de\/wp-content\/uploads\/2022\/08\/109-Gymnastik-Karin-1024x691.jpg\" alt=\"\" class=\"wp-image-1297\" srcset=\"https:\/\/50jahrevolleyball.seosystem.de\/wp-content\/uploads\/2022\/08\/109-Gymnastik-Karin-1024x691.jpg 1024w, https:\/\/50jahrevolleyball.seosystem.de\/wp-content\/uploads\/2022\/08\/109-Gymnastik-Karin-300x203.jpg 300w, https:\/\/50jahrevolleyball.seosystem.de\/wp-content\/uploads\/2022\/08\/109-Gymnastik-Karin-768x518.jpg 768w, https:\/\/50jahrevolleyball.seosystem.de\/wp-content\/uploads\/2022\/08\/109-Gymnastik-Karin-1536x1037.jpg 1536w, https:\/\/50jahrevolleyball.seosystem.de\/wp-content\/uploads\/2022\/08\/109-Gymnastik-Karin-1240x837.jpg 1240w, https:\/\/50jahrevolleyball.seosystem.de\/wp-content\/uploads\/2022\/08\/109-Gymnastik-Karin-508x343.jpg 508w, https:\/\/50jahrevolleyball.seosystem.de\/wp-content\/uploads\/2022\/08\/109-Gymnastik-Karin.jpg 1600w\" sizes=\"(max-width: 1024px) 100vw, 1024px\" \/><\/a><\/figure>\n<\/figure>\n\n\n\n<p><\/p>\n\n\n\n<p>Immer gl\u00e4nzte die Volleyballabteilung durch au\u00dfersportliche Aktivit\u00e4ten:<\/p>\n\n\n\n<p>@ Bild 110 0&nbsp;&nbsp; Teilnahme an zahlreichen Stadtfesten, mit immer wieder originellen Ideen, hier alte \u201eGassenspiele\u201c<\/p>\n\n\n\n<p>@ Bild 110 1&nbsp;&nbsp;&nbsp; &nbsp;&nbsp;Putzeden bei den Aktionen \u201eSaubere Stadt\u201c<\/p>\n\n\n\n<p>@ Bild 111 &nbsp;&nbsp;&nbsp;&nbsp;&nbsp;&nbsp;&nbsp;Alle zwei Jahre die Mithilfe im K\u00fcnstlerkaffee des \u201e t\u00eate-\u00e0- t\u00eate\u201c, dem gr\u00f6\u00dften Stra\u00dfentheaterfestival Deutschlands.<\/p>\n\n\n\n<p>Zahlreiche Sommer- und Weihnachtsfeste lie\u00dfen die Abteilung zusammenwachsen.<\/p>\n\n\n\n<p>@ Bild 112 &nbsp;&nbsp;&nbsp;Seit 1990 findet j\u00e4hrlich das weihnachtliche @ Bild 113 G\u00e4nseessen statt. @ Bild 120&nbsp;&nbsp;&nbsp; Harald Grimm, zusammen mit @ Bild 121 Dieter Seifert, versammelte 7 Jahre lang die Hobbyseniorenmixedtruppe &nbsp;@ 123 zum H\u00fcttenwochenende im vereinseigenen Freizeitheim in Herrenwies<\/p>\n\n\n\n<figure class=\"wp-container-44 wp-block-gallery-43 wp-block-gallery has-nested-images columns-default is-cropped\">\n<figure class=\"wp-block-image size-large\"><a href=\"https:\/\/50jahrevolleyball.seosystem.de\/wp-content\/uploads\/2022\/08\/112-Gaenseessen.jpg\"><img loading=\"lazy\" width=\"1024\" height=\"768\" data-id=\"1299\"  src=\"https:\/\/50jahrevolleyball.seosystem.de\/wp-content\/uploads\/2022\/08\/112-Gaenseessen-1024x768.jpg\" alt=\"\" class=\"wp-image-1299\" srcset=\"https:\/\/50jahrevolleyball.seosystem.de\/wp-content\/uploads\/2022\/08\/112-Gaenseessen-1024x768.jpg 1024w, https:\/\/50jahrevolleyball.seosystem.de\/wp-content\/uploads\/2022\/08\/112-Gaenseessen-300x225.jpg 300w, https:\/\/50jahrevolleyball.seosystem.de\/wp-content\/uploads\/2022\/08\/112-Gaenseessen-768x576.jpg 768w, https:\/\/50jahrevolleyball.seosystem.de\/wp-content\/uploads\/2022\/08\/112-Gaenseessen-1536x1152.jpg 1536w, https:\/\/50jahrevolleyball.seosystem.de\/wp-content\/uploads\/2022\/08\/112-Gaenseessen-1240x930.jpg 1240w, https:\/\/50jahrevolleyball.seosystem.de\/wp-content\/uploads\/2022\/08\/112-Gaenseessen-508x381.jpg 508w, https:\/\/50jahrevolleyball.seosystem.de\/wp-content\/uploads\/2022\/08\/112-Gaenseessen.jpg 1600w\" sizes=\"(max-width: 1024px) 100vw, 1024px\" \/><\/a><\/figure>\n\n\n\n<figure class=\"wp-block-image size-large\"><a href=\"https:\/\/50jahrevolleyball.seosystem.de\/wp-content\/uploads\/2022\/08\/113-Gaenseessen.jpg\"><img loading=\"lazy\" width=\"1024\" height=\"768\" data-id=\"1300\"  src=\"https:\/\/50jahrevolleyball.seosystem.de\/wp-content\/uploads\/2022\/08\/113-Gaenseessen-1024x768.jpg\" alt=\"\" class=\"wp-image-1300\" srcset=\"https:\/\/50jahrevolleyball.seosystem.de\/wp-content\/uploads\/2022\/08\/113-Gaenseessen-1024x768.jpg 1024w, https:\/\/50jahrevolleyball.seosystem.de\/wp-content\/uploads\/2022\/08\/113-Gaenseessen-300x225.jpg 300w, https:\/\/50jahrevolleyball.seosystem.de\/wp-content\/uploads\/2022\/08\/113-Gaenseessen-768x576.jpg 768w, https:\/\/50jahrevolleyball.seosystem.de\/wp-content\/uploads\/2022\/08\/113-Gaenseessen-1536x1152.jpg 1536w, https:\/\/50jahrevolleyball.seosystem.de\/wp-content\/uploads\/2022\/08\/113-Gaenseessen-1240x930.jpg 1240w, https:\/\/50jahrevolleyball.seosystem.de\/wp-content\/uploads\/2022\/08\/113-Gaenseessen-508x381.jpg 508w, https:\/\/50jahrevolleyball.seosystem.de\/wp-content\/uploads\/2022\/08\/113-Gaenseessen.jpg 1600w\" sizes=\"(max-width: 1024px) 100vw, 1024px\" \/><\/a><\/figure>\n\n\n\n<figure class=\"wp-block-image size-large\"><a href=\"https:\/\/50jahrevolleyball.seosystem.de\/wp-content\/uploads\/2022\/08\/120-Herrenwies.jpg\"><img loading=\"lazy\" width=\"768\" height=\"1024\" data-id=\"1301\"  src=\"https:\/\/50jahrevolleyball.seosystem.de\/wp-content\/uploads\/2022\/08\/120-Herrenwies-768x1024.jpg\" alt=\"\" class=\"wp-image-1301\" srcset=\"https:\/\/50jahrevolleyball.seosystem.de\/wp-content\/uploads\/2022\/08\/120-Herrenwies-768x1024.jpg 768w, https:\/\/50jahrevolleyball.seosystem.de\/wp-content\/uploads\/2022\/08\/120-Herrenwies-225x300.jpg 225w, https:\/\/50jahrevolleyball.seosystem.de\/wp-content\/uploads\/2022\/08\/120-Herrenwies-1152x1536.jpg 1152w, https:\/\/50jahrevolleyball.seosystem.de\/wp-content\/uploads\/2022\/08\/120-Herrenwies-1536x2048.jpg 1536w, https:\/\/50jahrevolleyball.seosystem.de\/wp-content\/uploads\/2022\/08\/120-Herrenwies-1240x1653.jpg 1240w, https:\/\/50jahrevolleyball.seosystem.de\/wp-content\/uploads\/2022\/08\/120-Herrenwies-508x677.jpg 508w, https:\/\/50jahrevolleyball.seosystem.de\/wp-content\/uploads\/2022\/08\/120-Herrenwies.jpg 1600w\" sizes=\"(max-width: 768px) 100vw, 768px\" \/><\/a><figcaption>Harald Grimm<\/figcaption><\/figure>\n\n\n\n<figure class=\"wp-block-image size-large\"><a href=\"https:\/\/50jahrevolleyball.seosystem.de\/wp-content\/uploads\/2022\/08\/121-Harald-Dieter-Herrenwies-2010.jpg\"><img loading=\"lazy\" width=\"1024\" height=\"668\" data-id=\"1302\"  src=\"https:\/\/50jahrevolleyball.seosystem.de\/wp-content\/uploads\/2022\/08\/121-Harald-Dieter-Herrenwies-2010-1024x668.jpg\" alt=\"\" class=\"wp-image-1302\" srcset=\"https:\/\/50jahrevolleyball.seosystem.de\/wp-content\/uploads\/2022\/08\/121-Harald-Dieter-Herrenwies-2010-1024x668.jpg 1024w, https:\/\/50jahrevolleyball.seosystem.de\/wp-content\/uploads\/2022\/08\/121-Harald-Dieter-Herrenwies-2010-300x196.jpg 300w, https:\/\/50jahrevolleyball.seosystem.de\/wp-content\/uploads\/2022\/08\/121-Harald-Dieter-Herrenwies-2010-768x501.jpg 768w, https:\/\/50jahrevolleyball.seosystem.de\/wp-content\/uploads\/2022\/08\/121-Harald-Dieter-Herrenwies-2010-1536x1002.jpg 1536w, https:\/\/50jahrevolleyball.seosystem.de\/wp-content\/uploads\/2022\/08\/121-Harald-Dieter-Herrenwies-2010-1240x809.jpg 1240w, https:\/\/50jahrevolleyball.seosystem.de\/wp-content\/uploads\/2022\/08\/121-Harald-Dieter-Herrenwies-2010-508x331.jpg 508w, https:\/\/50jahrevolleyball.seosystem.de\/wp-content\/uploads\/2022\/08\/121-Harald-Dieter-Herrenwies-2010.jpg 1600w\" sizes=\"(max-width: 1024px) 100vw, 1024px\" \/><\/a><\/figure>\n\n\n\n<figure class=\"wp-block-image size-large\"><a href=\"https:\/\/50jahrevolleyball.seosystem.de\/wp-content\/uploads\/2022\/08\/123-Herrenwies.jpg\"><img loading=\"lazy\" width=\"1024\" height=\"768\" data-id=\"1304\"  src=\"https:\/\/50jahrevolleyball.seosystem.de\/wp-content\/uploads\/2022\/08\/123-Herrenwies-1024x768.jpg\" alt=\"\" class=\"wp-image-1304\" srcset=\"https:\/\/50jahrevolleyball.seosystem.de\/wp-content\/uploads\/2022\/08\/123-Herrenwies-1024x768.jpg 1024w, https:\/\/50jahrevolleyball.seosystem.de\/wp-content\/uploads\/2022\/08\/123-Herrenwies-300x225.jpg 300w, https:\/\/50jahrevolleyball.seosystem.de\/wp-content\/uploads\/2022\/08\/123-Herrenwies-768x576.jpg 768w, https:\/\/50jahrevolleyball.seosystem.de\/wp-content\/uploads\/2022\/08\/123-Herrenwies-1536x1152.jpg 1536w, https:\/\/50jahrevolleyball.seosystem.de\/wp-content\/uploads\/2022\/08\/123-Herrenwies-1240x930.jpg 1240w, https:\/\/50jahrevolleyball.seosystem.de\/wp-content\/uploads\/2022\/08\/123-Herrenwies-508x381.jpg 508w, https:\/\/50jahrevolleyball.seosystem.de\/wp-content\/uploads\/2022\/08\/123-Herrenwies.jpg 1600w\" sizes=\"(max-width: 1024px) 100vw, 1024px\" \/><\/a><\/figure>\n\n\n\n<figure class=\"wp-block-image size-large\"><a href=\"https:\/\/50jahrevolleyball.seosystem.de\/wp-content\/uploads\/2022\/08\/110-0-Gaassenspiele.jpg\"><img loading=\"lazy\" width=\"684\" height=\"1024\" data-id=\"1305\"  src=\"https:\/\/50jahrevolleyball.seosystem.de\/wp-content\/uploads\/2022\/08\/110-0-Gaassenspiele-684x1024.jpg\" alt=\"\" class=\"wp-image-1305\" srcset=\"https:\/\/50jahrevolleyball.seosystem.de\/wp-content\/uploads\/2022\/08\/110-0-Gaassenspiele-684x1024.jpg 684w, https:\/\/50jahrevolleyball.seosystem.de\/wp-content\/uploads\/2022\/08\/110-0-Gaassenspiele-201x300.jpg 201w, https:\/\/50jahrevolleyball.seosystem.de\/wp-content\/uploads\/2022\/08\/110-0-Gaassenspiele-768x1149.jpg 768w, https:\/\/50jahrevolleyball.seosystem.de\/wp-content\/uploads\/2022\/08\/110-0-Gaassenspiele-1027x1536.jpg 1027w, https:\/\/50jahrevolleyball.seosystem.de\/wp-content\/uploads\/2022\/08\/110-0-Gaassenspiele-1369x2048.jpg 1369w, https:\/\/50jahrevolleyball.seosystem.de\/wp-content\/uploads\/2022\/08\/110-0-Gaassenspiele-1240x1855.jpg 1240w, https:\/\/50jahrevolleyball.seosystem.de\/wp-content\/uploads\/2022\/08\/110-0-Gaassenspiele-508x760.jpg 508w, https:\/\/50jahrevolleyball.seosystem.de\/wp-content\/uploads\/2022\/08\/110-0-Gaassenspiele.jpg 1600w\" sizes=\"(max-width: 684px) 100vw, 684px\" \/><\/a><\/figure>\n\n\n\n<figure class=\"wp-block-image size-large\"><a href=\"https:\/\/50jahrevolleyball.seosystem.de\/wp-content\/uploads\/2022\/08\/110-1-Saubere-Stadt-2002.jpg\"><img loading=\"lazy\" width=\"1024\" height=\"768\" data-id=\"1306\"  src=\"https:\/\/50jahrevolleyball.seosystem.de\/wp-content\/uploads\/2022\/08\/110-1-Saubere-Stadt-2002-1024x768.jpg\" alt=\"\" class=\"wp-image-1306\" srcset=\"https:\/\/50jahrevolleyball.seosystem.de\/wp-content\/uploads\/2022\/08\/110-1-Saubere-Stadt-2002-1024x768.jpg 1024w, https:\/\/50jahrevolleyball.seosystem.de\/wp-content\/uploads\/2022\/08\/110-1-Saubere-Stadt-2002-300x225.jpg 300w, https:\/\/50jahrevolleyball.seosystem.de\/wp-content\/uploads\/2022\/08\/110-1-Saubere-Stadt-2002-768x576.jpg 768w, https:\/\/50jahrevolleyball.seosystem.de\/wp-content\/uploads\/2022\/08\/110-1-Saubere-Stadt-2002-1536x1152.jpg 1536w, https:\/\/50jahrevolleyball.seosystem.de\/wp-content\/uploads\/2022\/08\/110-1-Saubere-Stadt-2002-1240x930.jpg 1240w, https:\/\/50jahrevolleyball.seosystem.de\/wp-content\/uploads\/2022\/08\/110-1-Saubere-Stadt-2002-508x381.jpg 508w, https:\/\/50jahrevolleyball.seosystem.de\/wp-content\/uploads\/2022\/08\/110-1-Saubere-Stadt-2002.jpg 1600w\" sizes=\"(max-width: 1024px) 100vw, 1024px\" \/><\/a><\/figure>\n\n\n\n<figure class=\"wp-block-image size-large\"><a href=\"https:\/\/50jahrevolleyball.seosystem.de\/wp-content\/uploads\/2022\/08\/111-Bild-tete-a-tete-2018.jpg\"><img loading=\"lazy\" width=\"1024\" height=\"768\" data-id=\"1303\"  src=\"https:\/\/50jahrevolleyball.seosystem.de\/wp-content\/uploads\/2022\/08\/111-Bild-tete-a-tete-2018-1024x768.jpg\" alt=\"\" class=\"wp-image-1303\" srcset=\"https:\/\/50jahrevolleyball.seosystem.de\/wp-content\/uploads\/2022\/08\/111-Bild-tete-a-tete-2018-1024x768.jpg 1024w, https:\/\/50jahrevolleyball.seosystem.de\/wp-content\/uploads\/2022\/08\/111-Bild-tete-a-tete-2018-300x225.jpg 300w, https:\/\/50jahrevolleyball.seosystem.de\/wp-content\/uploads\/2022\/08\/111-Bild-tete-a-tete-2018-768x576.jpg 768w, https:\/\/50jahrevolleyball.seosystem.de\/wp-content\/uploads\/2022\/08\/111-Bild-tete-a-tete-2018-1536x1152.jpg 1536w, https:\/\/50jahrevolleyball.seosystem.de\/wp-content\/uploads\/2022\/08\/111-Bild-tete-a-tete-2018-1240x930.jpg 1240w, https:\/\/50jahrevolleyball.seosystem.de\/wp-content\/uploads\/2022\/08\/111-Bild-tete-a-tete-2018-508x381.jpg 508w, https:\/\/50jahrevolleyball.seosystem.de\/wp-content\/uploads\/2022\/08\/111-Bild-tete-a-tete-2018.jpg 1600w\" sizes=\"(max-width: 1024px) 100vw, 1024px\" \/><\/a><\/figure>\n<\/figure>\n\n\n\n<p><\/p>\n\n\n\n<p><strong><u>Das Jubeljahr&nbsp;&nbsp;&nbsp; &nbsp;&nbsp;<\/u><\/strong><strong><u>bzw.&nbsp;&nbsp;&nbsp;&nbsp; &nbsp;Die Jubeljahre<\/u><\/strong><strong><u><\/u><\/strong><\/p>\n\n\n\n<p>Bereits 2018 begann wir mit den Vorbereitungen auf das Jubeljahr 2021:<\/p>\n\n\n\n<p>175 Jahre RTV und 50 Jahre Vb u.v.m. sollten gefeiert werden.<\/p>\n\n\n\n<p>In Flei\u00dfarbeit wurden \u00fcber 500 Adressen von Ehemaligen und Aktiven erfasst, ca. 200 g\u00fcltige mailadressen ermittelt. Ca. 150 haben sich zur\u00fcckgemeldet und etwa 100 haben sich f\u00fcr heute angemeldet.<\/p>\n\n\n\n<p>2021 musste der runde Geburtstag der Abteilung &nbsp;\u201eonline\u201c vorgefeiert. Das war schon eine eigenartige Art zu feiern.<\/p>\n\n\n\n<p>Alle anderen geplanten Veranstaltungen werden, coronabedingt, aber erst in diesem Jahr durchgef\u00fchrt.<\/p>\n\n\n\n<p>Mit riesigem Erfolg.<\/p>\n\n\n\n<p>Die Gr\u00fcndungsfeier des RTV  wurde glanzvoll @ Bild 132 im Rastatter Schloss gefeiert.<\/p>\n\n\n\n<p>Der \u201eKinder Fun Tag\u201c lockte 5000 Kinder und Erwachsene auf den RTV Platz.<\/p>\n\n\n\n<p>Der grandiose Abschluss des Jubeljahrs wird die \u201eRTV \u2013 Gala\u201c am 08. Oktober in der Badnerhalle sein. Ein Megaevent f\u00fcr alle Aktiven und Ehemaligen aus s\u00e4mtlichen RTV Abteilungen ist geplant \u2013&nbsp;und ihr seid herzlich eingeladen. Eintrittskarten gibt es jetzt bei der Gesch\u00e4ftsstelle.<\/p>\n\n\n\n<p>Ein Ehrungstag im Herbst 2022 soll das Jubil\u00e4umsjahr abrunden.<\/p>\n\n\n\n<figure class=\"wp-container-46 wp-block-gallery-45 wp-block-gallery has-nested-images columns-default is-cropped\">\n<figure class=\"wp-block-image size-large\"><a href=\"https:\/\/50jahrevolleyball.seosystem.de\/wp-content\/uploads\/2022\/08\/130-1-175-Jahre.jpg\"><img loading=\"lazy\" width=\"1024\" height=\"561\" data-id=\"1310\"  src=\"https:\/\/50jahrevolleyball.seosystem.de\/wp-content\/uploads\/2022\/08\/130-1-175-Jahre-1024x561.jpg\" alt=\"\" class=\"wp-image-1310\" srcset=\"https:\/\/50jahrevolleyball.seosystem.de\/wp-content\/uploads\/2022\/08\/130-1-175-Jahre-1024x561.jpg 1024w, https:\/\/50jahrevolleyball.seosystem.de\/wp-content\/uploads\/2022\/08\/130-1-175-Jahre-300x164.jpg 300w, https:\/\/50jahrevolleyball.seosystem.de\/wp-content\/uploads\/2022\/08\/130-1-175-Jahre-768x420.jpg 768w, https:\/\/50jahrevolleyball.seosystem.de\/wp-content\/uploads\/2022\/08\/130-1-175-Jahre-1536x841.jpg 1536w, https:\/\/50jahrevolleyball.seosystem.de\/wp-content\/uploads\/2022\/08\/130-1-175-Jahre-1240x679.jpg 1240w, https:\/\/50jahrevolleyball.seosystem.de\/wp-content\/uploads\/2022\/08\/130-1-175-Jahre-508x278.jpg 508w, https:\/\/50jahrevolleyball.seosystem.de\/wp-content\/uploads\/2022\/08\/130-1-175-Jahre.jpg 1600w\" sizes=\"(max-width: 1024px) 100vw, 1024px\" \/><\/a><\/figure>\n\n\n\n<figure class=\"wp-block-image size-large\"><a href=\"https:\/\/50jahrevolleyball.seosystem.de\/wp-content\/uploads\/2022\/08\/130-1-0-50-Jahrfeier-ChristelRolf-Bildschirm.jpg\"><img loading=\"lazy\" width=\"1024\" height=\"683\" data-id=\"1309\"  src=\"https:\/\/50jahrevolleyball.seosystem.de\/wp-content\/uploads\/2022\/08\/130-1-0-50-Jahrfeier-ChristelRolf-Bildschirm-1024x683.jpg\" alt=\"\" class=\"wp-image-1309\" srcset=\"https:\/\/50jahrevolleyball.seosystem.de\/wp-content\/uploads\/2022\/08\/130-1-0-50-Jahrfeier-ChristelRolf-Bildschirm-1024x683.jpg 1024w, https:\/\/50jahrevolleyball.seosystem.de\/wp-content\/uploads\/2022\/08\/130-1-0-50-Jahrfeier-ChristelRolf-Bildschirm-300x200.jpg 300w, https:\/\/50jahrevolleyball.seosystem.de\/wp-content\/uploads\/2022\/08\/130-1-0-50-Jahrfeier-ChristelRolf-Bildschirm-768x512.jpg 768w, https:\/\/50jahrevolleyball.seosystem.de\/wp-content\/uploads\/2022\/08\/130-1-0-50-Jahrfeier-ChristelRolf-Bildschirm-1536x1024.jpg 1536w, https:\/\/50jahrevolleyball.seosystem.de\/wp-content\/uploads\/2022\/08\/130-1-0-50-Jahrfeier-ChristelRolf-Bildschirm-1240x827.jpg 1240w, https:\/\/50jahrevolleyball.seosystem.de\/wp-content\/uploads\/2022\/08\/130-1-0-50-Jahrfeier-ChristelRolf-Bildschirm-508x339.jpg 508w, https:\/\/50jahrevolleyball.seosystem.de\/wp-content\/uploads\/2022\/08\/130-1-0-50-Jahrfeier-ChristelRolf-Bildschirm.jpg 1600w\" sizes=\"(max-width: 1024px) 100vw, 1024px\" \/><\/a><\/figure>\n\n\n\n<figure class=\"wp-block-image size-large\"><a href=\"https:\/\/50jahrevolleyball.seosystem.de\/wp-content\/uploads\/2022\/08\/131-Gruendungsfeier.jpg\"><img loading=\"lazy\" width=\"768\" height=\"1024\" data-id=\"1314\"  src=\"https:\/\/50jahrevolleyball.seosystem.de\/wp-content\/uploads\/2022\/08\/131-Gruendungsfeier-768x1024.jpg\" alt=\"\" class=\"wp-image-1314\" srcset=\"https:\/\/50jahrevolleyball.seosystem.de\/wp-content\/uploads\/2022\/08\/131-Gruendungsfeier-768x1024.jpg 768w, https:\/\/50jahrevolleyball.seosystem.de\/wp-content\/uploads\/2022\/08\/131-Gruendungsfeier-225x300.jpg 225w, https:\/\/50jahrevolleyball.seosystem.de\/wp-content\/uploads\/2022\/08\/131-Gruendungsfeier-1152x1536.jpg 1152w, https:\/\/50jahrevolleyball.seosystem.de\/wp-content\/uploads\/2022\/08\/131-Gruendungsfeier-1536x2048.jpg 1536w, https:\/\/50jahrevolleyball.seosystem.de\/wp-content\/uploads\/2022\/08\/131-Gruendungsfeier-1240x1653.jpg 1240w, https:\/\/50jahrevolleyball.seosystem.de\/wp-content\/uploads\/2022\/08\/131-Gruendungsfeier-508x677.jpg 508w, https:\/\/50jahrevolleyball.seosystem.de\/wp-content\/uploads\/2022\/08\/131-Gruendungsfeier.jpg 1600w\" sizes=\"(max-width: 768px) 100vw, 768px\" \/><\/a><\/figure>\n\n\n\n<figure class=\"wp-block-image size-large\"><a href=\"https:\/\/50jahrevolleyball.seosystem.de\/wp-content\/uploads\/2022\/08\/132-1.jpg\"><img loading=\"lazy\" width=\"1024\" height=\"768\" data-id=\"1313\"  src=\"https:\/\/50jahrevolleyball.seosystem.de\/wp-content\/uploads\/2022\/08\/132-1-1024x768.jpg\" alt=\"\" class=\"wp-image-1313\" srcset=\"https:\/\/50jahrevolleyball.seosystem.de\/wp-content\/uploads\/2022\/08\/132-1-1024x768.jpg 1024w, https:\/\/50jahrevolleyball.seosystem.de\/wp-content\/uploads\/2022\/08\/132-1-300x225.jpg 300w, https:\/\/50jahrevolleyball.seosystem.de\/wp-content\/uploads\/2022\/08\/132-1-768x576.jpg 768w, https:\/\/50jahrevolleyball.seosystem.de\/wp-content\/uploads\/2022\/08\/132-1-1536x1152.jpg 1536w, https:\/\/50jahrevolleyball.seosystem.de\/wp-content\/uploads\/2022\/08\/132-1-1240x930.jpg 1240w, https:\/\/50jahrevolleyball.seosystem.de\/wp-content\/uploads\/2022\/08\/132-1-508x381.jpg 508w, https:\/\/50jahrevolleyball.seosystem.de\/wp-content\/uploads\/2022\/08\/132-1.jpg 1600w\" sizes=\"(max-width: 1024px) 100vw, 1024px\" \/><\/a><\/figure>\n\n\n\n<figure class=\"wp-block-image size-large\"><a href=\"https:\/\/50jahrevolleyball.seosystem.de\/wp-content\/uploads\/2022\/08\/132-Festakt-Teilnehmer-VB.jpg\"><img loading=\"lazy\" width=\"1024\" height=\"461\" data-id=\"1311\"  src=\"https:\/\/50jahrevolleyball.seosystem.de\/wp-content\/uploads\/2022\/08\/132-Festakt-Teilnehmer-VB-1024x461.jpg\" alt=\"\" class=\"wp-image-1311\" srcset=\"https:\/\/50jahrevolleyball.seosystem.de\/wp-content\/uploads\/2022\/08\/132-Festakt-Teilnehmer-VB-1024x461.jpg 1024w, https:\/\/50jahrevolleyball.seosystem.de\/wp-content\/uploads\/2022\/08\/132-Festakt-Teilnehmer-VB-300x135.jpg 300w, https:\/\/50jahrevolleyball.seosystem.de\/wp-content\/uploads\/2022\/08\/132-Festakt-Teilnehmer-VB-768x346.jpg 768w, https:\/\/50jahrevolleyball.seosystem.de\/wp-content\/uploads\/2022\/08\/132-Festakt-Teilnehmer-VB-1536x692.jpg 1536w, https:\/\/50jahrevolleyball.seosystem.de\/wp-content\/uploads\/2022\/08\/132-Festakt-Teilnehmer-VB-1240x559.jpg 1240w, https:\/\/50jahrevolleyball.seosystem.de\/wp-content\/uploads\/2022\/08\/132-Festakt-Teilnehmer-VB-508x229.jpg 508w, https:\/\/50jahrevolleyball.seosystem.de\/wp-content\/uploads\/2022\/08\/132-Festakt-Teilnehmer-VB.jpg 1600w\" sizes=\"(max-width: 1024px) 100vw, 1024px\" \/><\/a><\/figure>\n\n\n\n<figure class=\"wp-block-image size-large\"><a href=\"https:\/\/50jahrevolleyball.seosystem.de\/wp-content\/uploads\/2022\/08\/133-Fun-Tag.jpg\"><img loading=\"lazy\" width=\"1024\" height=\"768\" data-id=\"1315\"  src=\"https:\/\/50jahrevolleyball.seosystem.de\/wp-content\/uploads\/2022\/08\/133-Fun-Tag-1024x768.jpg\" alt=\"\" class=\"wp-image-1315\" srcset=\"https:\/\/50jahrevolleyball.seosystem.de\/wp-content\/uploads\/2022\/08\/133-Fun-Tag-1024x768.jpg 1024w, https:\/\/50jahrevolleyball.seosystem.de\/wp-content\/uploads\/2022\/08\/133-Fun-Tag-300x225.jpg 300w, https:\/\/50jahrevolleyball.seosystem.de\/wp-content\/uploads\/2022\/08\/133-Fun-Tag-768x576.jpg 768w, https:\/\/50jahrevolleyball.seosystem.de\/wp-content\/uploads\/2022\/08\/133-Fun-Tag-1536x1152.jpg 1536w, https:\/\/50jahrevolleyball.seosystem.de\/wp-content\/uploads\/2022\/08\/133-Fun-Tag-1240x930.jpg 1240w, https:\/\/50jahrevolleyball.seosystem.de\/wp-content\/uploads\/2022\/08\/133-Fun-Tag-508x381.jpg 508w, https:\/\/50jahrevolleyball.seosystem.de\/wp-content\/uploads\/2022\/08\/133-Fun-Tag.jpg 1600w\" sizes=\"(max-width: 1024px) 100vw, 1024px\" \/><\/a><\/figure>\n\n\n\n<figure class=\"wp-block-image size-large\"><a href=\"https:\/\/50jahrevolleyball.seosystem.de\/wp-content\/uploads\/2022\/08\/135-Gala.jpg\"><img loading=\"lazy\" width=\"1024\" height=\"768\" data-id=\"1312\"  src=\"https:\/\/50jahrevolleyball.seosystem.de\/wp-content\/uploads\/2022\/08\/135-Gala-1024x768.jpg\" alt=\"\" class=\"wp-image-1312\" srcset=\"https:\/\/50jahrevolleyball.seosystem.de\/wp-content\/uploads\/2022\/08\/135-Gala-1024x768.jpg 1024w, https:\/\/50jahrevolleyball.seosystem.de\/wp-content\/uploads\/2022\/08\/135-Gala-300x225.jpg 300w, https:\/\/50jahrevolleyball.seosystem.de\/wp-content\/uploads\/2022\/08\/135-Gala-768x576.jpg 768w, https:\/\/50jahrevolleyball.seosystem.de\/wp-content\/uploads\/2022\/08\/135-Gala-1536x1152.jpg 1536w, https:\/\/50jahrevolleyball.seosystem.de\/wp-content\/uploads\/2022\/08\/135-Gala-1240x930.jpg 1240w, https:\/\/50jahrevolleyball.seosystem.de\/wp-content\/uploads\/2022\/08\/135-Gala-508x381.jpg 508w, https:\/\/50jahrevolleyball.seosystem.de\/wp-content\/uploads\/2022\/08\/135-Gala.jpg 1600w\" sizes=\"(max-width: 1024px) 100vw, 1024px\" \/><\/a><\/figure>\n<\/figure>\n\n\n\n<p><\/p>\n\n\n\n<p><\/p>\n\n\n\n<p><strong><u>Die Abteilung heute<\/u><\/strong><\/p>\n\n\n\n<p>Coronabedingt fielen in den vergangenen 2 Jahren zahlreiche Trainingsstunden in der Halle aus.<\/p>\n\n\n\n<p>Wolfgang Schubert unterhielt uns per Whats App mit Spiel- und R\u00e4tselaufgaben, um wenigsten das Gehirn<\/p>\n\n\n\n<p>fitt zu halten.<\/p>\n\n\n\n<p>Die Gymnastik fand \u201eonline\u201c statt. So konnten auch Trainingswillige aus Hamburg, Pforzheim, Freiburg bzw. Martinique den Kontakt mit den Rastattern halten.<\/p>\n\n\n\n<p>Die beliebten \u201ehocketse\u201c nach dem Training fielen komplett aus.<\/p>\n\n\n\n<p>@ Bild 136&nbsp;&nbsp; Seit der 25 Jahrfeier 1996 hat sich die Zusammensetzung der Abteilungsleitung stark gewandelt.<\/p>\n\n\n\n<p>@ Bild 137&nbsp;&nbsp; Dies ist die momentane F\u00fchrungsriege. Es fehlt unser langj\u00e4hriger Kassenpr\u00fcfer, Dieter Seifert.<\/p>\n\n\n\n<figure class=\"wp-container-48 wp-block-gallery-47 wp-block-gallery has-nested-images columns-default is-cropped\">\n<figure class=\"wp-block-image size-large\"><a href=\"https:\/\/50jahrevolleyball.seosystem.de\/wp-content\/uploads\/2022\/08\/136-Abteilungsleitung-1996.jpg\"><img loading=\"lazy\" width=\"1024\" height=\"699\" data-id=\"1316\"  src=\"https:\/\/50jahrevolleyball.seosystem.de\/wp-content\/uploads\/2022\/08\/136-Abteilungsleitung-1996-1024x699.jpg\" alt=\"\" class=\"wp-image-1316\" srcset=\"https:\/\/50jahrevolleyball.seosystem.de\/wp-content\/uploads\/2022\/08\/136-Abteilungsleitung-1996-1024x699.jpg 1024w, https:\/\/50jahrevolleyball.seosystem.de\/wp-content\/uploads\/2022\/08\/136-Abteilungsleitung-1996-300x205.jpg 300w, https:\/\/50jahrevolleyball.seosystem.de\/wp-content\/uploads\/2022\/08\/136-Abteilungsleitung-1996-768x524.jpg 768w, https:\/\/50jahrevolleyball.seosystem.de\/wp-content\/uploads\/2022\/08\/136-Abteilungsleitung-1996-1536x1048.jpg 1536w, https:\/\/50jahrevolleyball.seosystem.de\/wp-content\/uploads\/2022\/08\/136-Abteilungsleitung-1996-1240x846.jpg 1240w, https:\/\/50jahrevolleyball.seosystem.de\/wp-content\/uploads\/2022\/08\/136-Abteilungsleitung-1996-508x347.jpg 508w, https:\/\/50jahrevolleyball.seosystem.de\/wp-content\/uploads\/2022\/08\/136-Abteilungsleitung-1996.jpg 1600w\" sizes=\"(max-width: 1024px) 100vw, 1024px\" \/><\/a><\/figure>\n\n\n\n<figure class=\"wp-block-image size-large\"><a href=\"https:\/\/50jahrevolleyball.seosystem.de\/wp-content\/uploads\/2022\/08\/137-Abteilungsleitung.jpg\"><img loading=\"lazy\" width=\"1024\" height=\"454\" data-id=\"1317\"  src=\"https:\/\/50jahrevolleyball.seosystem.de\/wp-content\/uploads\/2022\/08\/137-Abteilungsleitung-1024x454.jpg\" alt=\"\" class=\"wp-image-1317\" srcset=\"https:\/\/50jahrevolleyball.seosystem.de\/wp-content\/uploads\/2022\/08\/137-Abteilungsleitung-1024x454.jpg 1024w, https:\/\/50jahrevolleyball.seosystem.de\/wp-content\/uploads\/2022\/08\/137-Abteilungsleitung-300x133.jpg 300w, https:\/\/50jahrevolleyball.seosystem.de\/wp-content\/uploads\/2022\/08\/137-Abteilungsleitung-768x340.jpg 768w, https:\/\/50jahrevolleyball.seosystem.de\/wp-content\/uploads\/2022\/08\/137-Abteilungsleitung-1536x681.jpg 1536w, https:\/\/50jahrevolleyball.seosystem.de\/wp-content\/uploads\/2022\/08\/137-Abteilungsleitung-1240x549.jpg 1240w, https:\/\/50jahrevolleyball.seosystem.de\/wp-content\/uploads\/2022\/08\/137-Abteilungsleitung-508x225.jpg 508w, https:\/\/50jahrevolleyball.seosystem.de\/wp-content\/uploads\/2022\/08\/137-Abteilungsleitung.jpg 1600w\" sizes=\"(max-width: 1024px) 100vw, 1024px\" \/><\/a><\/figure>\n<\/figure>\n\n\n\n<p><\/p>\n\n\n\n<p>Unsere Abteilung hat momentan ca. 120 Mitglieder. Wir hatten coronageschuldet kaum Austritte zu vermelden.<\/p>\n\n\n\n<p>Im Gegenteil:<\/p>\n\n\n\n<p>Die Abteilung erf\u00e4hrt seit einem knappen Jahr einen gro\u00dfartigen Aufschwung.<\/p>\n\n\n\n<p>Manuel Otteni bietet, unterst\u00fctzt durch Jessica Hixt, Uwe K\u00fchner und Sergej Dubs Sch\u00fclerInnentraining an.<\/p>\n\n\n\n<p>Und schlagartig haben wir wieder 30 Kinder und Jugendliche mehr.<\/p>\n\n\n\n<figure class=\"wp-container-50 wp-block-gallery-49 wp-block-gallery has-nested-images columns-default is-cropped\">\n<figure class=\"wp-block-image size-large\"><a href=\"https:\/\/50jahrevolleyball.seosystem.de\/wp-content\/uploads\/2022\/08\/140-Manuel-Otteni.jpg\"><img loading=\"lazy\" width=\"900\" height=\"1024\" data-id=\"1318\"  src=\"https:\/\/50jahrevolleyball.seosystem.de\/wp-content\/uploads\/2022\/08\/140-Manuel-Otteni-900x1024.jpg\" alt=\"\" class=\"wp-image-1318\" srcset=\"https:\/\/50jahrevolleyball.seosystem.de\/wp-content\/uploads\/2022\/08\/140-Manuel-Otteni-900x1024.jpg 900w, https:\/\/50jahrevolleyball.seosystem.de\/wp-content\/uploads\/2022\/08\/140-Manuel-Otteni-264x300.jpg 264w, https:\/\/50jahrevolleyball.seosystem.de\/wp-content\/uploads\/2022\/08\/140-Manuel-Otteni-768x874.jpg 768w, https:\/\/50jahrevolleyball.seosystem.de\/wp-content\/uploads\/2022\/08\/140-Manuel-Otteni-1350x1536.jpg 1350w, https:\/\/50jahrevolleyball.seosystem.de\/wp-content\/uploads\/2022\/08\/140-Manuel-Otteni-1240x1411.jpg 1240w, https:\/\/50jahrevolleyball.seosystem.de\/wp-content\/uploads\/2022\/08\/140-Manuel-Otteni-508x578.jpg 508w, https:\/\/50jahrevolleyball.seosystem.de\/wp-content\/uploads\/2022\/08\/140-Manuel-Otteni.jpg 1600w\" sizes=\"(max-width: 900px) 100vw, 900px\" \/><\/a><figcaption>Manuel Otteni<\/figcaption><\/figure>\n\n\n\n<figure class=\"wp-block-image size-large\"><a href=\"https:\/\/50jahrevolleyball.seosystem.de\/wp-content\/uploads\/2022\/08\/141.jpg\"><img loading=\"lazy\" width=\"769\" height=\"1024\" data-id=\"1319\"  src=\"https:\/\/50jahrevolleyball.seosystem.de\/wp-content\/uploads\/2022\/08\/141-769x1024.jpg\" alt=\"\" class=\"wp-image-1319\" srcset=\"https:\/\/50jahrevolleyball.seosystem.de\/wp-content\/uploads\/2022\/08\/141-769x1024.jpg 769w, https:\/\/50jahrevolleyball.seosystem.de\/wp-content\/uploads\/2022\/08\/141-225x300.jpg 225w, https:\/\/50jahrevolleyball.seosystem.de\/wp-content\/uploads\/2022\/08\/141-768x1023.jpg 768w, https:\/\/50jahrevolleyball.seosystem.de\/wp-content\/uploads\/2022\/08\/141-1153x1536.jpg 1153w, https:\/\/50jahrevolleyball.seosystem.de\/wp-content\/uploads\/2022\/08\/141-1538x2048.jpg 1538w, https:\/\/50jahrevolleyball.seosystem.de\/wp-content\/uploads\/2022\/08\/141-1240x1652.jpg 1240w, https:\/\/50jahrevolleyball.seosystem.de\/wp-content\/uploads\/2022\/08\/141-508x677.jpg 508w, https:\/\/50jahrevolleyball.seosystem.de\/wp-content\/uploads\/2022\/08\/141.jpg 1600w\" sizes=\"(max-width: 769px) 100vw, 769px\" \/><\/a><figcaption>Sergej Dubs<\/figcaption><\/figure>\n<\/figure>\n\n\n\n<p>Sergej Dubs trainiert auch eine Nachwuchsgruppe sowie die neu formierte M\u00e4nnermannschaft, die in der Saison 2022\/23 an der NVV Spielrunde teilnehmen wird.<\/p>\n\n\n\n<p>Die Mixedmannschaft tritt wieder in der Verbandsrunde an,  Trainer ist Uwe K\u00fchner, um die Organisation k\u00fcmmert sich Martin Gr\u00e4finger.<\/p>\n\n\n\n<p>Volleyball in Rastatt lebt!<\/p>\n\n\n\n<figure class=\"wp-container-52 wp-block-gallery-51 wp-block-gallery has-nested-images columns-default is-cropped\">\n<figure class=\"wp-block-image size-large\"><a href=\"https:\/\/50jahrevolleyball.seosystem.de\/wp-content\/uploads\/2022\/08\/142-1-SchuelerInnen.jpg\"><img loading=\"lazy\" width=\"1024\" height=\"768\" data-id=\"1320\"  src=\"https:\/\/50jahrevolleyball.seosystem.de\/wp-content\/uploads\/2022\/08\/142-1-SchuelerInnen-1024x768.jpg\" alt=\"\" class=\"wp-image-1320\" srcset=\"https:\/\/50jahrevolleyball.seosystem.de\/wp-content\/uploads\/2022\/08\/142-1-SchuelerInnen-1024x768.jpg 1024w, https:\/\/50jahrevolleyball.seosystem.de\/wp-content\/uploads\/2022\/08\/142-1-SchuelerInnen-300x225.jpg 300w, https:\/\/50jahrevolleyball.seosystem.de\/wp-content\/uploads\/2022\/08\/142-1-SchuelerInnen-768x576.jpg 768w, https:\/\/50jahrevolleyball.seosystem.de\/wp-content\/uploads\/2022\/08\/142-1-SchuelerInnen-1536x1152.jpg 1536w, https:\/\/50jahrevolleyball.seosystem.de\/wp-content\/uploads\/2022\/08\/142-1-SchuelerInnen-1240x930.jpg 1240w, https:\/\/50jahrevolleyball.seosystem.de\/wp-content\/uploads\/2022\/08\/142-1-SchuelerInnen-508x381.jpg 508w, https:\/\/50jahrevolleyball.seosystem.de\/wp-content\/uploads\/2022\/08\/142-1-SchuelerInnen.jpg 1600w\" sizes=\"(max-width: 1024px) 100vw, 1024px\" \/><\/a><\/figure>\n\n\n\n<figure class=\"wp-block-image size-large\"><a href=\"https:\/\/50jahrevolleyball.seosystem.de\/wp-content\/uploads\/2022\/08\/142-SchuelerInnen-2021.jpg\"><img loading=\"lazy\" width=\"1024\" height=\"768\" data-id=\"1321\"  src=\"https:\/\/50jahrevolleyball.seosystem.de\/wp-content\/uploads\/2022\/08\/142-SchuelerInnen-2021-1024x768.jpg\" alt=\"\" class=\"wp-image-1321\" srcset=\"https:\/\/50jahrevolleyball.seosystem.de\/wp-content\/uploads\/2022\/08\/142-SchuelerInnen-2021-1024x768.jpg 1024w, https:\/\/50jahrevolleyball.seosystem.de\/wp-content\/uploads\/2022\/08\/142-SchuelerInnen-2021-300x225.jpg 300w, https:\/\/50jahrevolleyball.seosystem.de\/wp-content\/uploads\/2022\/08\/142-SchuelerInnen-2021-768x576.jpg 768w, https:\/\/50jahrevolleyball.seosystem.de\/wp-content\/uploads\/2022\/08\/142-SchuelerInnen-2021-1536x1152.jpg 1536w, https:\/\/50jahrevolleyball.seosystem.de\/wp-content\/uploads\/2022\/08\/142-SchuelerInnen-2021-1240x930.jpg 1240w, https:\/\/50jahrevolleyball.seosystem.de\/wp-content\/uploads\/2022\/08\/142-SchuelerInnen-2021-508x381.jpg 508w, https:\/\/50jahrevolleyball.seosystem.de\/wp-content\/uploads\/2022\/08\/142-SchuelerInnen-2021.jpg 1600w\" sizes=\"(max-width: 1024px) 100vw, 1024px\" \/><\/a><\/figure>\n\n\n\n<figure class=\"wp-block-image size-large\"><a href=\"https:\/\/50jahrevolleyball.seosystem.de\/wp-content\/uploads\/2022\/08\/143-Mixed-heute.jpg\"><img loading=\"lazy\" width=\"874\" height=\"1024\" data-id=\"1322\"  src=\"https:\/\/50jahrevolleyball.seosystem.de\/wp-content\/uploads\/2022\/08\/143-Mixed-heute-874x1024.jpg\" alt=\"\" class=\"wp-image-1322\" srcset=\"https:\/\/50jahrevolleyball.seosystem.de\/wp-content\/uploads\/2022\/08\/143-Mixed-heute-874x1024.jpg 874w, https:\/\/50jahrevolleyball.seosystem.de\/wp-content\/uploads\/2022\/08\/143-Mixed-heute-256x300.jpg 256w, https:\/\/50jahrevolleyball.seosystem.de\/wp-content\/uploads\/2022\/08\/143-Mixed-heute-768x900.jpg 768w, https:\/\/50jahrevolleyball.seosystem.de\/wp-content\/uploads\/2022\/08\/143-Mixed-heute-1311x1536.jpg 1311w, https:\/\/50jahrevolleyball.seosystem.de\/wp-content\/uploads\/2022\/08\/143-Mixed-heute-1240x1452.jpg 1240w, https:\/\/50jahrevolleyball.seosystem.de\/wp-content\/uploads\/2022\/08\/143-Mixed-heute-508x595.jpg 508w, https:\/\/50jahrevolleyball.seosystem.de\/wp-content\/uploads\/2022\/08\/143-Mixed-heute.jpg 1600w\" sizes=\"(max-width: 874px) 100vw, 874px\" \/><\/a><\/figure>\n\n\n\n<figure class=\"wp-block-image size-large\"><a href=\"https:\/\/50jahrevolleyball.seosystem.de\/wp-content\/uploads\/2022\/08\/144-Mixed-heute.jpg\"><img loading=\"lazy\" width=\"1024\" height=\"461\" data-id=\"1323\"  src=\"https:\/\/50jahrevolleyball.seosystem.de\/wp-content\/uploads\/2022\/08\/144-Mixed-heute-1024x461.jpg\" alt=\"\" class=\"wp-image-1323\" srcset=\"https:\/\/50jahrevolleyball.seosystem.de\/wp-content\/uploads\/2022\/08\/144-Mixed-heute-1024x461.jpg 1024w, https:\/\/50jahrevolleyball.seosystem.de\/wp-content\/uploads\/2022\/08\/144-Mixed-heute-300x135.jpg 300w, https:\/\/50jahrevolleyball.seosystem.de\/wp-content\/uploads\/2022\/08\/144-Mixed-heute-768x346.jpg 768w, https:\/\/50jahrevolleyball.seosystem.de\/wp-content\/uploads\/2022\/08\/144-Mixed-heute-1536x692.jpg 1536w, https:\/\/50jahrevolleyball.seosystem.de\/wp-content\/uploads\/2022\/08\/144-Mixed-heute-1240x559.jpg 1240w, https:\/\/50jahrevolleyball.seosystem.de\/wp-content\/uploads\/2022\/08\/144-Mixed-heute-508x229.jpg 508w, https:\/\/50jahrevolleyball.seosystem.de\/wp-content\/uploads\/2022\/08\/144-Mixed-heute.jpg 1600w\" sizes=\"(max-width: 1024px) 100vw, 1024px\" \/><\/a><\/figure>\n<\/figure>\n\n\n\n<p><\/p>\n\n\n\n<p><\/p>\n\n\n\n<p>Mein Dank gilt unseren Helfern, Trainern, der Abteilungsleitung, der RTV GS sowie allen, welche die Rastatter Volleyballabteilung unterst\u00fctzen oder unterst\u00fctzt haben.<\/p>\n\n\n\n<p>Ich bin stolz auf das, was unsere Volleyball Abteilung geleistet hat. Viele unserer ehemaligen VolleyballerInnen spielen oder spielten in hochklassigen Vereinen.<\/p>\n\n\n\n<p>Viele waren \u00e4u\u00dferst erfolgreich bei nationalen und internationalen Meisterschaften, auch im Senioren-Mixed- oder Beachbereich.<\/p>\n\n\n\n<p>Und f\u00fcr zahlreiche Menschen haben wir in Rastatt die Grundlage geschaffen, Spa\u00df am Volleyball zu haben.<\/p>\n\n\n\n<p>Besonders aber freut es mich, wenn Ehemalige erz\u00e4hlen, dass sie sich gerne an die Rastatter Volleyballfamilie erinnern.<\/p>\n\n\n\n<p><\/p>\n\n\n\n<p>Besonders danken m\u00f6chte ich meiner Frau Christel.<\/p>\n\n\n\n<p>Mehr als 50 Jahre toleriert und unterst\u00fctzt sie meinen Volleyballspleen.<\/p>\n\n\n\n<p>Es gab Zeiten, in denen ich mehr f\u00fcr Volleyball unterwegs war als mit ihr.<\/p>\n\n\n\n<p>Danke daf\u00fcr, dass du das alles mitgemacht hast. Die Altersweisheit lehrt mich, nun k\u00fcrzer zu treten. Ich werde mich bem\u00fchen, weise zu werden. Menschen, die mein Lebenswerk weiterf\u00fchren k\u00f6nnen und wollen, gibt es einige.<\/p>\n\n\n\n<p>Volleyball in Rastatt wird weiterleben!<\/p>\n\n\n\n<p>Danke<\/p>\n\n\n\n<figure class=\"wp-container-54 wp-block-gallery-53 wp-block-gallery has-nested-images columns-default is-cropped\">\n<figure class=\"wp-block-image size-large\"><a href=\"https:\/\/50jahrevolleyball.seosystem.de\/wp-content\/uploads\/2022\/08\/151-1-Ich.jpg\"><img loading=\"lazy\" width=\"1024\" height=\"767\" data-id=\"1325\"  src=\"https:\/\/50jahrevolleyball.seosystem.de\/wp-content\/uploads\/2022\/08\/151-1-Ich-1024x767.jpg\" alt=\"\" class=\"wp-image-1325\" srcset=\"https:\/\/50jahrevolleyball.seosystem.de\/wp-content\/uploads\/2022\/08\/151-1-Ich-1024x767.jpg 1024w, https:\/\/50jahrevolleyball.seosystem.de\/wp-content\/uploads\/2022\/08\/151-1-Ich-300x225.jpg 300w, https:\/\/50jahrevolleyball.seosystem.de\/wp-content\/uploads\/2022\/08\/151-1-Ich-768x575.jpg 768w, https:\/\/50jahrevolleyball.seosystem.de\/wp-content\/uploads\/2022\/08\/151-1-Ich-1536x1150.jpg 1536w, https:\/\/50jahrevolleyball.seosystem.de\/wp-content\/uploads\/2022\/08\/151-1-Ich-1240x928.jpg 1240w, https:\/\/50jahrevolleyball.seosystem.de\/wp-content\/uploads\/2022\/08\/151-1-Ich-508x380.jpg 508w, https:\/\/50jahrevolleyball.seosystem.de\/wp-content\/uploads\/2022\/08\/151-1-Ich.jpg 1600w\" sizes=\"(max-width: 1024px) 100vw, 1024px\" \/><\/a><\/figure>\n\n\n\n<figure class=\"wp-block-image size-large\"><a href=\"https:\/\/50jahrevolleyball.seosystem.de\/wp-content\/uploads\/2022\/08\/151-Christel.jpg\"><img loading=\"lazy\" width=\"1024\" height=\"952\" data-id=\"1326\"  src=\"https:\/\/50jahrevolleyball.seosystem.de\/wp-content\/uploads\/2022\/08\/151-Christel-1024x952.jpg\" alt=\"\" class=\"wp-image-1326\" srcset=\"https:\/\/50jahrevolleyball.seosystem.de\/wp-content\/uploads\/2022\/08\/151-Christel-1024x952.jpg 1024w, https:\/\/50jahrevolleyball.seosystem.de\/wp-content\/uploads\/2022\/08\/151-Christel-300x279.jpg 300w, https:\/\/50jahrevolleyball.seosystem.de\/wp-content\/uploads\/2022\/08\/151-Christel-768x714.jpg 768w, https:\/\/50jahrevolleyball.seosystem.de\/wp-content\/uploads\/2022\/08\/151-Christel-1536x1428.jpg 1536w, https:\/\/50jahrevolleyball.seosystem.de\/wp-content\/uploads\/2022\/08\/151-Christel-1240x1152.jpg 1240w, https:\/\/50jahrevolleyball.seosystem.de\/wp-content\/uploads\/2022\/08\/151-Christel-508x472.jpg 508w, https:\/\/50jahrevolleyball.seosystem.de\/wp-content\/uploads\/2022\/08\/151-Christel.jpg 1600w\" sizes=\"(max-width: 1024px) 100vw, 1024px\" \/><\/a><\/figure>\n<\/figure>\n","protected":false},"excerpt":{"rendered":"<p>Preisfrage ohne Preis: Wann wurde in Rastatt nachweislich zum ersten Mal Volleyball gespielt? Aufl\u00f6sung: Liebe VolleyballerInnen und baller! Herzlich Willkommen zur 50+1 &nbsp;Jahr Feier.Der Volleyballabteilung wurde immer wieder ihr Ende vorausgesagt.Nun, Totgesagte leben offensichtlich l\u00e4nger. Lasst uns gemeinsam auf die letzten 50 Jahre zur\u00fcckblicken. Als Manfred Kersten, Lothar Heinrich (verst) und ich anfingen, Vb in [&hellip;]<\/p>\n","protected":false},"author":1,"featured_media":0,"parent":0,"menu_order":0,"comment_status":"closed","ping_status":"closed","template":"","meta":[],"yoast_head":"<!-- This site is optimized with the Yoast SEO plugin v19.7.1 - https:\/\/yoast.com\/wordpress\/plugins\/seo\/ -->\n<title>Die Rede - 50 Jahre Volleyball-Abteilung im RTV<\/title>\n<meta name=\"robots\" content=\"index, follow, max-snippet:-1, max-image-preview:large, max-video-preview:-1\" \/>\n<link rel=\"canonical\" href=\"https:\/\/50jahrevolleyball.seosystem.de\/index.php\/chronik\/\" \/>\n<meta property=\"og:locale\" content=\"de_DE\" \/>\n<meta property=\"og:type\" content=\"article\" \/>\n<meta property=\"og:title\" content=\"Die Rede - 50 Jahre Volleyball-Abteilung im RTV\" \/>\n<meta property=\"og:description\" content=\"Preisfrage ohne Preis: Wann wurde in Rastatt nachweislich zum ersten Mal Volleyball gespielt? Aufl\u00f6sung: Liebe VolleyballerInnen und baller! Herzlich Willkommen zur 50+1 &nbsp;Jahr Feier.Der Volleyballabteilung wurde immer wieder ihr Ende vorausgesagt.Nun, Totgesagte leben offensichtlich l\u00e4nger. Lasst uns gemeinsam auf die letzten 50 Jahre zur\u00fcckblicken. Als Manfred Kersten, Lothar Heinrich (verst) und ich anfingen, Vb in [&hellip;]\" \/>\n<meta property=\"og:url\" content=\"https:\/\/50jahrevolleyball.seosystem.de\/index.php\/chronik\/\" \/>\n<meta property=\"og:site_name\" content=\"50 Jahre Volleyball-Abteilung im RTV\" \/>\n<meta property=\"article:modified_time\" content=\"2022-08-03T07:32:17+00:00\" \/>\n<meta property=\"og:image\" content=\"https:\/\/50jahrevolleyball.seosystem.de\/wp-content\/uploads\/2022\/08\/0-150-Vb-in-Rastatt-1918-1024x826.jpg\" \/>\n<meta name=\"twitter:card\" content=\"summary_large_image\" \/>\n<meta name=\"twitter:label1\" content=\"Gesch\u00e4tzte Lesezeit\" \/>\n\t<meta name=\"twitter:data1\" content=\"38\u00a0Minuten\" \/>\n<script type=\"application\/ld+json\" class=\"yoast-schema-graph\">{\"@context\":\"https:\/\/schema.org\",\"@graph\":[{\"@type\":\"WebPage\",\"@id\":\"https:\/\/50jahrevolleyball.seosystem.de\/index.php\/chronik\/\",\"url\":\"https:\/\/50jahrevolleyball.seosystem.de\/index.php\/chronik\/\",\"name\":\"Die Rede - 50 Jahre Volleyball-Abteilung im RTV\",\"isPartOf\":{\"@id\":\"https:\/\/50jahrevolleyball.seosystem.de\/#website\"},\"datePublished\":\"2022-08-01T19:34:24+00:00\",\"dateModified\":\"2022-08-03T07:32:17+00:00\",\"breadcrumb\":{\"@id\":\"https:\/\/50jahrevolleyball.seosystem.de\/index.php\/chronik\/#breadcrumb\"},\"inLanguage\":\"de\",\"potentialAction\":[{\"@type\":\"ReadAction\",\"target\":[\"https:\/\/50jahrevolleyball.seosystem.de\/index.php\/chronik\/\"]}]},{\"@type\":\"BreadcrumbList\",\"@id\":\"https:\/\/50jahrevolleyball.seosystem.de\/index.php\/chronik\/#breadcrumb\",\"itemListElement\":[{\"@type\":\"ListItem\",\"position\":1,\"name\":\"Home\",\"item\":\"https:\/\/50jahrevolleyball.seosystem.de\/\"},{\"@type\":\"ListItem\",\"position\":2,\"name\":\"Die Rede\"}]},{\"@type\":\"WebSite\",\"@id\":\"https:\/\/50jahrevolleyball.seosystem.de\/#website\",\"url\":\"https:\/\/50jahrevolleyball.seosystem.de\/\",\"name\":\"50 Jahre Volleyball-Abteilung im RTV\",\"description\":\"50 Jahre Rolf D\u00f6hrer\",\"potentialAction\":[{\"@type\":\"SearchAction\",\"target\":{\"@type\":\"EntryPoint\",\"urlTemplate\":\"https:\/\/50jahrevolleyball.seosystem.de\/?s={search_term_string}\"},\"query-input\":\"required name=search_term_string\"}],\"inLanguage\":\"de\"}]}<\/script>\n<!-- \/ Yoast SEO plugin. -->","yoast_head_json":{"title":"Die Rede - 50 Jahre Volleyball-Abteilung im RTV","robots":{"index":"index","follow":"follow","max-snippet":"max-snippet:-1","max-image-preview":"max-image-preview:large","max-video-preview":"max-video-preview:-1"},"canonical":"https:\/\/50jahrevolleyball.seosystem.de\/index.php\/chronik\/","og_locale":"de_DE","og_type":"article","og_title":"Die Rede - 50 Jahre Volleyball-Abteilung im RTV","og_description":"Preisfrage ohne Preis: Wann wurde in Rastatt nachweislich zum ersten Mal Volleyball gespielt? Aufl\u00f6sung: Liebe VolleyballerInnen und baller! Herzlich Willkommen zur 50+1 &nbsp;Jahr Feier.Der Volleyballabteilung wurde immer wieder ihr Ende vorausgesagt.Nun, Totgesagte leben offensichtlich l\u00e4nger. Lasst uns gemeinsam auf die letzten 50 Jahre zur\u00fcckblicken. Als Manfred Kersten, Lothar Heinrich (verst) und ich anfingen, Vb in [&hellip;]","og_url":"https:\/\/50jahrevolleyball.seosystem.de\/index.php\/chronik\/","og_site_name":"50 Jahre Volleyball-Abteilung im RTV","article_modified_time":"2022-08-03T07:32:17+00:00","og_image":[{"url":"https:\/\/50jahrevolleyball.seosystem.de\/wp-content\/uploads\/2022\/08\/0-150-Vb-in-Rastatt-1918-1024x826.jpg"}],"twitter_card":"summary_large_image","twitter_misc":{"Gesch\u00e4tzte Lesezeit":"38\u00a0Minuten"},"schema":{"@context":"https:\/\/schema.org","@graph":[{"@type":"WebPage","@id":"https:\/\/50jahrevolleyball.seosystem.de\/index.php\/chronik\/","url":"https:\/\/50jahrevolleyball.seosystem.de\/index.php\/chronik\/","name":"Die Rede - 50 Jahre Volleyball-Abteilung im RTV","isPartOf":{"@id":"https:\/\/50jahrevolleyball.seosystem.de\/#website"},"datePublished":"2022-08-01T19:34:24+00:00","dateModified":"2022-08-03T07:32:17+00:00","breadcrumb":{"@id":"https:\/\/50jahrevolleyball.seosystem.de\/index.php\/chronik\/#breadcrumb"},"inLanguage":"de","potentialAction":[{"@type":"ReadAction","target":["https:\/\/50jahrevolleyball.seosystem.de\/index.php\/chronik\/"]}]},{"@type":"BreadcrumbList","@id":"https:\/\/50jahrevolleyball.seosystem.de\/index.php\/chronik\/#breadcrumb","itemListElement":[{"@type":"ListItem","position":1,"name":"Home","item":"https:\/\/50jahrevolleyball.seosystem.de\/"},{"@type":"ListItem","position":2,"name":"Die Rede"}]},{"@type":"WebSite","@id":"https:\/\/50jahrevolleyball.seosystem.de\/#website","url":"https:\/\/50jahrevolleyball.seosystem.de\/","name":"50 Jahre Volleyball-Abteilung im RTV","description":"50 Jahre Rolf D\u00f6hrer","potentialAction":[{"@type":"SearchAction","target":{"@type":"EntryPoint","urlTemplate":"https:\/\/50jahrevolleyball.seosystem.de\/?s={search_term_string}"},"query-input":"required name=search_term_string"}],"inLanguage":"de"}]}},"_links":{"self":[{"href":"https:\/\/50jahrevolleyball.seosystem.de\/index.php\/wp-json\/wp\/v2\/pages\/57"}],"collection":[{"href":"https:\/\/50jahrevolleyball.seosystem.de\/index.php\/wp-json\/wp\/v2\/pages"}],"about":[{"href":"https:\/\/50jahrevolleyball.seosystem.de\/index.php\/wp-json\/wp\/v2\/types\/page"}],"author":[{"embeddable":true,"href":"https:\/\/50jahrevolleyball.seosystem.de\/index.php\/wp-json\/wp\/v2\/users\/1"}],"replies":[{"embeddable":true,"href":"https:\/\/50jahrevolleyball.seosystem.de\/index.php\/wp-json\/wp\/v2\/comments?post=57"}],"version-history":[{"count":23,"href":"https:\/\/50jahrevolleyball.seosystem.de\/index.php\/wp-json\/wp\/v2\/pages\/57\/revisions"}],"predecessor-version":[{"id":1368,"href":"https:\/\/50jahrevolleyball.seosystem.de\/index.php\/wp-json\/wp\/v2\/pages\/57\/revisions\/1368"}],"wp:attachment":[{"href":"https:\/\/50jahrevolleyball.seosystem.de\/index.php\/wp-json\/wp\/v2\/media?parent=57"}],"curies":[{"name":"wp","href":"https:\/\/api.w.org\/{rel}","templated":true}]}}